{"id":1270,"date":"2025-03-11T21:26:37","date_gmt":"2025-03-11T21:26:37","guid":{"rendered":"https:\/\/querendaro.gob.mx\/?page_id=1270"},"modified":"2026-02-27T20:23:37","modified_gmt":"2026-02-27T20:23:37","slug":"noticias","status":"publish","type":"page","link":"https:\/\/querendaro.gob.mx\/index.php\/noticias\/","title":{"rendered":"Noticias"},"content":{"rendered":"<p><div class=\"fusion-fullwidth fullwidth-box fusion-builder-row-1 fusion-flex-container has-pattern-background has-mask-background nonhundred-percent-fullwidth non-hundred-percent-height-scrolling\" style=\"--awb-border-radius-top-left:0px;--awb-border-radius-top-right:0px;--awb-border-radius-bottom-right:0px;--awb-border-radius-bottom-left:0px;--awb-flex-wrap:wrap;\" ><div class=\"fusion-builder-row fusion-row fusion-flex-align-items-flex-start fusion-flex-content-wrap\" style=\"max-width:1248px;margin-left: calc(-4% \/ 2 );margin-right: calc(-4% \/ 2 );\"><div class=\"fusion-layout-column fusion_builder_column fusion-builder-column-0 fusion_builder_column_3_5 3_5 fusion-flex-column\" style=\"--awb-bg-size:cover;--awb-width-large:60%;--awb-margin-top-large:0px;--awb-spacing-right-large:3.2%;--awb-margin-bottom-large:20px;--awb-spacing-left-large:3.2%;--awb-width-medium:60%;--awb-order-medium:0;--awb-spacing-right-medium:3.2%;--awb-spacing-left-medium:3.2%;--awb-width-small:100%;--awb-order-small:0;--awb-spacing-right-small:1.92%;--awb-spacing-left-small:1.92%;\"><div class=\"fusion-column-wrapper fusion-column-has-shadow fusion-flex-justify-content-flex-start fusion-content-layout-column\"><div class=\"fusion-text fusion-text-1\" style=\"--awb-content-alignment:justify;\"><p>Con platillos desde $25 pesos, Diana Caballero impulsa alimentaci\u00f3n digna en Quer\u00e9ndaro<\/p>\n<p>En cumplimiento a uno de los compromisos asumidos con la ciudadan\u00eda, la presidenta municipal de Quer\u00e9ndaro, Diana Caballero Romero, encabez\u00f3 la apertura del Comedor Comunitario en las instalaciones del Sistema DIF Municipal, un espacio creado para brindar apoyo directo a los sectores m\u00e1s vulnerables del municipio.<\/p>\n<p>Este nuevo comedor, que inici\u00f3 operaciones el pasado 16 de febrero, tiene como objetivo garantizar el acceso a alimentos nutritivos, de calidad y a precios sumamente accesibles, beneficiando aproximadamente a 1,500 personas.<\/p>\n<p>El servicio se ofrece de lunes a viernes en un horario de 9:00 de la ma\u00f1ana a 3:00 de la tarde, en las instalaciones del DIF Municipal. Los platillos son elaborados bajo lineamientos nutricionales y avalados por el nutri\u00f3logo del DIF, asegurando una alimentaci\u00f3n balanceada que contribuya al bienestar de las familias querendarenses.<\/p>\n<p>El proyecto es resultado del trabajo coordinado entre el Sistema DIF Municipal, encabezado por su presidenta honor\u00edfica, Diana Romero Cambr\u00f3n, y la Direcci\u00f3n de Obras P\u00fablicas y Urbanismo, quienes realizaron las adecuaciones necesarias para habilitar un espacio digno y funcional.<\/p>\n<p>La administraci\u00f3n municipal reafirma as\u00ed su compromiso de impulsar acciones concretas que fortalezcan el tejido social y atiendan de manera sensible las necesidades de quienes m\u00e1s lo requieren, consolidando pol\u00edticas p\u00fablicas con rostro humano y sentido social.<\/p>\n<p>Con la apertura del Comedor Comunitario, el Gobierno de Quer\u00e9ndaro da un paso firme hacia una mayor inclusi\u00f3n y bienestar para todas y todos.<\/p>\n<\/div><\/div><\/div><div class=\"fusion-layout-column fusion_builder_column fusion-builder-column-1 fusion_builder_column_2_5 2_5 fusion-flex-column\" style=\"--awb-bg-size:cover;--awb-width-large:40%;--awb-margin-top-large:0px;--awb-spacing-right-large:4.8%;--awb-margin-bottom-large:20px;--awb-spacing-left-large:4.8%;--awb-width-medium:40%;--awb-order-medium:0;--awb-spacing-right-medium:4.8%;--awb-spacing-left-medium:4.8%;--awb-width-small:100%;--awb-order-small:0;--awb-spacing-right-small:1.92%;--awb-spacing-left-small:1.92%;\"><div class=\"fusion-column-wrapper fusion-column-has-shadow fusion-flex-justify-content-flex-start fusion-content-layout-column\"><div class=\"fusion-separator fusion-full-width-sep\" style=\"align-self: center;margin-left: auto;margin-right: auto;margin-top:75px;width:100%;\"><\/div><div class=\"fusion-slider-sc\"><div class=\"fusion-flexslider-loading flexslider fusion-aligncenter flexslider-hover-type-zoomout\" data-slideshow_autoplay=\"1\" data-slideshow_smooth_height=\"1\" data-slideshow_speed=\"7000\" style=\"max-width:100%;height:100%;\"><ul class=\"slides\"><li class=\"image\"><span class=\"lazyload fusion-image-hover-element hover-type-zoomout\"><img decoding=\"async\" src=\"http:\/\/querendaro.gob.mx\/wp-content\/uploads\/2026\/02\/WhatsApp-Image-2026-02-26-at-12.19.23-1.jpeg\" data-orig-src=\"http:\/\/querendaro.gob.mx\/wp-content\/uploads\/2026\/02\/WhatsApp-Image-2026-02-26-at-12.19.23-1.jpeg\" width=\"1600\" height=\"1068\" class=\"lazyload wp-image-1413\" srcset=\"data:image\/svg+xml,%3Csvg%20xmlns%3D%27http%3A%2F%2Fwww.w3.org%2F2000%2Fsvg%27%20width%3D%271600%27%20height%3D%271068%27%20viewBox%3D%270%200%201600%201068%27%3E%3Crect%20width%3D%271600%27%20height%3D%271068%27%20fill-opacity%3D%220%22%2F%3E%3C%2Fsvg%3E\" data-srcset=\"https:\/\/querendaro.gob.mx\/wp-content\/uploads\/2026\/02\/WhatsApp-Image-2026-02-26-at-12.19.23-1-200x134.jpeg 200w, https:\/\/querendaro.gob.mx\/wp-content\/uploads\/2026\/02\/WhatsApp-Image-2026-02-26-at-12.19.23-1-400x267.jpeg 400w, https:\/\/querendaro.gob.mx\/wp-content\/uploads\/2026\/02\/WhatsApp-Image-2026-02-26-at-12.19.23-1-600x401.jpeg 600w, https:\/\/querendaro.gob.mx\/wp-content\/uploads\/2026\/02\/WhatsApp-Image-2026-02-26-at-12.19.23-1-800x534.jpeg 800w, https:\/\/querendaro.gob.mx\/wp-content\/uploads\/2026\/02\/WhatsApp-Image-2026-02-26-at-12.19.23-1-1200x801.jpeg 1200w, https:\/\/querendaro.gob.mx\/wp-content\/uploads\/2026\/02\/WhatsApp-Image-2026-02-26-at-12.19.23-1.jpeg 1600w\" data-sizes=\"auto\" data-orig-sizes=\"(max-width: 900px) 100vw, 600px\" \/><\/span><\/li><li class=\"image\"><span class=\"lazyload fusion-image-hover-element hover-type-zoomout\"><img decoding=\"async\" src=\"http:\/\/querendaro.gob.mx\/wp-content\/uploads\/2026\/02\/WhatsApp-Image-2026-02-26-at-12.19.23.jpeg\" data-orig-src=\"http:\/\/querendaro.gob.mx\/wp-content\/uploads\/2026\/02\/WhatsApp-Image-2026-02-26-at-12.19.23.jpeg\" width=\"1600\" height=\"1068\" class=\"lazyload wp-image-1414\" srcset=\"data:image\/svg+xml,%3Csvg%20xmlns%3D%27http%3A%2F%2Fwww.w3.org%2F2000%2Fsvg%27%20width%3D%271600%27%20height%3D%271068%27%20viewBox%3D%270%200%201600%201068%27%3E%3Crect%20width%3D%271600%27%20height%3D%271068%27%20fill-opacity%3D%220%22%2F%3E%3C%2Fsvg%3E\" data-srcset=\"https:\/\/querendaro.gob.mx\/wp-content\/uploads\/2026\/02\/WhatsApp-Image-2026-02-26-at-12.19.23-200x134.jpeg 200w, https:\/\/querendaro.gob.mx\/wp-content\/uploads\/2026\/02\/WhatsApp-Image-2026-02-26-at-12.19.23-400x267.jpeg 400w, https:\/\/querendaro.gob.mx\/wp-content\/uploads\/2026\/02\/WhatsApp-Image-2026-02-26-at-12.19.23-600x401.jpeg 600w, https:\/\/querendaro.gob.mx\/wp-content\/uploads\/2026\/02\/WhatsApp-Image-2026-02-26-at-12.19.23-800x534.jpeg 800w, https:\/\/querendaro.gob.mx\/wp-content\/uploads\/2026\/02\/WhatsApp-Image-2026-02-26-at-12.19.23-1200x801.jpeg 1200w, https:\/\/querendaro.gob.mx\/wp-content\/uploads\/2026\/02\/WhatsApp-Image-2026-02-26-at-12.19.23.jpeg 1600w\" data-sizes=\"auto\" data-orig-sizes=\"(max-width: 900px) 100vw, 600px\" \/><\/span><\/li><\/ul><\/div><\/div><\/div><\/div><div class=\"fusion-layout-column fusion_builder_column fusion-builder-column-2 fusion_builder_column_1_1 1_1 fusion-flex-column\" style=\"--awb-bg-size:cover;--awb-width-large:100%;--awb-margin-top-large:0px;--awb-spacing-right-large:1.92%;--awb-margin-bottom-large:20px;--awb-spacing-left-large:1.92%;--awb-width-medium:100%;--awb-order-medium:0;--awb-spacing-right-medium:1.92%;--awb-spacing-left-medium:1.92%;--awb-width-small:100%;--awb-order-small:0;--awb-spacing-right-small:1.92%;--awb-spacing-left-small:1.92%;\"><div class=\"fusion-column-wrapper fusion-column-has-shadow fusion-flex-justify-content-flex-start fusion-content-layout-column\"><div class=\"fusion-separator fusion-full-width-sep\" style=\"align-self: center;margin-left: auto;margin-right: auto;width:100%;\"><div class=\"fusion-separator-border sep-double\" style=\"--awb-height:20px;--awb-amount:20px;--awb-sep-color:#8c3c6d;border-color:#8c3c6d;border-top-width:1px;border-bottom-width:1px;\"><\/div><\/div><\/div><\/div><\/div><\/div><div class=\"fusion-fullwidth fullwidth-box fusion-builder-row-2 fusion-flex-container has-pattern-background has-mask-background nonhundred-percent-fullwidth non-hundred-percent-height-scrolling\" style=\"--awb-border-radius-top-left:0px;--awb-border-radius-top-right:0px;--awb-border-radius-bottom-right:0px;--awb-border-radius-bottom-left:0px;--awb-flex-wrap:wrap;\" ><div class=\"fusion-builder-row fusion-row fusion-flex-align-items-flex-start fusion-flex-content-wrap\" style=\"max-width:1248px;margin-left: calc(-4% \/ 2 );margin-right: calc(-4% \/ 2 );\"><div class=\"fusion-layout-column fusion_builder_column fusion-builder-column-3 fusion_builder_column_3_5 3_5 fusion-flex-column\" style=\"--awb-bg-size:cover;--awb-width-large:60%;--awb-margin-top-large:0px;--awb-spacing-right-large:3.2%;--awb-margin-bottom-large:20px;--awb-spacing-left-large:3.2%;--awb-width-medium:60%;--awb-order-medium:0;--awb-spacing-right-medium:3.2%;--awb-spacing-left-medium:3.2%;--awb-width-small:100%;--awb-order-small:0;--awb-spacing-right-small:1.92%;--awb-spacing-left-small:1.92%;\"><div class=\"fusion-column-wrapper fusion-column-has-shadow fusion-flex-justify-content-flex-start fusion-content-layout-column\"><div class=\"fusion-text fusion-text-2\" style=\"--awb-content-alignment:justify;\"><p>Con presupuesto 100% municipal, Quer\u00e9ndaro inicia obra h\u00eddrica que garantizar\u00e1 el abasto de agua al 80% de la poblaci\u00f3n<\/p>\n<p>Quer\u00e9ndaro, Michoac\u00e1n.\u2014 Como parte de un compromiso asumido desde campa\u00f1a y con la convicci\u00f3n de que el acceso al agua es un derecho universal, la administraci\u00f3n municipal encabezada por la presidenta Diana Caballero inici\u00f3 una obra hidr\u00e1ulica estrat\u00e9gica, realizada con presupuesto 100 % municipal, que permitir\u00e1 abastecer hasta al 80 % de la poblaci\u00f3n querendarense.<\/p>\n<p>Esta acci\u00f3n forma parte del Plan H\u00eddrico Municipal y contempla la construcci\u00f3n de un tanque elevado en el Pozo de la Mora, infraestructura clave para mejorar la presi\u00f3n y la distribuci\u00f3n del agua potable, garantizando que el servicio llegue de manera eficiente y constante, incluso a los hogares ubicados en las zonas m\u00e1s altas del municipio.<\/p>\n<p>La presidenta municipal destac\u00f3 que este proyecto representa el cumplimiento de un compromiso hecho con la ciudadan\u00eda y una respuesta directa a un problema estructural que se arrastra desde hace d\u00e9cadas. Subray\u00f3 que el acceso al agua no debe depender de la ubicaci\u00f3n geogr\u00e1fica de las viviendas ni de rezagos heredados, y que por ello su gobierno decidi\u00f3 iniciar el a\u00f1o sentando bases s\u00f3lidas para una soluci\u00f3n de fondo.<\/p>\n<p>El Plan H\u00eddrico Municipal tiene como objetivo fortalecer la conducci\u00f3n, mejorar la presi\u00f3n del sistema y avanzar hacia un servicio m\u00e1s equitativo y continuo, beneficiando directamente a miles de familias querendarenses. La obra del tanque elevado en el Pozo de la Mora marca un paso decisivo para transformar la infraestructura hidr\u00e1ulica del municipio y atender una de las demandas m\u00e1s sentidas de la poblaci\u00f3n.<\/p>\n<p>Se instalar\u00e1 una l\u00ednea de conducci\u00f3n a un tanque superficial que est\u00e1 en la parte alta de El Calvario, para que se pueda conectar una l\u00ednea de alimentaci\u00f3n a una caja de v\u00e1lvulas que alimentar\u00e1 al 80% de la cabecera municipal. Todo lo anterior ser\u00e1 nuevo y financiado con presupuesto 100% municipal<\/p>\n<p>Con estas acciones, el Gobierno Municipal de Quer\u00e9ndaro refrenda su compromiso de gobernar con responsabilidad, visi\u00f3n de futuro y apego a los derechos humanos, pasando del diagn\u00f3stico a los hechos para garantizar bienestar, justicia social y mejores condiciones de vida para la comunidad.<\/p>\n<\/div><\/div><\/div><div class=\"fusion-layout-column fusion_builder_column fusion-builder-column-4 fusion_builder_column_2_5 2_5 fusion-flex-column\" style=\"--awb-bg-size:cover;--awb-width-large:40%;--awb-margin-top-large:0px;--awb-spacing-right-large:4.8%;--awb-margin-bottom-large:20px;--awb-spacing-left-large:4.8%;--awb-width-medium:40%;--awb-order-medium:0;--awb-spacing-right-medium:4.8%;--awb-spacing-left-medium:4.8%;--awb-width-small:100%;--awb-order-small:0;--awb-spacing-right-small:1.92%;--awb-spacing-left-small:1.92%;\"><div class=\"fusion-column-wrapper fusion-column-has-shadow fusion-flex-justify-content-flex-start fusion-content-layout-column\"><div class=\"fusion-separator fusion-full-width-sep\" style=\"align-self: center;margin-left: auto;margin-right: auto;margin-top:75px;width:100%;\"><\/div><div class=\"fusion-slider-sc\"><div class=\"fusion-flexslider-loading flexslider fusion-aligncenter flexslider-hover-type-zoomout\" data-slideshow_autoplay=\"1\" data-slideshow_smooth_height=\"1\" data-slideshow_speed=\"7000\" style=\"max-width:100%;height:100%;\"><ul class=\"slides\"><li class=\"image\"><span class=\"lazyload fusion-image-hover-element hover-type-zoomout\"><img decoding=\"async\" src=\"http:\/\/querendaro.gob.mx\/wp-content\/uploads\/2026\/01\/WhatsApp-Image-2026-01-14-at-11.01.52-1-scaled.jpeg\" data-orig-src=\"http:\/\/querendaro.gob.mx\/wp-content\/uploads\/2026\/01\/WhatsApp-Image-2026-01-14-at-11.01.52-1-scaled.jpeg\" width=\"2560\" height=\"1706\" class=\"lazyload wp-image-1406\" srcset=\"data:image\/svg+xml,%3Csvg%20xmlns%3D%27http%3A%2F%2Fwww.w3.org%2F2000%2Fsvg%27%20width%3D%272560%27%20height%3D%271706%27%20viewBox%3D%270%200%202560%201706%27%3E%3Crect%20width%3D%272560%27%20height%3D%271706%27%20fill-opacity%3D%220%22%2F%3E%3C%2Fsvg%3E\" data-srcset=\"https:\/\/querendaro.gob.mx\/wp-content\/uploads\/2026\/01\/WhatsApp-Image-2026-01-14-at-11.01.52-1-200x133.jpeg 200w, https:\/\/querendaro.gob.mx\/wp-content\/uploads\/2026\/01\/WhatsApp-Image-2026-01-14-at-11.01.52-1-400x267.jpeg 400w, https:\/\/querendaro.gob.mx\/wp-content\/uploads\/2026\/01\/WhatsApp-Image-2026-01-14-at-11.01.52-1-600x400.jpeg 600w, https:\/\/querendaro.gob.mx\/wp-content\/uploads\/2026\/01\/WhatsApp-Image-2026-01-14-at-11.01.52-1-800x533.jpeg 800w, https:\/\/querendaro.gob.mx\/wp-content\/uploads\/2026\/01\/WhatsApp-Image-2026-01-14-at-11.01.52-1-1200x800.jpeg 1200w, https:\/\/querendaro.gob.mx\/wp-content\/uploads\/2026\/01\/WhatsApp-Image-2026-01-14-at-11.01.52-1-scaled.jpeg 2560w\" data-sizes=\"auto\" data-orig-sizes=\"(max-width: 900px) 100vw, 600px\" \/><\/span><\/li><li class=\"image\"><span class=\"lazyload fusion-image-hover-element hover-type-zoomout\"><img decoding=\"async\" src=\"http:\/\/querendaro.gob.mx\/wp-content\/uploads\/2026\/01\/WhatsApp-Image-2026-01-14-at-11.01.50-scaled.jpeg\" data-orig-src=\"http:\/\/querendaro.gob.mx\/wp-content\/uploads\/2026\/01\/WhatsApp-Image-2026-01-14-at-11.01.50-scaled.jpeg\" width=\"2560\" height=\"1706\" class=\"lazyload wp-image-1408\" srcset=\"data:image\/svg+xml,%3Csvg%20xmlns%3D%27http%3A%2F%2Fwww.w3.org%2F2000%2Fsvg%27%20width%3D%272560%27%20height%3D%271706%27%20viewBox%3D%270%200%202560%201706%27%3E%3Crect%20width%3D%272560%27%20height%3D%271706%27%20fill-opacity%3D%220%22%2F%3E%3C%2Fsvg%3E\" data-srcset=\"https:\/\/querendaro.gob.mx\/wp-content\/uploads\/2026\/01\/WhatsApp-Image-2026-01-14-at-11.01.50-200x133.jpeg 200w, https:\/\/querendaro.gob.mx\/wp-content\/uploads\/2026\/01\/WhatsApp-Image-2026-01-14-at-11.01.50-400x267.jpeg 400w, https:\/\/querendaro.gob.mx\/wp-content\/uploads\/2026\/01\/WhatsApp-Image-2026-01-14-at-11.01.50-600x400.jpeg 600w, https:\/\/querendaro.gob.mx\/wp-content\/uploads\/2026\/01\/WhatsApp-Image-2026-01-14-at-11.01.50-800x533.jpeg 800w, https:\/\/querendaro.gob.mx\/wp-content\/uploads\/2026\/01\/WhatsApp-Image-2026-01-14-at-11.01.50-1200x800.jpeg 1200w, https:\/\/querendaro.gob.mx\/wp-content\/uploads\/2026\/01\/WhatsApp-Image-2026-01-14-at-11.01.50-scaled.jpeg 2560w\" data-sizes=\"auto\" data-orig-sizes=\"(max-width: 900px) 100vw, 600px\" \/><\/span><\/li><li class=\"image\"><span class=\"lazyload fusion-image-hover-element hover-type-zoomout\"><img decoding=\"async\" src=\"http:\/\/querendaro.gob.mx\/wp-content\/uploads\/2026\/01\/WhatsApp-Image-2026-01-14-at-11.01.52-scaled.jpeg\" data-orig-src=\"http:\/\/querendaro.gob.mx\/wp-content\/uploads\/2026\/01\/WhatsApp-Image-2026-01-14-at-11.01.52-scaled.jpeg\" width=\"2560\" height=\"1706\" class=\"lazyload wp-image-1407\" srcset=\"data:image\/svg+xml,%3Csvg%20xmlns%3D%27http%3A%2F%2Fwww.w3.org%2F2000%2Fsvg%27%20width%3D%272560%27%20height%3D%271706%27%20viewBox%3D%270%200%202560%201706%27%3E%3Crect%20width%3D%272560%27%20height%3D%271706%27%20fill-opacity%3D%220%22%2F%3E%3C%2Fsvg%3E\" data-srcset=\"https:\/\/querendaro.gob.mx\/wp-content\/uploads\/2026\/01\/WhatsApp-Image-2026-01-14-at-11.01.52-200x133.jpeg 200w, https:\/\/querendaro.gob.mx\/wp-content\/uploads\/2026\/01\/WhatsApp-Image-2026-01-14-at-11.01.52-400x267.jpeg 400w, https:\/\/querendaro.gob.mx\/wp-content\/uploads\/2026\/01\/WhatsApp-Image-2026-01-14-at-11.01.52-600x400.jpeg 600w, https:\/\/querendaro.gob.mx\/wp-content\/uploads\/2026\/01\/WhatsApp-Image-2026-01-14-at-11.01.52-800x533.jpeg 800w, https:\/\/querendaro.gob.mx\/wp-content\/uploads\/2026\/01\/WhatsApp-Image-2026-01-14-at-11.01.52-1200x800.jpeg 1200w, https:\/\/querendaro.gob.mx\/wp-content\/uploads\/2026\/01\/WhatsApp-Image-2026-01-14-at-11.01.52-scaled.jpeg 2560w\" data-sizes=\"auto\" data-orig-sizes=\"(max-width: 900px) 100vw, 600px\" \/><\/span><\/li><\/ul><\/div><\/div><\/div><\/div><div class=\"fusion-layout-column fusion_builder_column fusion-builder-column-5 fusion_builder_column_1_1 1_1 fusion-flex-column\" style=\"--awb-bg-size:cover;--awb-width-large:100%;--awb-margin-top-large:0px;--awb-spacing-right-large:1.92%;--awb-margin-bottom-large:20px;--awb-spacing-left-large:1.92%;--awb-width-medium:100%;--awb-order-medium:0;--awb-spacing-right-medium:1.92%;--awb-spacing-left-medium:1.92%;--awb-width-small:100%;--awb-order-small:0;--awb-spacing-right-small:1.92%;--awb-spacing-left-small:1.92%;\"><div class=\"fusion-column-wrapper fusion-column-has-shadow fusion-flex-justify-content-flex-start fusion-content-layout-column\"><div class=\"fusion-separator fusion-full-width-sep\" style=\"align-self: center;margin-left: auto;margin-right: auto;width:100%;\"><div class=\"fusion-separator-border sep-double\" style=\"--awb-height:20px;--awb-amount:20px;--awb-sep-color:#8c3c6d;border-color:#8c3c6d;border-top-width:1px;border-bottom-width:1px;\"><\/div><\/div><\/div><\/div><\/div><\/div><div class=\"fusion-fullwidth fullwidth-box fusion-builder-row-3 fusion-flex-container has-pattern-background has-mask-background nonhundred-percent-fullwidth non-hundred-percent-height-scrolling\" style=\"--awb-border-radius-top-left:0px;--awb-border-radius-top-right:0px;--awb-border-radius-bottom-right:0px;--awb-border-radius-bottom-left:0px;--awb-flex-wrap:wrap;\" ><div class=\"fusion-builder-row fusion-row fusion-flex-align-items-flex-start fusion-flex-content-wrap\" style=\"max-width:1248px;margin-left: calc(-4% \/ 2 );margin-right: calc(-4% \/ 2 );\"><div class=\"fusion-layout-column fusion_builder_column fusion-builder-column-6 fusion_builder_column_3_5 3_5 fusion-flex-column\" style=\"--awb-bg-size:cover;--awb-width-large:60%;--awb-margin-top-large:0px;--awb-spacing-right-large:3.2%;--awb-margin-bottom-large:20px;--awb-spacing-left-large:3.2%;--awb-width-medium:60%;--awb-order-medium:0;--awb-spacing-right-medium:3.2%;--awb-spacing-left-medium:3.2%;--awb-width-small:100%;--awb-order-small:0;--awb-spacing-right-small:1.92%;--awb-spacing-left-small:1.92%;\"><div class=\"fusion-column-wrapper fusion-column-has-shadow fusion-flex-justify-content-flex-start fusion-content-layout-column\"><div class=\"fusion-text fusion-text-3\" style=\"--awb-content-alignment:justify;\"><p>Por primera vez, el Ayuntamiento de Quer\u00e9ndaro colaborar\u00e1 con el M\u00f3dulo de Riego 5<\/p>\n<p>En un hecho sin precedentes, el Gobierno Municipal de Quer\u00e9ndaro, encabezado por la presidenta Diana Caballero Romero, se suma por primera vez al trabajo conjunto con el M\u00f3dulo de Riego 5, al que pertenecen los municipios de Zinap\u00e9cuaro y Quer\u00e9ndaro, con el objetivo de fortalecer las acciones en favor del sector agr\u00edcola.<\/p>\n<p>Durante la reuni\u00f3n sostenida con representantes del M\u00f3dulo, la mesa directiva del Ejido de Quer\u00e9ndaro y delegados en materia de riego, la presidenta municipal, acompa\u00f1ada de integrantes de su gabinete, reafirm\u00f3 el compromiso del Ayuntamiento de respaldar el proyecto impulsado por los propios usuarios del m\u00f3dulo para rehabilitar las bombas que permitir\u00e1n drenar el excedente de agua en beneficio de las familias productoras.<\/p>\n<p>\u201cCuando trabajamos de la mano con la ciudadan\u00eda y las instituciones, avanzamos hacia un campo m\u00e1s fuerte y productivo. Este es el inicio de una colaboraci\u00f3n que marcar\u00e1 la diferencia para nuestra gente\u201d, destac\u00f3 la alcaldesa.<\/p>\n<p>Con orgullo, Quer\u00e9ndaro reafirma su disposici\u00f3n de trabajar coordinadamente con los tres niveles de gobierno y con los productores del municipio impulsando acciones que fortalezcan el bienestar, la<\/p>\n<\/div><\/div><\/div><div class=\"fusion-layout-column fusion_builder_column fusion-builder-column-7 fusion_builder_column_2_5 2_5 fusion-flex-column\" style=\"--awb-bg-size:cover;--awb-width-large:40%;--awb-margin-top-large:0px;--awb-spacing-right-large:4.8%;--awb-margin-bottom-large:20px;--awb-spacing-left-large:4.8%;--awb-width-medium:40%;--awb-order-medium:0;--awb-spacing-right-medium:4.8%;--awb-spacing-left-medium:4.8%;--awb-width-small:100%;--awb-order-small:0;--awb-spacing-right-small:1.92%;--awb-spacing-left-small:1.92%;\"><div class=\"fusion-column-wrapper fusion-column-has-shadow fusion-flex-justify-content-flex-start fusion-content-layout-column\"><div class=\"fusion-separator fusion-full-width-sep\" style=\"align-self: center;margin-left: auto;margin-right: auto;margin-top:75px;width:100%;\"><\/div><div class=\"fusion-slider-sc\"><div class=\"fusion-flexslider-loading flexslider fusion-aligncenter flexslider-hover-type-zoomout\" data-slideshow_autoplay=\"1\" data-slideshow_smooth_height=\"1\" data-slideshow_speed=\"7000\" style=\"max-width:100%;height:100%;\"><ul class=\"slides\"><li class=\"image\"><span class=\"lazyload fusion-image-hover-element hover-type-zoomout\"><img decoding=\"async\" src=\"http:\/\/querendaro.gob.mx\/wp-content\/uploads\/2025\/12\/WhatsApp-Image-2025-12-08-at-11.55.00.jpeg\" data-orig-src=\"http:\/\/querendaro.gob.mx\/wp-content\/uploads\/2025\/12\/WhatsApp-Image-2025-12-08-at-11.55.00.jpeg\" width=\"1600\" height=\"1065\" class=\"lazyload wp-image-1399\" srcset=\"data:image\/svg+xml,%3Csvg%20xmlns%3D%27http%3A%2F%2Fwww.w3.org%2F2000%2Fsvg%27%20width%3D%271600%27%20height%3D%271065%27%20viewBox%3D%270%200%201600%201065%27%3E%3Crect%20width%3D%271600%27%20height%3D%271065%27%20fill-opacity%3D%220%22%2F%3E%3C%2Fsvg%3E\" data-srcset=\"https:\/\/querendaro.gob.mx\/wp-content\/uploads\/2025\/12\/WhatsApp-Image-2025-12-08-at-11.55.00-200x133.jpeg 200w, https:\/\/querendaro.gob.mx\/wp-content\/uploads\/2025\/12\/WhatsApp-Image-2025-12-08-at-11.55.00-400x266.jpeg 400w, https:\/\/querendaro.gob.mx\/wp-content\/uploads\/2025\/12\/WhatsApp-Image-2025-12-08-at-11.55.00-600x399.jpeg 600w, https:\/\/querendaro.gob.mx\/wp-content\/uploads\/2025\/12\/WhatsApp-Image-2025-12-08-at-11.55.00-800x533.jpeg 800w, https:\/\/querendaro.gob.mx\/wp-content\/uploads\/2025\/12\/WhatsApp-Image-2025-12-08-at-11.55.00-1200x799.jpeg 1200w, https:\/\/querendaro.gob.mx\/wp-content\/uploads\/2025\/12\/WhatsApp-Image-2025-12-08-at-11.55.00.jpeg 1600w\" data-sizes=\"auto\" data-orig-sizes=\"(max-width: 900px) 100vw, 600px\" \/><\/span><\/li><li class=\"image\"><span class=\"lazyload fusion-image-hover-element hover-type-zoomout\"><img decoding=\"async\" src=\"http:\/\/querendaro.gob.mx\/wp-content\/uploads\/2025\/12\/WhatsApp-Image-2025-12-08-at-11.54.55.jpeg\" data-orig-src=\"http:\/\/querendaro.gob.mx\/wp-content\/uploads\/2025\/12\/WhatsApp-Image-2025-12-08-at-11.54.55.jpeg\" width=\"1600\" height=\"1065\" class=\"lazyload wp-image-1398\" srcset=\"data:image\/svg+xml,%3Csvg%20xmlns%3D%27http%3A%2F%2Fwww.w3.org%2F2000%2Fsvg%27%20width%3D%271600%27%20height%3D%271065%27%20viewBox%3D%270%200%201600%201065%27%3E%3Crect%20width%3D%271600%27%20height%3D%271065%27%20fill-opacity%3D%220%22%2F%3E%3C%2Fsvg%3E\" data-srcset=\"https:\/\/querendaro.gob.mx\/wp-content\/uploads\/2025\/12\/WhatsApp-Image-2025-12-08-at-11.54.55-200x133.jpeg 200w, https:\/\/querendaro.gob.mx\/wp-content\/uploads\/2025\/12\/WhatsApp-Image-2025-12-08-at-11.54.55-400x266.jpeg 400w, https:\/\/querendaro.gob.mx\/wp-content\/uploads\/2025\/12\/WhatsApp-Image-2025-12-08-at-11.54.55-600x399.jpeg 600w, https:\/\/querendaro.gob.mx\/wp-content\/uploads\/2025\/12\/WhatsApp-Image-2025-12-08-at-11.54.55-800x533.jpeg 800w, https:\/\/querendaro.gob.mx\/wp-content\/uploads\/2025\/12\/WhatsApp-Image-2025-12-08-at-11.54.55-1200x799.jpeg 1200w, https:\/\/querendaro.gob.mx\/wp-content\/uploads\/2025\/12\/WhatsApp-Image-2025-12-08-at-11.54.55.jpeg 1600w\" data-sizes=\"auto\" data-orig-sizes=\"(max-width: 900px) 100vw, 600px\" \/><\/span><\/li><\/ul><\/div><\/div><\/div><\/div><div class=\"fusion-layout-column fusion_builder_column fusion-builder-column-8 fusion_builder_column_1_1 1_1 fusion-flex-column\" style=\"--awb-bg-size:cover;--awb-width-large:100%;--awb-margin-top-large:0px;--awb-spacing-right-large:1.92%;--awb-margin-bottom-large:20px;--awb-spacing-left-large:1.92%;--awb-width-medium:100%;--awb-order-medium:0;--awb-spacing-right-medium:1.92%;--awb-spacing-left-medium:1.92%;--awb-width-small:100%;--awb-order-small:0;--awb-spacing-right-small:1.92%;--awb-spacing-left-small:1.92%;\"><div class=\"fusion-column-wrapper fusion-column-has-shadow fusion-flex-justify-content-flex-start fusion-content-layout-column\"><div class=\"fusion-separator fusion-full-width-sep\" style=\"align-self: center;margin-left: auto;margin-right: auto;width:100%;\"><div class=\"fusion-separator-border sep-double\" style=\"--awb-height:20px;--awb-amount:20px;--awb-sep-color:#8c3c6d;border-color:#8c3c6d;border-top-width:1px;border-bottom-width:1px;\"><\/div><\/div><\/div><\/div><\/div><\/div><div class=\"fusion-fullwidth fullwidth-box fusion-builder-row-4 fusion-flex-container has-pattern-background has-mask-background nonhundred-percent-fullwidth non-hundred-percent-height-scrolling\" style=\"--awb-border-radius-top-left:0px;--awb-border-radius-top-right:0px;--awb-border-radius-bottom-right:0px;--awb-border-radius-bottom-left:0px;--awb-flex-wrap:wrap;\" ><div class=\"fusion-builder-row fusion-row fusion-flex-align-items-flex-start fusion-flex-content-wrap\" style=\"max-width:1248px;margin-left: calc(-4% \/ 2 );margin-right: calc(-4% \/ 2 );\"><div class=\"fusion-layout-column fusion_builder_column fusion-builder-column-9 fusion_builder_column_3_5 3_5 fusion-flex-column\" style=\"--awb-bg-size:cover;--awb-width-large:60%;--awb-margin-top-large:0px;--awb-spacing-right-large:3.2%;--awb-margin-bottom-large:20px;--awb-spacing-left-large:3.2%;--awb-width-medium:60%;--awb-order-medium:0;--awb-spacing-right-medium:3.2%;--awb-spacing-left-medium:3.2%;--awb-width-small:100%;--awb-order-small:0;--awb-spacing-right-small:1.92%;--awb-spacing-left-small:1.92%;\"><div class=\"fusion-column-wrapper fusion-column-has-shadow fusion-flex-justify-content-flex-start fusion-content-layout-column\"><div class=\"fusion-text fusion-text-4\" style=\"--awb-content-alignment:justify;\"><p>Quer\u00e9ndaro entrega 37 constancias del ICATMI y celebra 3 a\u00f1os de capacitaci\u00f3n continua en el municipio<\/p>\n<p>Quer\u00e9ndaro, Mich., 4 de diciembre de 2025 \u2014 El Ayuntamiento de Quer\u00e9ndaro, en coordinaci\u00f3n con el Instituto de Capacitaci\u00f3n para el Trabajo del Estado de Michoac\u00e1n (ICATMI), entreg\u00f3 37 constancias a quienes cursaron y acreditaron especialidades en el Plantel ICATMI Morelia, en un acto que refrenda el compromiso municipal con la formaci\u00f3n y el emprendimiento local.<\/p>\n<p>En la ceremonia estuvieron presentes el Dr. Marco Antonio Flores de la Torre, director general del ICATMI; la Mtra. Diana Caballero Romero, Presidenta Municipal de Quer\u00e9ndaro; el Lic. Gabriel Mart\u00edn Padilla Bedolla, Secretario del Ayuntamiento; la Lic. Diana Romero Cambr\u00f3n, Presidenta del DIF Municipal; la Lic. Yuketzin Olivia Brise\u00f1o Mendoza, directora del Instituto de la Mujer en Quer\u00e9ndaro; la C. Mayra Soria Arg\u00fcello, regidora de Obras P\u00fablicas y Desarrollo Econ\u00f3mico; la Mtra. Eva Romero Ch\u00e1vez, regidora de la comisi\u00f3n de Educaci\u00f3n y Cultura; la C. Laura C\u00e1ndida Cruz P\u00e9rez, de Servicios Municipales; y el Lic. Mauricio Torres Abarca, director del Plantel ICATMI Morelia.<\/p>\n<p>Tambi\u00e9n asistieron los instructores responsables de la formaci\u00f3n: Silvia Garc\u00eda, instructora de Confecci\u00f3n de prendas y Artesan\u00edas con pastas, pinturas y acabados; y Jos\u00e9 de Jes\u00fas Guti\u00e9rrez P\u00e9rez, instructor de Estilismo y dise\u00f1o de imagen. Por parte del Plantel Morelia participaron las jefas de \u00e1rea: Graciela Manrriquez Barriga, Jefa del \u00c1rea de Capacitaci\u00f3n; y Alejandra Yazm\u00edn Le\u00f3n Almanza, Jefa del \u00c1rea de Vinculaci\u00f3n.<\/p>\n<p>Se entregaron en total 37 constancias distribuidas de la siguiente manera:<br \/>\nElaboraci\u00f3n de uniformes: 6 acreditaciones.<\/p>\n<p>Elaboraci\u00f3n de velas: 18 acreditaciones.<\/p>\n<p>Peluquer\u00eda y barber\u00eda: 13 acreditaciones.<\/p>\n<p>Con orgullo se inform\u00f3 que el ICATMI ha prestado servicios de capacitaci\u00f3n en Quer\u00e9ndaro durante 3 a\u00f1os, periodo en el que se ha consolidado una oferta formativa orientada a impulsar habilidades t\u00e9cnicas y oportunidades de empleo. Es favorable destacar que varias alumnas y alumnos ya han iniciado emprendimientos locales: abrieron una est\u00e9tica, ofrecen servicios de u\u00f1as y pesta\u00f1as, o elaboran prendas con pintura, demostrando el impacto directo de la capacitaci\u00f3n en la econom\u00eda familiar y comunitaria.<br \/>\nLos cursos impartidos actualmente cubren las especialidades de Confecci\u00f3n de ropa, Estilismo y Artesan\u00edas con pastas, pinturas y acabados. Adem\u00e1s, se inform\u00f3 que, con el pr\u00f3ximo cambio de sede, se espera ampliar la oferta de especialidades y atender a m\u00e1s participantes, fortaleciendo la vinculaci\u00f3n entre la capacitaci\u00f3n t\u00e9cnica y el desarrollo econ\u00f3mico local.<\/p>\n<p>El Ayuntamiento de Quer\u00e9ndaro y el ICATMI reiteran su compromiso de continuar impulsando acciones que favorezcan la formaci\u00f3n, el autoempleo y el emprendimiento en beneficio de la poblaci\u00f3n.<\/p>\n<p>Para m\u00e1s informaci\u00f3n, favor de comunicarse con la Direcci\u00f3n de Comunicaci\u00f3n Social del Ayuntamiento de Quer\u00e9ndaro.<\/p>\n<\/div><\/div><\/div><div class=\"fusion-layout-column fusion_builder_column fusion-builder-column-10 fusion_builder_column_2_5 2_5 fusion-flex-column\" style=\"--awb-bg-size:cover;--awb-width-large:40%;--awb-margin-top-large:0px;--awb-spacing-right-large:4.8%;--awb-margin-bottom-large:20px;--awb-spacing-left-large:4.8%;--awb-width-medium:40%;--awb-order-medium:0;--awb-spacing-right-medium:4.8%;--awb-spacing-left-medium:4.8%;--awb-width-small:100%;--awb-order-small:0;--awb-spacing-right-small:1.92%;--awb-spacing-left-small:1.92%;\"><div class=\"fusion-column-wrapper fusion-column-has-shadow fusion-flex-justify-content-flex-start fusion-content-layout-column\"><div class=\"fusion-separator fusion-full-width-sep\" style=\"align-self: center;margin-left: auto;margin-right: auto;margin-top:75px;width:100%;\"><\/div><div class=\"fusion-slider-sc\"><div class=\"fusion-flexslider-loading flexslider fusion-aligncenter flexslider-hover-type-zoomout\" data-slideshow_autoplay=\"1\" data-slideshow_smooth_height=\"1\" data-slideshow_speed=\"7000\" style=\"max-width:100%;height:100%;\"><ul class=\"slides\"><li class=\"image\"><span class=\"lazyload fusion-image-hover-element hover-type-zoomout\"><img decoding=\"async\" src=\"http:\/\/querendaro.gob.mx\/wp-content\/uploads\/2025\/12\/WhatsApp-Image-2025-12-08-at-11.53.22.jpeg\" data-orig-src=\"http:\/\/querendaro.gob.mx\/wp-content\/uploads\/2025\/12\/WhatsApp-Image-2025-12-08-at-11.53.22.jpeg\" width=\"1600\" height=\"1066\" class=\"lazyload wp-image-1397\" srcset=\"data:image\/svg+xml,%3Csvg%20xmlns%3D%27http%3A%2F%2Fwww.w3.org%2F2000%2Fsvg%27%20width%3D%271600%27%20height%3D%271066%27%20viewBox%3D%270%200%201600%201066%27%3E%3Crect%20width%3D%271600%27%20height%3D%271066%27%20fill-opacity%3D%220%22%2F%3E%3C%2Fsvg%3E\" data-srcset=\"https:\/\/querendaro.gob.mx\/wp-content\/uploads\/2025\/12\/WhatsApp-Image-2025-12-08-at-11.53.22-200x133.jpeg 200w, https:\/\/querendaro.gob.mx\/wp-content\/uploads\/2025\/12\/WhatsApp-Image-2025-12-08-at-11.53.22-400x267.jpeg 400w, https:\/\/querendaro.gob.mx\/wp-content\/uploads\/2025\/12\/WhatsApp-Image-2025-12-08-at-11.53.22-600x400.jpeg 600w, https:\/\/querendaro.gob.mx\/wp-content\/uploads\/2025\/12\/WhatsApp-Image-2025-12-08-at-11.53.22-800x533.jpeg 800w, https:\/\/querendaro.gob.mx\/wp-content\/uploads\/2025\/12\/WhatsApp-Image-2025-12-08-at-11.53.22-1200x800.jpeg 1200w, https:\/\/querendaro.gob.mx\/wp-content\/uploads\/2025\/12\/WhatsApp-Image-2025-12-08-at-11.53.22.jpeg 1600w\" data-sizes=\"auto\" data-orig-sizes=\"(max-width: 900px) 100vw, 600px\" \/><\/span><\/li><li class=\"image\"><span class=\"lazyload fusion-image-hover-element hover-type-zoomout\"><img decoding=\"async\" src=\"http:\/\/querendaro.gob.mx\/wp-content\/uploads\/2025\/12\/WhatsApp-Image-2025-12-08-at-11.53.22-1.jpeg\" data-orig-src=\"http:\/\/querendaro.gob.mx\/wp-content\/uploads\/2025\/12\/WhatsApp-Image-2025-12-08-at-11.53.22-1.jpeg\" width=\"1566\" height=\"842\" class=\"lazyload wp-image-1396\" srcset=\"data:image\/svg+xml,%3Csvg%20xmlns%3D%27http%3A%2F%2Fwww.w3.org%2F2000%2Fsvg%27%20width%3D%271566%27%20height%3D%27842%27%20viewBox%3D%270%200%201566%20842%27%3E%3Crect%20width%3D%271566%27%20height%3D%27842%27%20fill-opacity%3D%220%22%2F%3E%3C%2Fsvg%3E\" data-srcset=\"https:\/\/querendaro.gob.mx\/wp-content\/uploads\/2025\/12\/WhatsApp-Image-2025-12-08-at-11.53.22-1-200x108.jpeg 200w, https:\/\/querendaro.gob.mx\/wp-content\/uploads\/2025\/12\/WhatsApp-Image-2025-12-08-at-11.53.22-1-400x215.jpeg 400w, https:\/\/querendaro.gob.mx\/wp-content\/uploads\/2025\/12\/WhatsApp-Image-2025-12-08-at-11.53.22-1-600x323.jpeg 600w, https:\/\/querendaro.gob.mx\/wp-content\/uploads\/2025\/12\/WhatsApp-Image-2025-12-08-at-11.53.22-1-800x430.jpeg 800w, https:\/\/querendaro.gob.mx\/wp-content\/uploads\/2025\/12\/WhatsApp-Image-2025-12-08-at-11.53.22-1-1200x645.jpeg 1200w, https:\/\/querendaro.gob.mx\/wp-content\/uploads\/2025\/12\/WhatsApp-Image-2025-12-08-at-11.53.22-1.jpeg 1566w\" data-sizes=\"auto\" data-orig-sizes=\"(max-width: 900px) 100vw, 600px\" \/><\/span><\/li><\/ul><\/div><\/div><\/div><\/div><div class=\"fusion-layout-column fusion_builder_column fusion-builder-column-11 fusion_builder_column_1_1 1_1 fusion-flex-column\" style=\"--awb-bg-size:cover;--awb-width-large:100%;--awb-margin-top-large:0px;--awb-spacing-right-large:1.92%;--awb-margin-bottom-large:20px;--awb-spacing-left-large:1.92%;--awb-width-medium:100%;--awb-order-medium:0;--awb-spacing-right-medium:1.92%;--awb-spacing-left-medium:1.92%;--awb-width-small:100%;--awb-order-small:0;--awb-spacing-right-small:1.92%;--awb-spacing-left-small:1.92%;\"><div class=\"fusion-column-wrapper fusion-column-has-shadow fusion-flex-justify-content-flex-start fusion-content-layout-column\"><div class=\"fusion-separator fusion-full-width-sep\" style=\"align-self: center;margin-left: auto;margin-right: auto;width:100%;\"><div class=\"fusion-separator-border sep-double\" style=\"--awb-height:20px;--awb-amount:20px;--awb-sep-color:#8c3c6d;border-color:#8c3c6d;border-top-width:1px;border-bottom-width:1px;\"><\/div><\/div><\/div><\/div><\/div><\/div><div class=\"fusion-fullwidth fullwidth-box fusion-builder-row-5 fusion-flex-container has-pattern-background has-mask-background nonhundred-percent-fullwidth non-hundred-percent-height-scrolling\" style=\"--awb-border-radius-top-left:0px;--awb-border-radius-top-right:0px;--awb-border-radius-bottom-right:0px;--awb-border-radius-bottom-left:0px;--awb-flex-wrap:wrap;\" ><div class=\"fusion-builder-row fusion-row fusion-flex-align-items-flex-start fusion-flex-content-wrap\" style=\"max-width:1248px;margin-left: calc(-4% \/ 2 );margin-right: calc(-4% \/ 2 );\"><div class=\"fusion-layout-column fusion_builder_column fusion-builder-column-12 fusion_builder_column_3_5 3_5 fusion-flex-column\" style=\"--awb-bg-size:cover;--awb-width-large:60%;--awb-margin-top-large:0px;--awb-spacing-right-large:3.2%;--awb-margin-bottom-large:20px;--awb-spacing-left-large:3.2%;--awb-width-medium:60%;--awb-order-medium:0;--awb-spacing-right-medium:3.2%;--awb-spacing-left-medium:3.2%;--awb-width-small:100%;--awb-order-small:0;--awb-spacing-right-small:1.92%;--awb-spacing-left-small:1.92%;\"><div class=\"fusion-column-wrapper fusion-column-has-shadow fusion-flex-justify-content-flex-start fusion-content-layout-column\"><div class=\"fusion-text fusion-text-5\" style=\"--awb-content-alignment:justify;\"><p>Quer\u00e9ndaro enciende las luces que marcan el inicio de las festividades decembrinas<\/p>\n<p>Quer\u00e9ndaro, Mich.\u2014El municipio dio inicio formal a las celebraciones decembrinas con el encendido de luces navide\u00f1as en la plaza principal, evento que reuni\u00f3 a cientos de familias y marc\u00f3 el arranque de las actividades programadas para esta temporada.<\/p>\n<p>Como parte de la jornada, se realiz\u00f3 un desfile navide\u00f1o integrado por diversas caravanas de la Casa de la Cultura y agrupaciones locales. Participaron el ballet folcl\u00f3rico Tzintzuni, motociclistas del municipio, la Casa del Adulto Mayor \u201cCorazones J\u00f3venes\u201d, personal del Ayuntamiento, as\u00ed como las mujeres emprendedoras de La Mercadita, quienes se sumaron con productos y presencia durante el evento.<\/p>\n<p>Previo al encendido, la presidenta municipal, acompa\u00f1ada por el p\u00e1rroco Rafael, de la Iglesia de Nuestra Se\u00f1ora de la Asunci\u00f3n, dirigi\u00f3 un mensaje en el que subray\u00f3 la importancia de la uni\u00f3n comunitaria y destac\u00f3 el significado simb\u00f3lico de la temporada, al se\u00f1alar que la luz navide\u00f1a representa la llegada de esperanza vinculada al nacimiento de Jesucristo.<\/p>\n<p>El evento fue coordinado por la directora de la Casa de la Cultura y cont\u00f3 con el apoyo de la Direcci\u00f3n de Servicios Municipales, responsable de la instalaci\u00f3n y montaje de los adornos que ya iluminan el centro del municipio.<\/p>\n<p>Con una plaza municipal llena y calles abarrotadas, Quer\u00e9ndaro dio as\u00ed comienzo a un periodo festivo caracterizado por la convivencia familiar, la tradici\u00f3n y el fortalecimiento del tejido social.<\/p>\n<\/div><\/div><\/div><div class=\"fusion-layout-column fusion_builder_column fusion-builder-column-13 fusion_builder_column_2_5 2_5 fusion-flex-column\" style=\"--awb-bg-size:cover;--awb-width-large:40%;--awb-margin-top-large:0px;--awb-spacing-right-large:4.8%;--awb-margin-bottom-large:20px;--awb-spacing-left-large:4.8%;--awb-width-medium:40%;--awb-order-medium:0;--awb-spacing-right-medium:4.8%;--awb-spacing-left-medium:4.8%;--awb-width-small:100%;--awb-order-small:0;--awb-spacing-right-small:1.92%;--awb-spacing-left-small:1.92%;\"><div class=\"fusion-column-wrapper fusion-column-has-shadow fusion-flex-justify-content-flex-start fusion-content-layout-column\"><div class=\"fusion-separator fusion-full-width-sep\" style=\"align-self: center;margin-left: auto;margin-right: auto;margin-top:75px;width:100%;\"><\/div><div class=\"fusion-slider-sc\"><div class=\"fusion-flexslider-loading flexslider fusion-aligncenter flexslider-hover-type-zoomout\" data-slideshow_autoplay=\"1\" data-slideshow_smooth_height=\"1\" data-slideshow_speed=\"7000\" style=\"max-width:100%;height:100%;\"><ul class=\"slides\"><li class=\"image\"><span class=\"lazyload fusion-image-hover-element hover-type-zoomout\"><img decoding=\"async\" src=\"http:\/\/querendaro.gob.mx\/wp-content\/uploads\/2025\/12\/WhatsApp-Image-2025-12-08-at-11.53.01-3-scaled.jpeg\" data-orig-src=\"http:\/\/querendaro.gob.mx\/wp-content\/uploads\/2025\/12\/WhatsApp-Image-2025-12-08-at-11.53.01-3-scaled.jpeg\" width=\"2560\" height=\"1707\" class=\"lazyload wp-image-1394\" srcset=\"data:image\/svg+xml,%3Csvg%20xmlns%3D%27http%3A%2F%2Fwww.w3.org%2F2000%2Fsvg%27%20width%3D%272560%27%20height%3D%271707%27%20viewBox%3D%270%200%202560%201707%27%3E%3Crect%20width%3D%272560%27%20height%3D%271707%27%20fill-opacity%3D%220%22%2F%3E%3C%2Fsvg%3E\" data-srcset=\"https:\/\/querendaro.gob.mx\/wp-content\/uploads\/2025\/12\/WhatsApp-Image-2025-12-08-at-11.53.01-3-200x133.jpeg 200w, https:\/\/querendaro.gob.mx\/wp-content\/uploads\/2025\/12\/WhatsApp-Image-2025-12-08-at-11.53.01-3-400x267.jpeg 400w, https:\/\/querendaro.gob.mx\/wp-content\/uploads\/2025\/12\/WhatsApp-Image-2025-12-08-at-11.53.01-3-600x400.jpeg 600w, https:\/\/querendaro.gob.mx\/wp-content\/uploads\/2025\/12\/WhatsApp-Image-2025-12-08-at-11.53.01-3-800x533.jpeg 800w, https:\/\/querendaro.gob.mx\/wp-content\/uploads\/2025\/12\/WhatsApp-Image-2025-12-08-at-11.53.01-3-1200x800.jpeg 1200w, https:\/\/querendaro.gob.mx\/wp-content\/uploads\/2025\/12\/WhatsApp-Image-2025-12-08-at-11.53.01-3-scaled.jpeg 2560w\" data-sizes=\"auto\" data-orig-sizes=\"(max-width: 900px) 100vw, 600px\" \/><\/span><\/li><li class=\"image\"><span class=\"lazyload fusion-image-hover-element hover-type-zoomout\"><img decoding=\"async\" src=\"http:\/\/querendaro.gob.mx\/wp-content\/uploads\/2025\/12\/WhatsApp-Image-2025-12-08-at-11.53.01-scaled.jpeg\" data-orig-src=\"http:\/\/querendaro.gob.mx\/wp-content\/uploads\/2025\/12\/WhatsApp-Image-2025-12-08-at-11.53.01-scaled.jpeg\" width=\"2560\" height=\"1707\" class=\"lazyload wp-image-1395\" srcset=\"data:image\/svg+xml,%3Csvg%20xmlns%3D%27http%3A%2F%2Fwww.w3.org%2F2000%2Fsvg%27%20width%3D%272560%27%20height%3D%271707%27%20viewBox%3D%270%200%202560%201707%27%3E%3Crect%20width%3D%272560%27%20height%3D%271707%27%20fill-opacity%3D%220%22%2F%3E%3C%2Fsvg%3E\" data-srcset=\"https:\/\/querendaro.gob.mx\/wp-content\/uploads\/2025\/12\/WhatsApp-Image-2025-12-08-at-11.53.01-200x133.jpeg 200w, https:\/\/querendaro.gob.mx\/wp-content\/uploads\/2025\/12\/WhatsApp-Image-2025-12-08-at-11.53.01-400x267.jpeg 400w, https:\/\/querendaro.gob.mx\/wp-content\/uploads\/2025\/12\/WhatsApp-Image-2025-12-08-at-11.53.01-600x400.jpeg 600w, https:\/\/querendaro.gob.mx\/wp-content\/uploads\/2025\/12\/WhatsApp-Image-2025-12-08-at-11.53.01-800x533.jpeg 800w, https:\/\/querendaro.gob.mx\/wp-content\/uploads\/2025\/12\/WhatsApp-Image-2025-12-08-at-11.53.01-1200x800.jpeg 1200w, https:\/\/querendaro.gob.mx\/wp-content\/uploads\/2025\/12\/WhatsApp-Image-2025-12-08-at-11.53.01-scaled.jpeg 2560w\" data-sizes=\"auto\" data-orig-sizes=\"(max-width: 900px) 100vw, 600px\" \/><\/span><\/li><li class=\"image\"><span class=\"lazyload fusion-image-hover-element hover-type-zoomout\"><img decoding=\"async\" src=\"http:\/\/querendaro.gob.mx\/wp-content\/uploads\/2025\/12\/WhatsApp-Image-2025-12-08-at-11.53.01-2-scaled.jpeg\" data-orig-src=\"http:\/\/querendaro.gob.mx\/wp-content\/uploads\/2025\/12\/WhatsApp-Image-2025-12-08-at-11.53.01-2-scaled.jpeg\" width=\"2560\" height=\"1707\" class=\"lazyload wp-image-1393\" srcset=\"data:image\/svg+xml,%3Csvg%20xmlns%3D%27http%3A%2F%2Fwww.w3.org%2F2000%2Fsvg%27%20width%3D%272560%27%20height%3D%271707%27%20viewBox%3D%270%200%202560%201707%27%3E%3Crect%20width%3D%272560%27%20height%3D%271707%27%20fill-opacity%3D%220%22%2F%3E%3C%2Fsvg%3E\" data-srcset=\"https:\/\/querendaro.gob.mx\/wp-content\/uploads\/2025\/12\/WhatsApp-Image-2025-12-08-at-11.53.01-2-200x133.jpeg 200w, https:\/\/querendaro.gob.mx\/wp-content\/uploads\/2025\/12\/WhatsApp-Image-2025-12-08-at-11.53.01-2-400x267.jpeg 400w, https:\/\/querendaro.gob.mx\/wp-content\/uploads\/2025\/12\/WhatsApp-Image-2025-12-08-at-11.53.01-2-600x400.jpeg 600w, https:\/\/querendaro.gob.mx\/wp-content\/uploads\/2025\/12\/WhatsApp-Image-2025-12-08-at-11.53.01-2-800x533.jpeg 800w, https:\/\/querendaro.gob.mx\/wp-content\/uploads\/2025\/12\/WhatsApp-Image-2025-12-08-at-11.53.01-2-1200x800.jpeg 1200w, https:\/\/querendaro.gob.mx\/wp-content\/uploads\/2025\/12\/WhatsApp-Image-2025-12-08-at-11.53.01-2-scaled.jpeg 2560w\" data-sizes=\"auto\" data-orig-sizes=\"(max-width: 900px) 100vw, 600px\" \/><\/span><\/li><\/ul><\/div><\/div><\/div><\/div><div class=\"fusion-layout-column fusion_builder_column fusion-builder-column-14 fusion_builder_column_1_1 1_1 fusion-flex-column\" style=\"--awb-bg-size:cover;--awb-width-large:100%;--awb-margin-top-large:0px;--awb-spacing-right-large:1.92%;--awb-margin-bottom-large:20px;--awb-spacing-left-large:1.92%;--awb-width-medium:100%;--awb-order-medium:0;--awb-spacing-right-medium:1.92%;--awb-spacing-left-medium:1.92%;--awb-width-small:100%;--awb-order-small:0;--awb-spacing-right-small:1.92%;--awb-spacing-left-small:1.92%;\"><div class=\"fusion-column-wrapper fusion-column-has-shadow fusion-flex-justify-content-flex-start fusion-content-layout-column\"><div class=\"fusion-separator fusion-full-width-sep\" style=\"align-self: center;margin-left: auto;margin-right: auto;width:100%;\"><div class=\"fusion-separator-border sep-double\" style=\"--awb-height:20px;--awb-amount:20px;--awb-sep-color:#8c3c6d;border-color:#8c3c6d;border-top-width:1px;border-bottom-width:1px;\"><\/div><\/div><\/div><\/div><\/div><\/div><div class=\"fusion-fullwidth fullwidth-box fusion-builder-row-6 fusion-flex-container has-pattern-background has-mask-background nonhundred-percent-fullwidth non-hundred-percent-height-scrolling\" style=\"--awb-border-radius-top-left:0px;--awb-border-radius-top-right:0px;--awb-border-radius-bottom-right:0px;--awb-border-radius-bottom-left:0px;--awb-flex-wrap:wrap;\" ><div class=\"fusion-builder-row fusion-row fusion-flex-align-items-flex-start fusion-flex-content-wrap\" style=\"max-width:1248px;margin-left: calc(-4% \/ 2 );margin-right: calc(-4% \/ 2 );\"><div class=\"fusion-layout-column fusion_builder_column fusion-builder-column-15 fusion_builder_column_3_5 3_5 fusion-flex-column\" style=\"--awb-bg-size:cover;--awb-width-large:60%;--awb-margin-top-large:0px;--awb-spacing-right-large:3.2%;--awb-margin-bottom-large:20px;--awb-spacing-left-large:3.2%;--awb-width-medium:60%;--awb-order-medium:0;--awb-spacing-right-medium:3.2%;--awb-spacing-left-medium:3.2%;--awb-width-small:100%;--awb-order-small:0;--awb-spacing-right-small:1.92%;--awb-spacing-left-small:1.92%;\"><div class=\"fusion-column-wrapper fusion-column-has-shadow fusion-flex-justify-content-flex-start fusion-content-layout-column\"><div class=\"fusion-text fusion-text-6\" style=\"--awb-content-alignment:justify;\"><p>Octubre se viste de rosa en Quer\u00e9ndaro: prevenci\u00f3n contra el c\u00e1ncer de mama<\/p>\n<p>Quer\u00e9ndaro, Michoac\u00e1n.\u2014 Siendo octubre el mes de la sensibilizaci\u00f3n sobre el c\u00e1ncer de mama, el Ayuntamiento de Quer\u00e9ndaro se sum\u00f3 a la campa\u00f1a de prevenci\u00f3n con una serie de actividades enfocadas en fomentar la autoexploraci\u00f3n, la detecci\u00f3n oportuna y el cuidado integral de la salud femenina.<\/p>\n<p>Las acciones fueron organizadas por la directora de la Instancia de la Mujer, Yuketzin Brise\u00f1o, quien encabez\u00f3 esta jornada dedicada al bienestar de las mujeres querendarenses. Como parte del programa, se imparti\u00f3 la conferencia \u201cBienestar Femenino\u201d, a cargo del psic\u00f3logo Ra\u00fal Flores Aguilar, quien habl\u00f3 sobre la importancia de atender la salud mental, el manejo del estr\u00e9s y la prevenci\u00f3n integral del c\u00e1ncer desde una visi\u00f3n emocional y f\u00edsica.<\/p>\n<p>Asimismo, se realiz\u00f3 una activaci\u00f3n f\u00edsica de Jumping, dirigida por Esmeralda Peregrino y Estela Aguilera, en la que mujeres de distintas edades participaron con entusiasmo, recordando que el ejercicio y el movimiento son tambi\u00e9n una forma de amor propio y prevenci\u00f3n.<\/p>\n<p>Estas acciones se suman a los programas permanentes de salud y acompa\u00f1amiento a las mujeres que impulsa el Ayuntamiento de Quer\u00e9ndaro, orientados a fortalecer la cultura de la prevenci\u00f3n, los chequeos m\u00e9dicos y el bienestar emocional.<\/p>\n<p>Con ello, el municipio reafirma su compromiso con la salud y el bienestar de todas las mujeres, promoviendo una vida plena y saludable, porque en Quer\u00e9ndaro, cuidarse es amarse.<\/p>\n<\/div><\/div><\/div><div class=\"fusion-layout-column fusion_builder_column fusion-builder-column-16 fusion_builder_column_2_5 2_5 fusion-flex-column\" style=\"--awb-bg-size:cover;--awb-width-large:40%;--awb-margin-top-large:0px;--awb-spacing-right-large:4.8%;--awb-margin-bottom-large:20px;--awb-spacing-left-large:4.8%;--awb-width-medium:40%;--awb-order-medium:0;--awb-spacing-right-medium:4.8%;--awb-spacing-left-medium:4.8%;--awb-width-small:100%;--awb-order-small:0;--awb-spacing-right-small:1.92%;--awb-spacing-left-small:1.92%;\"><div class=\"fusion-column-wrapper fusion-column-has-shadow fusion-flex-justify-content-flex-start fusion-content-layout-column\"><div class=\"fusion-separator fusion-full-width-sep\" style=\"align-self: center;margin-left: auto;margin-right: auto;margin-top:75px;width:100%;\"><\/div><div class=\"fusion-slider-sc\"><div class=\"fusion-flexslider-loading flexslider fusion-aligncenter flexslider-hover-type-zoomout\" data-slideshow_autoplay=\"1\" data-slideshow_smooth_height=\"1\" data-slideshow_speed=\"7000\" style=\"max-width:100%;height:100%;\"><ul class=\"slides\"><li class=\"image\"><span class=\"lazyload fusion-image-hover-element hover-type-zoomout\"><img decoding=\"async\" src=\"http:\/\/querendaro.gob.mx\/wp-content\/uploads\/2025\/10\/WhatsApp-Image-2025-10-24-at-12.05.38.jpeg\" data-orig-src=\"http:\/\/querendaro.gob.mx\/wp-content\/uploads\/2025\/10\/WhatsApp-Image-2025-10-24-at-12.05.38.jpeg\" width=\"1280\" height=\"853\" class=\"lazyload wp-image-1384\" srcset=\"data:image\/svg+xml,%3Csvg%20xmlns%3D%27http%3A%2F%2Fwww.w3.org%2F2000%2Fsvg%27%20width%3D%271280%27%20height%3D%27853%27%20viewBox%3D%270%200%201280%20853%27%3E%3Crect%20width%3D%271280%27%20height%3D%27853%27%20fill-opacity%3D%220%22%2F%3E%3C%2Fsvg%3E\" data-srcset=\"https:\/\/querendaro.gob.mx\/wp-content\/uploads\/2025\/10\/WhatsApp-Image-2025-10-24-at-12.05.38-200x133.jpeg 200w, https:\/\/querendaro.gob.mx\/wp-content\/uploads\/2025\/10\/WhatsApp-Image-2025-10-24-at-12.05.38-400x267.jpeg 400w, https:\/\/querendaro.gob.mx\/wp-content\/uploads\/2025\/10\/WhatsApp-Image-2025-10-24-at-12.05.38-600x400.jpeg 600w, https:\/\/querendaro.gob.mx\/wp-content\/uploads\/2025\/10\/WhatsApp-Image-2025-10-24-at-12.05.38-800x533.jpeg 800w, https:\/\/querendaro.gob.mx\/wp-content\/uploads\/2025\/10\/WhatsApp-Image-2025-10-24-at-12.05.38-1200x800.jpeg 1200w, https:\/\/querendaro.gob.mx\/wp-content\/uploads\/2025\/10\/WhatsApp-Image-2025-10-24-at-12.05.38.jpeg 1280w\" data-sizes=\"auto\" data-orig-sizes=\"(max-width: 900px) 100vw, 600px\" \/><\/span><\/li><li class=\"image\"><span class=\"lazyload fusion-image-hover-element hover-type-zoomout\"><img decoding=\"async\" src=\"http:\/\/querendaro.gob.mx\/wp-content\/uploads\/2025\/10\/WhatsApp-Image-2025-10-24-at-12.05.37.jpeg\" data-orig-src=\"http:\/\/querendaro.gob.mx\/wp-content\/uploads\/2025\/10\/WhatsApp-Image-2025-10-24-at-12.05.37.jpeg\" width=\"1600\" height=\"1068\" class=\"lazyload wp-image-1385\" srcset=\"data:image\/svg+xml,%3Csvg%20xmlns%3D%27http%3A%2F%2Fwww.w3.org%2F2000%2Fsvg%27%20width%3D%271600%27%20height%3D%271068%27%20viewBox%3D%270%200%201600%201068%27%3E%3Crect%20width%3D%271600%27%20height%3D%271068%27%20fill-opacity%3D%220%22%2F%3E%3C%2Fsvg%3E\" data-srcset=\"https:\/\/querendaro.gob.mx\/wp-content\/uploads\/2025\/10\/WhatsApp-Image-2025-10-24-at-12.05.37-200x134.jpeg 200w, https:\/\/querendaro.gob.mx\/wp-content\/uploads\/2025\/10\/WhatsApp-Image-2025-10-24-at-12.05.37-400x267.jpeg 400w, https:\/\/querendaro.gob.mx\/wp-content\/uploads\/2025\/10\/WhatsApp-Image-2025-10-24-at-12.05.37-600x401.jpeg 600w, https:\/\/querendaro.gob.mx\/wp-content\/uploads\/2025\/10\/WhatsApp-Image-2025-10-24-at-12.05.37-800x534.jpeg 800w, https:\/\/querendaro.gob.mx\/wp-content\/uploads\/2025\/10\/WhatsApp-Image-2025-10-24-at-12.05.37-1200x801.jpeg 1200w, https:\/\/querendaro.gob.mx\/wp-content\/uploads\/2025\/10\/WhatsApp-Image-2025-10-24-at-12.05.37.jpeg 1600w\" data-sizes=\"auto\" data-orig-sizes=\"(max-width: 900px) 100vw, 600px\" \/><\/span><\/li><li class=\"image\"><span class=\"lazyload fusion-image-hover-element hover-type-zoomout\"><img decoding=\"async\" src=\"http:\/\/querendaro.gob.mx\/wp-content\/uploads\/2025\/10\/WhatsApp-Image-2025-10-24-at-12.05.37-1.jpeg\" data-orig-src=\"http:\/\/querendaro.gob.mx\/wp-content\/uploads\/2025\/10\/WhatsApp-Image-2025-10-24-at-12.05.37-1.jpeg\" width=\"1600\" height=\"1068\" class=\"lazyload wp-image-1386\" srcset=\"data:image\/svg+xml,%3Csvg%20xmlns%3D%27http%3A%2F%2Fwww.w3.org%2F2000%2Fsvg%27%20width%3D%271600%27%20height%3D%271068%27%20viewBox%3D%270%200%201600%201068%27%3E%3Crect%20width%3D%271600%27%20height%3D%271068%27%20fill-opacity%3D%220%22%2F%3E%3C%2Fsvg%3E\" data-srcset=\"https:\/\/querendaro.gob.mx\/wp-content\/uploads\/2025\/10\/WhatsApp-Image-2025-10-24-at-12.05.37-1-200x134.jpeg 200w, https:\/\/querendaro.gob.mx\/wp-content\/uploads\/2025\/10\/WhatsApp-Image-2025-10-24-at-12.05.37-1-400x267.jpeg 400w, https:\/\/querendaro.gob.mx\/wp-content\/uploads\/2025\/10\/WhatsApp-Image-2025-10-24-at-12.05.37-1-600x401.jpeg 600w, https:\/\/querendaro.gob.mx\/wp-content\/uploads\/2025\/10\/WhatsApp-Image-2025-10-24-at-12.05.37-1-800x534.jpeg 800w, https:\/\/querendaro.gob.mx\/wp-content\/uploads\/2025\/10\/WhatsApp-Image-2025-10-24-at-12.05.37-1-1200x801.jpeg 1200w, https:\/\/querendaro.gob.mx\/wp-content\/uploads\/2025\/10\/WhatsApp-Image-2025-10-24-at-12.05.37-1.jpeg 1600w\" data-sizes=\"auto\" data-orig-sizes=\"(max-width: 900px) 100vw, 600px\" \/><\/span><\/li><\/ul><\/div><\/div><\/div><\/div><div class=\"fusion-layout-column fusion_builder_column fusion-builder-column-17 fusion_builder_column_1_1 1_1 fusion-flex-column\" style=\"--awb-bg-size:cover;--awb-width-large:100%;--awb-margin-top-large:0px;--awb-spacing-right-large:1.92%;--awb-margin-bottom-large:20px;--awb-spacing-left-large:1.92%;--awb-width-medium:100%;--awb-order-medium:0;--awb-spacing-right-medium:1.92%;--awb-spacing-left-medium:1.92%;--awb-width-small:100%;--awb-order-small:0;--awb-spacing-right-small:1.92%;--awb-spacing-left-small:1.92%;\"><div class=\"fusion-column-wrapper fusion-column-has-shadow fusion-flex-justify-content-flex-start fusion-content-layout-column\"><div class=\"fusion-separator fusion-full-width-sep\" style=\"align-self: center;margin-left: auto;margin-right: auto;width:100%;\"><div class=\"fusion-separator-border sep-double\" style=\"--awb-height:20px;--awb-amount:20px;--awb-sep-color:#8c3c6d;border-color:#8c3c6d;border-top-width:1px;border-bottom-width:1px;\"><\/div><\/div><\/div><\/div><\/div><\/div><div class=\"fusion-fullwidth fullwidth-box fusion-builder-row-7 fusion-flex-container has-pattern-background has-mask-background nonhundred-percent-fullwidth non-hundred-percent-height-scrolling\" style=\"--awb-border-radius-top-left:0px;--awb-border-radius-top-right:0px;--awb-border-radius-bottom-right:0px;--awb-border-radius-bottom-left:0px;--awb-flex-wrap:wrap;\" ><div class=\"fusion-builder-row fusion-row fusion-flex-align-items-flex-start fusion-flex-content-wrap\" style=\"max-width:1248px;margin-left: calc(-4% \/ 2 );margin-right: calc(-4% \/ 2 );\"><div class=\"fusion-layout-column fusion_builder_column fusion-builder-column-18 fusion_builder_column_3_5 3_5 fusion-flex-column\" style=\"--awb-bg-size:cover;--awb-width-large:60%;--awb-margin-top-large:0px;--awb-spacing-right-large:3.2%;--awb-margin-bottom-large:20px;--awb-spacing-left-large:3.2%;--awb-width-medium:60%;--awb-order-medium:0;--awb-spacing-right-medium:3.2%;--awb-spacing-left-medium:3.2%;--awb-width-small:100%;--awb-order-small:0;--awb-spacing-right-small:1.92%;--awb-spacing-left-small:1.92%;\"><div class=\"fusion-column-wrapper fusion-column-has-shadow fusion-flex-justify-content-flex-start fusion-content-layout-column\"><div class=\"fusion-text fusion-text-7\" style=\"--awb-content-alignment:justify;\"><p>\u201cMujerEs Michoac\u00e1n\u201d, un libro que honra nuestras luchas: Diana Caballero<\/p>\n<p>La presidenta municipal de Quer\u00e9ndaro, Diana Caballero Romero, particip\u00f3 en la obra \u201cMujerEs Michoac\u00e1n\u201d, un libro coordinado por la senadora Reyna Celeste Ascencio Ortega, que re\u00fane los testimonios y reflexiones de m\u00e1s de sesenta mujeres michoacanas que, desde distintos \u00e1mbitos, han contribuido a construir un estado m\u00e1s justo, paritario y con perspectiva de g\u00e9nero.<\/p>\n<p>Durante la presentaci\u00f3n del libro \u2014realizada en el Senado de la Rep\u00fablica y pr\u00f3xima a presentarse tambi\u00e9n en la Feria Internacional del Libro del Z\u00f3calo de la Ciudad de M\u00e9xico\u2014 la senadora Ascencio destac\u00f3 que esta publicaci\u00f3n busca visibilizar las luchas hist\u00f3ricas y actuales de las mujeres en la vida p\u00fablica, pol\u00edtica, acad\u00e9mica y comunitaria de Michoac\u00e1n.<\/p>\n<p>En su participaci\u00f3n dentro del libro, Diana Caballero comparti\u00f3 su experiencia como primera alcaldesa en la historia de Quer\u00e9ndaro, abordando los retos que enfrent\u00f3 como mujer joven en la pol\u00edtica y las barreras invisibles que muchas mujeres padecen al ocupar espacios de liderazgo. Su testimonio reflexion\u00f3 sobre las microviolencias cotidianas, los prejuicios de g\u00e9nero y la necesidad de construir redes de apoyo que fortalezcan la participaci\u00f3n pol\u00edtica de las mujeres en los municipios.<\/p>\n<p>\u201cMi aportaci\u00f3n busca visibilizar las luchas invisibles que enfrentamos las mujeres en la esfera p\u00fablica. Ser la primera presidenta municipal de Quer\u00e9ndaro no ha sido solo un reto personal, sino una responsabilidad colectiva para abrir camino a otras mujeres que tambi\u00e9n sue\u00f1an con servir desde el espacio p\u00fablico\u201d, expres\u00f3 Diana Caballero.<\/p>\n<p>La presidenta municipal agradeci\u00f3 a la senadora Celeste Ascencio por haberla incluido en esta publicaci\u00f3n que, dijo, \u201crepresenta un homenaje a la valent\u00eda, la voz y el esfuerzo de las mujeres michoacanas que todos los d\u00edas transforman su entorno\u201d.<\/p>\n<p>MujerEs Michoac\u00e1n es una compilaci\u00f3n plural que re\u00fane a mujeres provenientes de distintas regiones del estado \u2014incluidas representantes ind\u00edgenas, activistas, servidoras p\u00fablicas, acad\u00e9micas y lideresas sociales\u2014, con el objetivo de dejar testimonio de los desaf\u00edos y conquistas femeninas en la construcci\u00f3n de una sociedad m\u00e1s igualitaria.<\/p>\n<p>La obra ser\u00e1 distribuida en formato f\u00edsico y digital, y estar\u00e1 disponible para consulta p\u00fablica tras su presentaci\u00f3n oficial en la Feria Internacional del Libro del Z\u00f3calo 2025, el pr\u00f3ximo 15 de octubre.<\/p>\n<\/div><\/div><\/div><div class=\"fusion-layout-column fusion_builder_column fusion-builder-column-19 fusion_builder_column_2_5 2_5 fusion-flex-column\" style=\"--awb-bg-size:cover;--awb-width-large:40%;--awb-margin-top-large:0px;--awb-spacing-right-large:4.8%;--awb-margin-bottom-large:20px;--awb-spacing-left-large:4.8%;--awb-width-medium:40%;--awb-order-medium:0;--awb-spacing-right-medium:4.8%;--awb-spacing-left-medium:4.8%;--awb-width-small:100%;--awb-order-small:0;--awb-spacing-right-small:1.92%;--awb-spacing-left-small:1.92%;\"><div class=\"fusion-column-wrapper fusion-column-has-shadow fusion-flex-justify-content-flex-start fusion-content-layout-column\"><div class=\"fusion-separator fusion-full-width-sep\" style=\"align-self: center;margin-left: auto;margin-right: auto;margin-top:75px;width:100%;\"><\/div><div class=\"fusion-slider-sc\"><div class=\"fusion-flexslider-loading flexslider fusion-aligncenter flexslider-hover-type-zoomout\" data-slideshow_autoplay=\"1\" data-slideshow_smooth_height=\"1\" data-slideshow_speed=\"7000\" style=\"max-width:100%;height:100%;\"><ul class=\"slides\"><li class=\"image\"><span class=\"lazyload fusion-image-hover-element hover-type-zoomout\"><img decoding=\"async\" src=\"http:\/\/querendaro.gob.mx\/wp-content\/uploads\/2025\/10\/WhatsApp-Image-2025-10-10-at-10.23.13-1.jpeg\" data-orig-src=\"http:\/\/querendaro.gob.mx\/wp-content\/uploads\/2025\/10\/WhatsApp-Image-2025-10-10-at-10.23.13-1.jpeg\" width=\"1280\" height=\"853\" class=\"lazyload wp-image-1382\" srcset=\"data:image\/svg+xml,%3Csvg%20xmlns%3D%27http%3A%2F%2Fwww.w3.org%2F2000%2Fsvg%27%20width%3D%271280%27%20height%3D%27853%27%20viewBox%3D%270%200%201280%20853%27%3E%3Crect%20width%3D%271280%27%20height%3D%27853%27%20fill-opacity%3D%220%22%2F%3E%3C%2Fsvg%3E\" data-srcset=\"https:\/\/querendaro.gob.mx\/wp-content\/uploads\/2025\/10\/WhatsApp-Image-2025-10-10-at-10.23.13-1-200x133.jpeg 200w, https:\/\/querendaro.gob.mx\/wp-content\/uploads\/2025\/10\/WhatsApp-Image-2025-10-10-at-10.23.13-1-400x267.jpeg 400w, https:\/\/querendaro.gob.mx\/wp-content\/uploads\/2025\/10\/WhatsApp-Image-2025-10-10-at-10.23.13-1-600x400.jpeg 600w, https:\/\/querendaro.gob.mx\/wp-content\/uploads\/2025\/10\/WhatsApp-Image-2025-10-10-at-10.23.13-1-800x533.jpeg 800w, https:\/\/querendaro.gob.mx\/wp-content\/uploads\/2025\/10\/WhatsApp-Image-2025-10-10-at-10.23.13-1-1200x800.jpeg 1200w, https:\/\/querendaro.gob.mx\/wp-content\/uploads\/2025\/10\/WhatsApp-Image-2025-10-10-at-10.23.13-1.jpeg 1280w\" data-sizes=\"auto\" data-orig-sizes=\"(max-width: 900px) 100vw, 600px\" \/><\/span><\/li><li class=\"image\"><span class=\"lazyload fusion-image-hover-element hover-type-zoomout\"><img decoding=\"async\" src=\"http:\/\/querendaro.gob.mx\/wp-content\/uploads\/2025\/10\/WhatsApp-Image-2025-10-10-at-10.23.14.jpeg\" data-orig-src=\"http:\/\/querendaro.gob.mx\/wp-content\/uploads\/2025\/10\/WhatsApp-Image-2025-10-10-at-10.23.14.jpeg\" width=\"1280\" height=\"853\" class=\"lazyload wp-image-1381\" srcset=\"data:image\/svg+xml,%3Csvg%20xmlns%3D%27http%3A%2F%2Fwww.w3.org%2F2000%2Fsvg%27%20width%3D%271280%27%20height%3D%27853%27%20viewBox%3D%270%200%201280%20853%27%3E%3Crect%20width%3D%271280%27%20height%3D%27853%27%20fill-opacity%3D%220%22%2F%3E%3C%2Fsvg%3E\" data-srcset=\"https:\/\/querendaro.gob.mx\/wp-content\/uploads\/2025\/10\/WhatsApp-Image-2025-10-10-at-10.23.14-200x133.jpeg 200w, https:\/\/querendaro.gob.mx\/wp-content\/uploads\/2025\/10\/WhatsApp-Image-2025-10-10-at-10.23.14-400x267.jpeg 400w, https:\/\/querendaro.gob.mx\/wp-content\/uploads\/2025\/10\/WhatsApp-Image-2025-10-10-at-10.23.14-600x400.jpeg 600w, https:\/\/querendaro.gob.mx\/wp-content\/uploads\/2025\/10\/WhatsApp-Image-2025-10-10-at-10.23.14-800x533.jpeg 800w, https:\/\/querendaro.gob.mx\/wp-content\/uploads\/2025\/10\/WhatsApp-Image-2025-10-10-at-10.23.14-1200x800.jpeg 1200w, https:\/\/querendaro.gob.mx\/wp-content\/uploads\/2025\/10\/WhatsApp-Image-2025-10-10-at-10.23.14.jpeg 1280w\" data-sizes=\"auto\" data-orig-sizes=\"(max-width: 900px) 100vw, 600px\" \/><\/span><\/li><li class=\"image\"><span class=\"lazyload fusion-image-hover-element hover-type-zoomout\"><img decoding=\"async\" src=\"http:\/\/querendaro.gob.mx\/wp-content\/uploads\/2025\/10\/WhatsApp-Image-2025-10-10-at-10.23.13.jpeg\" data-orig-src=\"http:\/\/querendaro.gob.mx\/wp-content\/uploads\/2025\/10\/WhatsApp-Image-2025-10-10-at-10.23.13.jpeg\" width=\"1280\" height=\"853\" class=\"lazyload wp-image-1383\" srcset=\"data:image\/svg+xml,%3Csvg%20xmlns%3D%27http%3A%2F%2Fwww.w3.org%2F2000%2Fsvg%27%20width%3D%271280%27%20height%3D%27853%27%20viewBox%3D%270%200%201280%20853%27%3E%3Crect%20width%3D%271280%27%20height%3D%27853%27%20fill-opacity%3D%220%22%2F%3E%3C%2Fsvg%3E\" data-srcset=\"https:\/\/querendaro.gob.mx\/wp-content\/uploads\/2025\/10\/WhatsApp-Image-2025-10-10-at-10.23.13-200x133.jpeg 200w, https:\/\/querendaro.gob.mx\/wp-content\/uploads\/2025\/10\/WhatsApp-Image-2025-10-10-at-10.23.13-400x267.jpeg 400w, https:\/\/querendaro.gob.mx\/wp-content\/uploads\/2025\/10\/WhatsApp-Image-2025-10-10-at-10.23.13-600x400.jpeg 600w, https:\/\/querendaro.gob.mx\/wp-content\/uploads\/2025\/10\/WhatsApp-Image-2025-10-10-at-10.23.13-800x533.jpeg 800w, https:\/\/querendaro.gob.mx\/wp-content\/uploads\/2025\/10\/WhatsApp-Image-2025-10-10-at-10.23.13-1200x800.jpeg 1200w, https:\/\/querendaro.gob.mx\/wp-content\/uploads\/2025\/10\/WhatsApp-Image-2025-10-10-at-10.23.13.jpeg 1280w\" data-sizes=\"auto\" data-orig-sizes=\"(max-width: 900px) 100vw, 600px\" \/><\/span><\/li><\/ul><\/div><\/div><\/div><\/div><div class=\"fusion-layout-column fusion_builder_column fusion-builder-column-20 fusion_builder_column_1_1 1_1 fusion-flex-column\" style=\"--awb-bg-size:cover;--awb-width-large:100%;--awb-margin-top-large:0px;--awb-spacing-right-large:1.92%;--awb-margin-bottom-large:20px;--awb-spacing-left-large:1.92%;--awb-width-medium:100%;--awb-order-medium:0;--awb-spacing-right-medium:1.92%;--awb-spacing-left-medium:1.92%;--awb-width-small:100%;--awb-order-small:0;--awb-spacing-right-small:1.92%;--awb-spacing-left-small:1.92%;\"><div class=\"fusion-column-wrapper fusion-column-has-shadow fusion-flex-justify-content-flex-start fusion-content-layout-column\"><div class=\"fusion-separator fusion-full-width-sep\" style=\"align-self: center;margin-left: auto;margin-right: auto;width:100%;\"><div class=\"fusion-separator-border sep-double\" style=\"--awb-height:20px;--awb-amount:20px;--awb-sep-color:#8c3c6d;border-color:#8c3c6d;border-top-width:1px;border-bottom-width:1px;\"><\/div><\/div><\/div><\/div><\/div><\/div><div class=\"fusion-fullwidth fullwidth-box fusion-builder-row-8 fusion-flex-container has-pattern-background has-mask-background nonhundred-percent-fullwidth non-hundred-percent-height-scrolling\" style=\"--awb-border-radius-top-left:0px;--awb-border-radius-top-right:0px;--awb-border-radius-bottom-right:0px;--awb-border-radius-bottom-left:0px;--awb-flex-wrap:wrap;\" ><div class=\"fusion-builder-row fusion-row fusion-flex-align-items-flex-start fusion-flex-content-wrap\" style=\"max-width:1248px;margin-left: calc(-4% \/ 2 );margin-right: calc(-4% \/ 2 );\"><div class=\"fusion-layout-column fusion_builder_column fusion-builder-column-21 fusion_builder_column_3_5 3_5 fusion-flex-column\" style=\"--awb-bg-size:cover;--awb-width-large:60%;--awb-margin-top-large:0px;--awb-spacing-right-large:3.2%;--awb-margin-bottom-large:20px;--awb-spacing-left-large:3.2%;--awb-width-medium:60%;--awb-order-medium:0;--awb-spacing-right-medium:3.2%;--awb-spacing-left-medium:3.2%;--awb-width-small:100%;--awb-order-small:0;--awb-spacing-right-small:1.92%;--awb-spacing-left-small:1.92%;\"><div class=\"fusion-column-wrapper fusion-column-has-shadow fusion-flex-justify-content-flex-start fusion-content-layout-column\"><div class=\"fusion-text fusion-text-8\" style=\"--awb-content-alignment:justify;\"><p>Quer\u00e9ndaro, Michoac\u00e1n, septiembre 2025<\/p>\n<p>Diana Caballero restablece las audiencias ciudadanas: Quer\u00e9ndaro<\/p>\n<p>Con el firme compromiso de mantener un gobierno cercano, sensible y presente, la presidenta municipal Diana Caballero anunci\u00f3 el restablecimiento de las audiencias ciudadanas, un espacio abierto para que las y los querendarenses puedan expresar de manera directa sus inquietudes, necesidades y propuestas.<\/p>\n<p>Diana Caballero subray\u00f3 que \u201cescuchar de frente a la gente es la base de una administraci\u00f3n que da resultados\u201d, destacando que estas audiencias fortalecen la comunicaci\u00f3n entre gobierno y comunidad, permitiendo atender de primera mano cada solicitud y construir soluciones conjuntas.<\/p>\n<p>\u201cUn gobierno que escucha es un gobierno que avanza. Quer\u00e9ndaro merece una presidenta que trabaje tanto desde el escritorio, con planeaci\u00f3n y gesti\u00f3n, como en el territorio, junto a la ciudadan\u00eda\u201d, expres\u00f3.<\/p>\n<p>Las audiencias ciudadanas se llevar\u00e1n a cabo de forma peri\u00f3dica en la presidencia municipal y en las comunidades, garantizando condiciones para un di\u00e1logo directo y una atenci\u00f3n inmediata a los temas que m\u00e1s importan a la poblaci\u00f3n.<\/p>\n<p>Con esta acci\u00f3n, el Ayuntamiento de Quer\u00e9ndaro reafirma su compromiso de ser un gobierno cercano, humano y sensible, que fortalece la confianza de la gente y consolida el lema que distingue a la administraci\u00f3n de Diana Caballero: \u201cUna presidenta que escucha\u201d.<\/p>\n<\/div><\/div><\/div><div class=\"fusion-layout-column fusion_builder_column fusion-builder-column-22 fusion_builder_column_2_5 2_5 fusion-flex-column\" style=\"--awb-bg-size:cover;--awb-width-large:40%;--awb-margin-top-large:0px;--awb-spacing-right-large:4.8%;--awb-margin-bottom-large:20px;--awb-spacing-left-large:4.8%;--awb-width-medium:40%;--awb-order-medium:0;--awb-spacing-right-medium:4.8%;--awb-spacing-left-medium:4.8%;--awb-width-small:100%;--awb-order-small:0;--awb-spacing-right-small:1.92%;--awb-spacing-left-small:1.92%;\"><div class=\"fusion-column-wrapper fusion-column-has-shadow fusion-flex-justify-content-flex-start fusion-content-layout-column\"><div class=\"fusion-separator fusion-full-width-sep\" style=\"align-self: center;margin-left: auto;margin-right: auto;margin-top:75px;width:100%;\"><\/div><div class=\"fusion-slider-sc\"><div class=\"fusion-flexslider-loading flexslider fusion-aligncenter flexslider-hover-type-zoomout\" data-slideshow_autoplay=\"1\" data-slideshow_smooth_height=\"1\" data-slideshow_speed=\"7000\" style=\"max-width:100%;height:100%;\"><ul class=\"slides\"><li class=\"image\"><span class=\"lazyload fusion-image-hover-element hover-type-zoomout\"><img decoding=\"async\" src=\"http:\/\/querendaro.gob.mx\/wp-content\/uploads\/2025\/09\/WhatsApp-Image-2025-09-19-at-10.17.28.jpeg\" data-orig-src=\"http:\/\/querendaro.gob.mx\/wp-content\/uploads\/2025\/09\/WhatsApp-Image-2025-09-19-at-10.17.28.jpeg\" width=\"1600\" height=\"1066\" class=\"lazyload wp-image-1375\" srcset=\"data:image\/svg+xml,%3Csvg%20xmlns%3D%27http%3A%2F%2Fwww.w3.org%2F2000%2Fsvg%27%20width%3D%271600%27%20height%3D%271066%27%20viewBox%3D%270%200%201600%201066%27%3E%3Crect%20width%3D%271600%27%20height%3D%271066%27%20fill-opacity%3D%220%22%2F%3E%3C%2Fsvg%3E\" data-srcset=\"https:\/\/querendaro.gob.mx\/wp-content\/uploads\/2025\/09\/WhatsApp-Image-2025-09-19-at-10.17.28-200x133.jpeg 200w, https:\/\/querendaro.gob.mx\/wp-content\/uploads\/2025\/09\/WhatsApp-Image-2025-09-19-at-10.17.28-400x267.jpeg 400w, https:\/\/querendaro.gob.mx\/wp-content\/uploads\/2025\/09\/WhatsApp-Image-2025-09-19-at-10.17.28-600x400.jpeg 600w, https:\/\/querendaro.gob.mx\/wp-content\/uploads\/2025\/09\/WhatsApp-Image-2025-09-19-at-10.17.28-800x533.jpeg 800w, https:\/\/querendaro.gob.mx\/wp-content\/uploads\/2025\/09\/WhatsApp-Image-2025-09-19-at-10.17.28-1200x800.jpeg 1200w, https:\/\/querendaro.gob.mx\/wp-content\/uploads\/2025\/09\/WhatsApp-Image-2025-09-19-at-10.17.28.jpeg 1600w\" data-sizes=\"auto\" data-orig-sizes=\"(max-width: 900px) 100vw, 600px\" \/><\/span><\/li><li class=\"image\"><span class=\"lazyload fusion-image-hover-element hover-type-zoomout\"><img decoding=\"async\" src=\"http:\/\/querendaro.gob.mx\/wp-content\/uploads\/2025\/09\/WhatsApp-Image-2025-09-19-at-10.17.27.jpeg\" data-orig-src=\"http:\/\/querendaro.gob.mx\/wp-content\/uploads\/2025\/09\/WhatsApp-Image-2025-09-19-at-10.17.27.jpeg\" width=\"1600\" height=\"1066\" class=\"lazyload wp-image-1374\" srcset=\"data:image\/svg+xml,%3Csvg%20xmlns%3D%27http%3A%2F%2Fwww.w3.org%2F2000%2Fsvg%27%20width%3D%271600%27%20height%3D%271066%27%20viewBox%3D%270%200%201600%201066%27%3E%3Crect%20width%3D%271600%27%20height%3D%271066%27%20fill-opacity%3D%220%22%2F%3E%3C%2Fsvg%3E\" data-srcset=\"https:\/\/querendaro.gob.mx\/wp-content\/uploads\/2025\/09\/WhatsApp-Image-2025-09-19-at-10.17.27-200x133.jpeg 200w, https:\/\/querendaro.gob.mx\/wp-content\/uploads\/2025\/09\/WhatsApp-Image-2025-09-19-at-10.17.27-400x267.jpeg 400w, https:\/\/querendaro.gob.mx\/wp-content\/uploads\/2025\/09\/WhatsApp-Image-2025-09-19-at-10.17.27-600x400.jpeg 600w, https:\/\/querendaro.gob.mx\/wp-content\/uploads\/2025\/09\/WhatsApp-Image-2025-09-19-at-10.17.27-800x533.jpeg 800w, https:\/\/querendaro.gob.mx\/wp-content\/uploads\/2025\/09\/WhatsApp-Image-2025-09-19-at-10.17.27-1200x800.jpeg 1200w, https:\/\/querendaro.gob.mx\/wp-content\/uploads\/2025\/09\/WhatsApp-Image-2025-09-19-at-10.17.27.jpeg 1600w\" data-sizes=\"auto\" data-orig-sizes=\"(max-width: 900px) 100vw, 600px\" \/><\/span><\/li><\/ul><\/div><\/div><\/div><\/div><div class=\"fusion-layout-column fusion_builder_column fusion-builder-column-23 fusion_builder_column_1_1 1_1 fusion-flex-column\" style=\"--awb-bg-size:cover;--awb-width-large:100%;--awb-margin-top-large:0px;--awb-spacing-right-large:1.92%;--awb-margin-bottom-large:20px;--awb-spacing-left-large:1.92%;--awb-width-medium:100%;--awb-order-medium:0;--awb-spacing-right-medium:1.92%;--awb-spacing-left-medium:1.92%;--awb-width-small:100%;--awb-order-small:0;--awb-spacing-right-small:1.92%;--awb-spacing-left-small:1.92%;\"><div class=\"fusion-column-wrapper fusion-column-has-shadow fusion-flex-justify-content-flex-start fusion-content-layout-column\"><div class=\"fusion-separator fusion-full-width-sep\" style=\"align-self: center;margin-left: auto;margin-right: auto;width:100%;\"><div class=\"fusion-separator-border sep-double\" style=\"--awb-height:20px;--awb-amount:20px;--awb-sep-color:#8c3c6d;border-color:#8c3c6d;border-top-width:1px;border-bottom-width:1px;\"><\/div><\/div><\/div><\/div><\/div><\/div><div class=\"fusion-fullwidth fullwidth-box fusion-builder-row-9 fusion-flex-container has-pattern-background has-mask-background nonhundred-percent-fullwidth non-hundred-percent-height-scrolling\" style=\"--awb-border-radius-top-left:0px;--awb-border-radius-top-right:0px;--awb-border-radius-bottom-right:0px;--awb-border-radius-bottom-left:0px;--awb-flex-wrap:wrap;\" ><div class=\"fusion-builder-row fusion-row fusion-flex-align-items-flex-start fusion-flex-content-wrap\" style=\"max-width:1248px;margin-left: calc(-4% \/ 2 );margin-right: calc(-4% \/ 2 );\"><div class=\"fusion-layout-column fusion_builder_column fusion-builder-column-24 fusion_builder_column_3_5 3_5 fusion-flex-column\" style=\"--awb-bg-size:cover;--awb-width-large:60%;--awb-margin-top-large:0px;--awb-spacing-right-large:3.2%;--awb-margin-bottom-large:20px;--awb-spacing-left-large:3.2%;--awb-width-medium:60%;--awb-order-medium:0;--awb-spacing-right-medium:3.2%;--awb-spacing-left-medium:3.2%;--awb-width-small:100%;--awb-order-small:0;--awb-spacing-right-small:1.92%;--awb-spacing-left-small:1.92%;\"><div class=\"fusion-column-wrapper fusion-column-has-shadow fusion-flex-justify-content-flex-start fusion-content-layout-column\"><div class=\"fusion-text fusion-text-9\" style=\"--awb-content-alignment:justify;\"><p>Quer\u00e9ndaro hace historia con su primer Desfile C\u00edvico-Militar y un mensaje de paz<br \/>\nSeptiembre 2025<br \/>\nQuer\u00e9ndaro vivi\u00f3 una jornada memorable al realizar, por primera vez en su historia, el Desfile C\u00edvico-Militar del 16 de Septiembre, que llen\u00f3 de orgullo y emoci\u00f3n las principales calles de la cabecera municipal.<\/p>\n<p>Encabezado por la presidenta municipal Diana Caballero, el Cabildo y personal del Ej\u00e9rcito Mexicano de la XXI Zona Militar, el desfile reuni\u00f3 a cientos de familias que aplaudieron el paso de estudiantes, organizaciones sociales, autoridades policiales y, de manera in\u00e9dita, de soldados y grupos especiales del Ej\u00e9rcito con veh\u00edculos de exhibici\u00f3n.<\/p>\n<p>\u201cEste es un acto hist\u00f3rico que fortalece nuestra identidad y nos une como pueblo. Con respeto y admiraci\u00f3n honramos a quienes forjaron la libertad de la naci\u00f3n y reafirmamos nuestro compromiso con la paz y el futuro de Quer\u00e9ndaro\u201d, expres\u00f3 la alcaldesa, quien march\u00f3 al frente del contingente oficial.<\/p>\n<p>La parada comenz\u00f3 en la calle 18 de Marzo y recorri\u00f3 arterias principales, mientras los habitantes viv\u00edan la emoci\u00f3n de ver por primera vez a las fuerzas armadas en un desfile local. Previamente, se realiz\u00f3 el izamiento de la Bandera Nacional y una ofrenda al Padre de la Patria, Don Miguel Hidalgo, con la participaci\u00f3n de regidores, directores y la banda de guerra de la primaria \u201cNicol\u00e1s Bravo\u201d.<\/p>\n<p>La celebraci\u00f3n patri\u00f3tica se sum\u00f3 a la ceremonia del Grito de Independencia, realizada la noche anterior. En su primer grito como presidenta municipal, Diana Caballero llam\u00f3 a la unidad y a la construcci\u00f3n de la paz:<br \/>\n\u201cQue esta fecha siga siendo inspiraci\u00f3n para mantener viva nuestra identidad y caminar juntos hacia un Quer\u00e9ndaro seguro, pr\u00f3spero y solidario\u201d.<\/p>\n<p>Con esta hist\u00f3rica jornada, Quer\u00e9ndaro no solo honr\u00f3 el 215 aniversario del inicio de la Independencia de M\u00e9xico, sino que reafirm\u00f3 su compromiso de trabajar, hombro con hombro, por la uni\u00f3n y el bienestar de toda la comunidad.<\/p>\n<\/div><\/div><\/div><div class=\"fusion-layout-column fusion_builder_column fusion-builder-column-25 fusion_builder_column_2_5 2_5 fusion-flex-column\" style=\"--awb-bg-size:cover;--awb-width-large:40%;--awb-margin-top-large:0px;--awb-spacing-right-large:4.8%;--awb-margin-bottom-large:20px;--awb-spacing-left-large:4.8%;--awb-width-medium:40%;--awb-order-medium:0;--awb-spacing-right-medium:4.8%;--awb-spacing-left-medium:4.8%;--awb-width-small:100%;--awb-order-small:0;--awb-spacing-right-small:1.92%;--awb-spacing-left-small:1.92%;\"><div class=\"fusion-column-wrapper fusion-column-has-shadow fusion-flex-justify-content-flex-start fusion-content-layout-column\"><div class=\"fusion-separator fusion-full-width-sep\" style=\"align-self: center;margin-left: auto;margin-right: auto;margin-top:75px;width:100%;\"><\/div><div class=\"fusion-slider-sc\"><div class=\"fusion-flexslider-loading flexslider fusion-aligncenter flexslider-hover-type-zoomout\" data-slideshow_autoplay=\"1\" data-slideshow_smooth_height=\"1\" data-slideshow_speed=\"7000\" style=\"max-width:100%;height:100%;\"><ul class=\"slides\"><li class=\"image\"><span class=\"lazyload fusion-image-hover-element hover-type-zoomout\"><img decoding=\"async\" src=\"http:\/\/querendaro.gob.mx\/wp-content\/uploads\/2025\/09\/WhatsApp-Image-2025-09-17-at-14.56.36.jpeg\" data-orig-src=\"http:\/\/querendaro.gob.mx\/wp-content\/uploads\/2025\/09\/WhatsApp-Image-2025-09-17-at-14.56.36.jpeg\" width=\"1280\" height=\"853\" class=\"lazyload wp-image-1373\" srcset=\"data:image\/svg+xml,%3Csvg%20xmlns%3D%27http%3A%2F%2Fwww.w3.org%2F2000%2Fsvg%27%20width%3D%271280%27%20height%3D%27853%27%20viewBox%3D%270%200%201280%20853%27%3E%3Crect%20width%3D%271280%27%20height%3D%27853%27%20fill-opacity%3D%220%22%2F%3E%3C%2Fsvg%3E\" data-srcset=\"https:\/\/querendaro.gob.mx\/wp-content\/uploads\/2025\/09\/WhatsApp-Image-2025-09-17-at-14.56.36-200x133.jpeg 200w, https:\/\/querendaro.gob.mx\/wp-content\/uploads\/2025\/09\/WhatsApp-Image-2025-09-17-at-14.56.36-400x267.jpeg 400w, https:\/\/querendaro.gob.mx\/wp-content\/uploads\/2025\/09\/WhatsApp-Image-2025-09-17-at-14.56.36-600x400.jpeg 600w, https:\/\/querendaro.gob.mx\/wp-content\/uploads\/2025\/09\/WhatsApp-Image-2025-09-17-at-14.56.36-800x533.jpeg 800w, https:\/\/querendaro.gob.mx\/wp-content\/uploads\/2025\/09\/WhatsApp-Image-2025-09-17-at-14.56.36-1200x800.jpeg 1200w, https:\/\/querendaro.gob.mx\/wp-content\/uploads\/2025\/09\/WhatsApp-Image-2025-09-17-at-14.56.36.jpeg 1280w\" data-sizes=\"auto\" data-orig-sizes=\"(max-width: 900px) 100vw, 600px\" \/><\/span><\/li><li class=\"image\"><span class=\"lazyload fusion-image-hover-element hover-type-zoomout\"><img decoding=\"async\" src=\"http:\/\/querendaro.gob.mx\/wp-content\/uploads\/2025\/09\/WhatsApp-Image-2025-09-17-at-14.56.35.jpeg\" data-orig-src=\"http:\/\/querendaro.gob.mx\/wp-content\/uploads\/2025\/09\/WhatsApp-Image-2025-09-17-at-14.56.35.jpeg\" width=\"1600\" height=\"1066\" class=\"lazyload wp-image-1372\" srcset=\"data:image\/svg+xml,%3Csvg%20xmlns%3D%27http%3A%2F%2Fwww.w3.org%2F2000%2Fsvg%27%20width%3D%271600%27%20height%3D%271066%27%20viewBox%3D%270%200%201600%201066%27%3E%3Crect%20width%3D%271600%27%20height%3D%271066%27%20fill-opacity%3D%220%22%2F%3E%3C%2Fsvg%3E\" data-srcset=\"https:\/\/querendaro.gob.mx\/wp-content\/uploads\/2025\/09\/WhatsApp-Image-2025-09-17-at-14.56.35-200x133.jpeg 200w, https:\/\/querendaro.gob.mx\/wp-content\/uploads\/2025\/09\/WhatsApp-Image-2025-09-17-at-14.56.35-400x267.jpeg 400w, https:\/\/querendaro.gob.mx\/wp-content\/uploads\/2025\/09\/WhatsApp-Image-2025-09-17-at-14.56.35-600x400.jpeg 600w, https:\/\/querendaro.gob.mx\/wp-content\/uploads\/2025\/09\/WhatsApp-Image-2025-09-17-at-14.56.35-800x533.jpeg 800w, https:\/\/querendaro.gob.mx\/wp-content\/uploads\/2025\/09\/WhatsApp-Image-2025-09-17-at-14.56.35-1200x800.jpeg 1200w, https:\/\/querendaro.gob.mx\/wp-content\/uploads\/2025\/09\/WhatsApp-Image-2025-09-17-at-14.56.35.jpeg 1600w\" data-sizes=\"auto\" data-orig-sizes=\"(max-width: 900px) 100vw, 600px\" \/><\/span><\/li><li class=\"image\"><span class=\"lazyload fusion-image-hover-element hover-type-zoomout\"><img decoding=\"async\" src=\"http:\/\/querendaro.gob.mx\/wp-content\/uploads\/2025\/09\/WhatsApp-Image-2025-09-17-at-14.56.35-1.jpeg\" data-orig-src=\"http:\/\/querendaro.gob.mx\/wp-content\/uploads\/2025\/09\/WhatsApp-Image-2025-09-17-at-14.56.35-1.jpeg\" width=\"1600\" height=\"1066\" class=\"lazyload wp-image-1371\" srcset=\"data:image\/svg+xml,%3Csvg%20xmlns%3D%27http%3A%2F%2Fwww.w3.org%2F2000%2Fsvg%27%20width%3D%271600%27%20height%3D%271066%27%20viewBox%3D%270%200%201600%201066%27%3E%3Crect%20width%3D%271600%27%20height%3D%271066%27%20fill-opacity%3D%220%22%2F%3E%3C%2Fsvg%3E\" data-srcset=\"https:\/\/querendaro.gob.mx\/wp-content\/uploads\/2025\/09\/WhatsApp-Image-2025-09-17-at-14.56.35-1-200x133.jpeg 200w, https:\/\/querendaro.gob.mx\/wp-content\/uploads\/2025\/09\/WhatsApp-Image-2025-09-17-at-14.56.35-1-400x267.jpeg 400w, https:\/\/querendaro.gob.mx\/wp-content\/uploads\/2025\/09\/WhatsApp-Image-2025-09-17-at-14.56.35-1-600x400.jpeg 600w, https:\/\/querendaro.gob.mx\/wp-content\/uploads\/2025\/09\/WhatsApp-Image-2025-09-17-at-14.56.35-1-800x533.jpeg 800w, https:\/\/querendaro.gob.mx\/wp-content\/uploads\/2025\/09\/WhatsApp-Image-2025-09-17-at-14.56.35-1-1200x800.jpeg 1200w, https:\/\/querendaro.gob.mx\/wp-content\/uploads\/2025\/09\/WhatsApp-Image-2025-09-17-at-14.56.35-1.jpeg 1600w\" data-sizes=\"auto\" data-orig-sizes=\"(max-width: 900px) 100vw, 600px\" \/><\/span><\/li><\/ul><\/div><\/div><\/div><\/div><div class=\"fusion-layout-column fusion_builder_column fusion-builder-column-26 fusion_builder_column_1_1 1_1 fusion-flex-column\" style=\"--awb-bg-size:cover;--awb-width-large:100%;--awb-margin-top-large:0px;--awb-spacing-right-large:1.92%;--awb-margin-bottom-large:20px;--awb-spacing-left-large:1.92%;--awb-width-medium:100%;--awb-order-medium:0;--awb-spacing-right-medium:1.92%;--awb-spacing-left-medium:1.92%;--awb-width-small:100%;--awb-order-small:0;--awb-spacing-right-small:1.92%;--awb-spacing-left-small:1.92%;\"><div class=\"fusion-column-wrapper fusion-column-has-shadow fusion-flex-justify-content-flex-start fusion-content-layout-column\"><div class=\"fusion-separator fusion-full-width-sep\" style=\"align-self: center;margin-left: auto;margin-right: auto;width:100%;\"><div class=\"fusion-separator-border sep-double\" style=\"--awb-height:20px;--awb-amount:20px;--awb-sep-color:#8c3c6d;border-color:#8c3c6d;border-top-width:1px;border-bottom-width:1px;\"><\/div><\/div><\/div><\/div><\/div><\/div><div class=\"fusion-fullwidth fullwidth-box fusion-builder-row-10 fusion-flex-container has-pattern-background has-mask-background nonhundred-percent-fullwidth non-hundred-percent-height-scrolling\" style=\"--awb-border-radius-top-left:0px;--awb-border-radius-top-right:0px;--awb-border-radius-bottom-right:0px;--awb-border-radius-bottom-left:0px;--awb-flex-wrap:wrap;\" ><div class=\"fusion-builder-row fusion-row fusion-flex-align-items-flex-start fusion-flex-content-wrap\" style=\"max-width:1248px;margin-left: calc(-4% \/ 2 );margin-right: calc(-4% \/ 2 );\"><div class=\"fusion-layout-column fusion_builder_column fusion-builder-column-27 fusion_builder_column_3_5 3_5 fusion-flex-column\" style=\"--awb-bg-size:cover;--awb-width-large:60%;--awb-margin-top-large:0px;--awb-spacing-right-large:3.2%;--awb-margin-bottom-large:20px;--awb-spacing-left-large:3.2%;--awb-width-medium:60%;--awb-order-medium:0;--awb-spacing-right-medium:3.2%;--awb-spacing-left-medium:3.2%;--awb-width-small:100%;--awb-order-small:0;--awb-spacing-right-small:1.92%;--awb-spacing-left-small:1.92%;\"><div class=\"fusion-column-wrapper fusion-column-has-shadow fusion-flex-justify-content-flex-start fusion-content-layout-column\"><div class=\"fusion-text fusion-text-10\" style=\"--awb-content-alignment:justify;\"><p>Quer\u00e9ndaro arranca el Mes Patrio con la publicaci\u00f3n del Bando Solemne<\/p>\n<p>Quer\u00e9ndaro, Michoac\u00e1n, 10 de septiembre de 2025.- El municipio de Quer\u00e9ndaro dio inicio a las celebraciones del Mes Patrio con la tradicional publicaci\u00f3n del Bando Solemne, acto encabezado por la presidenta municipal Diana Caballero Romero, en compa\u00f1\u00eda de integrantes del Cabildo, directores municipales y autoridades de seguridad.<\/p>\n<p>Con este evento se marca el arranque oficial de las actividades c\u00edvicas y culturales programadas para septiembre, mes en el que se conmemora la historia y las ra\u00edces que fortalecen la identidad nacional y local.<\/p>\n<p>El calendario contempla:<\/p>\n<p>\u2022\u2060 \u206013 de septiembre: Ceremonia conmemorativa por el Aniversario del Sacrificio de los Ni\u00f1os H\u00e9roes, a cargo de la Escuela Primaria Nicol\u00e1s Bravo, turno matutino.<br \/>\n\u2022\u2060 \u206015 de septiembre: El tradicional Grito de Independencia en la explanada municipal, encabezado por la presidenta municipal, seguido de la presentaci\u00f3n del grupo regional mexicano \u201cBanda Llano Verde de Zirahu\u00e9n\u201d.<br \/>\n\u2022\u2060 \u206021 de septiembre: Primera edici\u00f3n de la Rodada por la Paz, actividad conmemorativa del D\u00eda Internacional de la Paz, pensada como un acto simb\u00f3lico para fortalecer la unidad y la convivencia social.<\/p>\n<p>En su mensaje, la presidenta municipal subray\u00f3 que la publicaci\u00f3n del Bando Solemne no solo es el inicio de las festividades, sino tambi\u00e9n una invitaci\u00f3n a la ciudadan\u00eda a participar con orgullo y responsabilidad, recordando que en momentos como este la unidad y la paz resultan fundamentales.<\/p>\n<p>Con estas actividades, Quer\u00e9ndaro reafirma su compromiso con la historia, la cultura y el fortalecimiento de la identidad comunitaria.<\/p>\n<\/div><\/div><\/div><div class=\"fusion-layout-column fusion_builder_column fusion-builder-column-28 fusion_builder_column_2_5 2_5 fusion-flex-column\" style=\"--awb-bg-size:cover;--awb-width-large:40%;--awb-margin-top-large:0px;--awb-spacing-right-large:4.8%;--awb-margin-bottom-large:20px;--awb-spacing-left-large:4.8%;--awb-width-medium:40%;--awb-order-medium:0;--awb-spacing-right-medium:4.8%;--awb-spacing-left-medium:4.8%;--awb-width-small:100%;--awb-order-small:0;--awb-spacing-right-small:1.92%;--awb-spacing-left-small:1.92%;\"><div class=\"fusion-column-wrapper fusion-column-has-shadow fusion-flex-justify-content-flex-start fusion-content-layout-column\"><div class=\"fusion-separator fusion-full-width-sep\" style=\"align-self: center;margin-left: auto;margin-right: auto;margin-top:75px;width:100%;\"><\/div><div class=\"fusion-slider-sc\"><div class=\"fusion-flexslider-loading flexslider fusion-aligncenter flexslider-hover-type-zoomout\" data-slideshow_autoplay=\"1\" data-slideshow_smooth_height=\"1\" data-slideshow_speed=\"7000\" style=\"max-width:100%;height:100%;\"><ul class=\"slides\"><li class=\"image\"><span class=\"lazyload fusion-image-hover-element hover-type-zoomout\"><img decoding=\"async\" src=\"data:image\/gif;base64,R0lGODlhAQABAAAAACH5BAEKAAEALAAAAAABAAEAAAICTAEAOw==\" data-orig-src=\"http:\/\/querendaro.gob.mx\/wp-content\/uploads\/2025\/09\/WhatsApp-Image-2025-09-10-at-13.14.28.jpeg\" class=\"lazyload wp-image-1365\" \/><\/span><\/li><\/ul><\/div><\/div><\/div><\/div><div class=\"fusion-layout-column fusion_builder_column fusion-builder-column-29 fusion_builder_column_1_1 1_1 fusion-flex-column\" style=\"--awb-bg-size:cover;--awb-width-large:100%;--awb-margin-top-large:0px;--awb-spacing-right-large:1.92%;--awb-margin-bottom-large:20px;--awb-spacing-left-large:1.92%;--awb-width-medium:100%;--awb-order-medium:0;--awb-spacing-right-medium:1.92%;--awb-spacing-left-medium:1.92%;--awb-width-small:100%;--awb-order-small:0;--awb-spacing-right-small:1.92%;--awb-spacing-left-small:1.92%;\"><div class=\"fusion-column-wrapper fusion-column-has-shadow fusion-flex-justify-content-flex-start fusion-content-layout-column\"><div class=\"fusion-separator fusion-full-width-sep\" style=\"align-self: center;margin-left: auto;margin-right: auto;width:100%;\"><div class=\"fusion-separator-border sep-double\" style=\"--awb-height:20px;--awb-amount:20px;--awb-sep-color:#8c3c6d;border-color:#8c3c6d;border-top-width:1px;border-bottom-width:1px;\"><\/div><\/div><\/div><\/div><\/div><\/div><div class=\"fusion-fullwidth fullwidth-box fusion-builder-row-11 fusion-flex-container has-pattern-background has-mask-background nonhundred-percent-fullwidth non-hundred-percent-height-scrolling\" style=\"--awb-border-radius-top-left:0px;--awb-border-radius-top-right:0px;--awb-border-radius-bottom-right:0px;--awb-border-radius-bottom-left:0px;--awb-flex-wrap:wrap;\" ><div class=\"fusion-builder-row fusion-row fusion-flex-align-items-flex-start fusion-flex-content-wrap\" style=\"max-width:1248px;margin-left: calc(-4% \/ 2 );margin-right: calc(-4% \/ 2 );\"><div class=\"fusion-layout-column fusion_builder_column fusion-builder-column-30 fusion_builder_column_3_5 3_5 fusion-flex-column\" style=\"--awb-bg-size:cover;--awb-width-large:60%;--awb-margin-top-large:0px;--awb-spacing-right-large:3.2%;--awb-margin-bottom-large:20px;--awb-spacing-left-large:3.2%;--awb-width-medium:60%;--awb-order-medium:0;--awb-spacing-right-medium:3.2%;--awb-spacing-left-medium:3.2%;--awb-width-small:100%;--awb-order-small:0;--awb-spacing-right-small:1.92%;--awb-spacing-left-small:1.92%;\"><div class=\"fusion-column-wrapper fusion-column-has-shadow fusion-flex-justify-content-flex-start fusion-content-layout-column\"><div class=\"fusion-text fusion-text-11\" style=\"--awb-content-alignment:justify;\"><p>El campo no est\u00e1 solo: Diana Caballero refrenda su compromiso con el Ejido de Quer\u00e9ndaro<\/p>\n<p>Quer\u00e9ndaro, Michoac\u00e1n.- 30 de julio de 2025<\/p>\n<p>Desde el inicio de esta administraci\u00f3n, la presidenta municipal de Quer\u00e9ndaro, Diana Caballero, ha sostenido una premisa clara: si al campo le va bien, a Quer\u00e9ndaro tambi\u00e9n. Por ello, hoy reitera que el respaldo al ejido no es discurso, es acci\u00f3n.<\/p>\n<p>En esta temporada de lluvias, cuando la tierra reclama atenci\u00f3n urgente, el Gobierno Municipal de Quer\u00e9ndaro brind\u00f3 apoyo directo al Ejido de Quer\u00e9ndaro para la renta de maquinaria destinada a la limpieza de canales de drenes. Esta intervenci\u00f3n se ha realizado en zonas clave para asegurar la fluidez del agua y proteger los cultivos.<\/p>\n<p>Gracias a la coordinaci\u00f3n con el Gobierno del Estado de Michoac\u00e1n, el secretario Cuauht\u00e9moc Ram\u00edrez Romero y la Secretar\u00eda de Comunicaciones y Obras P\u00fablicas (SCOP), se cont\u00f3 con maquinaria estatal que trabaj\u00f3 desde Los Zapotes hasta San Sebasti\u00e1n, logrando una baja importante en los niveles de los cajones interparcelarios.<\/p>\n<p>\u201cDonde volteemos, el campo nos recuerda qui\u00e9nes somos. Nos da identidad como comunidad y tambi\u00e9n orgullo, por el esfuerzo de generaciones que han hecho de Quer\u00e9ndaro una tierra de dignidad y trabajo. Hoy m\u00e1s que nunca, lo decimos fuerte: aqu\u00ed, el campo nunca est\u00e1 solo\u201d, declar\u00f3 Diana Caballero.<\/p>\n<p>Adem\u00e1s de esta intervenci\u00f3n, tambi\u00e9n se destinaron recursos para introducir maquinaria en los potreros de Las Grandes, La Caja, El Mezquite de Los Ahogados, Santiago, El Alto, La Puerta de Medina, Poder, San Juanes, Mar\u00eda, El Huizache, La Luc\u00eda y La Concepci\u00f3n.<\/p>\n<p>\u201cSeguiremos trabajando hombro a hombro con nuestras y nuestros productores, con amor por la tierra, con voluntad y con resultados, porque Quer\u00e9ndaro se transforma desde sus ra\u00edces\u201d, concluy\u00f3 la presidenta municipal.<\/p>\n<\/div><\/div><\/div><div class=\"fusion-layout-column fusion_builder_column fusion-builder-column-31 fusion_builder_column_2_5 2_5 fusion-flex-column\" style=\"--awb-bg-size:cover;--awb-width-large:40%;--awb-margin-top-large:0px;--awb-spacing-right-large:4.8%;--awb-margin-bottom-large:20px;--awb-spacing-left-large:4.8%;--awb-width-medium:40%;--awb-order-medium:0;--awb-spacing-right-medium:4.8%;--awb-spacing-left-medium:4.8%;--awb-width-small:100%;--awb-order-small:0;--awb-spacing-right-small:1.92%;--awb-spacing-left-small:1.92%;\"><div class=\"fusion-column-wrapper fusion-column-has-shadow fusion-flex-justify-content-flex-start fusion-content-layout-column\"><div class=\"fusion-separator fusion-full-width-sep\" style=\"align-self: center;margin-left: auto;margin-right: auto;margin-top:75px;width:100%;\"><\/div><div class=\"fusion-slider-sc\"><div class=\"fusion-flexslider-loading flexslider fusion-aligncenter flexslider-hover-type-zoomout\" data-slideshow_autoplay=\"1\" data-slideshow_smooth_height=\"1\" data-slideshow_speed=\"7000\" style=\"max-width:100%;height:100%;\"><ul class=\"slides\"><li class=\"image\"><span class=\"lazyload fusion-image-hover-element hover-type-zoomout\"><img decoding=\"async\" src=\"http:\/\/querendaro.gob.mx\/wp-content\/uploads\/2025\/07\/WhatsApp-Image-2025-07-30-at-09.42.31.jpeg\" data-orig-src=\"http:\/\/querendaro.gob.mx\/wp-content\/uploads\/2025\/07\/WhatsApp-Image-2025-07-30-at-09.42.31.jpeg\" width=\"1080\" height=\"1440\" class=\"lazyload wp-image-1359\" srcset=\"data:image\/svg+xml,%3Csvg%20xmlns%3D%27http%3A%2F%2Fwww.w3.org%2F2000%2Fsvg%27%20width%3D%271080%27%20height%3D%271440%27%20viewBox%3D%270%200%201080%201440%27%3E%3Crect%20width%3D%271080%27%20height%3D%271440%27%20fill-opacity%3D%220%22%2F%3E%3C%2Fsvg%3E\" data-srcset=\"https:\/\/querendaro.gob.mx\/wp-content\/uploads\/2025\/07\/WhatsApp-Image-2025-07-30-at-09.42.31-200x267.jpeg 200w, https:\/\/querendaro.gob.mx\/wp-content\/uploads\/2025\/07\/WhatsApp-Image-2025-07-30-at-09.42.31-400x533.jpeg 400w, https:\/\/querendaro.gob.mx\/wp-content\/uploads\/2025\/07\/WhatsApp-Image-2025-07-30-at-09.42.31-600x800.jpeg 600w, https:\/\/querendaro.gob.mx\/wp-content\/uploads\/2025\/07\/WhatsApp-Image-2025-07-30-at-09.42.31-800x1067.jpeg 800w, https:\/\/querendaro.gob.mx\/wp-content\/uploads\/2025\/07\/WhatsApp-Image-2025-07-30-at-09.42.31.jpeg 1080w\" data-sizes=\"auto\" data-orig-sizes=\"(max-width: 900px) 100vw, 600px\" \/><\/span><\/li><li class=\"image\"><span class=\"lazyload fusion-image-hover-element hover-type-zoomout\"><img decoding=\"async\" src=\"http:\/\/querendaro.gob.mx\/wp-content\/uploads\/2025\/07\/WhatsApp-Image-2025-07-30-at-09.42.41.jpeg\" data-orig-src=\"http:\/\/querendaro.gob.mx\/wp-content\/uploads\/2025\/07\/WhatsApp-Image-2025-07-30-at-09.42.41.jpeg\" width=\"1440\" height=\"916\" class=\"lazyload wp-image-1360\" srcset=\"data:image\/svg+xml,%3Csvg%20xmlns%3D%27http%3A%2F%2Fwww.w3.org%2F2000%2Fsvg%27%20width%3D%271440%27%20height%3D%27916%27%20viewBox%3D%270%200%201440%20916%27%3E%3Crect%20width%3D%271440%27%20height%3D%27916%27%20fill-opacity%3D%220%22%2F%3E%3C%2Fsvg%3E\" data-srcset=\"https:\/\/querendaro.gob.mx\/wp-content\/uploads\/2025\/07\/WhatsApp-Image-2025-07-30-at-09.42.41-200x127.jpeg 200w, https:\/\/querendaro.gob.mx\/wp-content\/uploads\/2025\/07\/WhatsApp-Image-2025-07-30-at-09.42.41-400x254.jpeg 400w, https:\/\/querendaro.gob.mx\/wp-content\/uploads\/2025\/07\/WhatsApp-Image-2025-07-30-at-09.42.41-600x382.jpeg 600w, https:\/\/querendaro.gob.mx\/wp-content\/uploads\/2025\/07\/WhatsApp-Image-2025-07-30-at-09.42.41-800x509.jpeg 800w, https:\/\/querendaro.gob.mx\/wp-content\/uploads\/2025\/07\/WhatsApp-Image-2025-07-30-at-09.42.41-1200x763.jpeg 1200w, https:\/\/querendaro.gob.mx\/wp-content\/uploads\/2025\/07\/WhatsApp-Image-2025-07-30-at-09.42.41.jpeg 1440w\" data-sizes=\"auto\" data-orig-sizes=\"(max-width: 900px) 100vw, 600px\" \/><\/span><\/li><\/ul><\/div><\/div><\/div><\/div><div class=\"fusion-layout-column fusion_builder_column fusion-builder-column-32 fusion_builder_column_2_5 2_5 fusion-flex-column\" style=\"--awb-bg-size:cover;--awb-width-large:40%;--awb-margin-top-large:0px;--awb-spacing-right-large:4.8%;--awb-margin-bottom-large:20px;--awb-spacing-left-large:4.8%;--awb-width-medium:40%;--awb-order-medium:0;--awb-spacing-right-medium:4.8%;--awb-spacing-left-medium:4.8%;--awb-width-small:100%;--awb-order-small:0;--awb-spacing-right-small:1.92%;--awb-spacing-left-small:1.92%;\"><div class=\"fusion-column-wrapper fusion-column-has-shadow fusion-flex-justify-content-flex-start fusion-content-layout-column\"><div class=\"fusion-separator fusion-full-width-sep\" style=\"align-self: center;margin-left: auto;margin-right: auto;margin-top:75px;width:100%;\"><\/div><div class=\"fusion-slider-sc\"><div class=\"fusion-flexslider-loading flexslider fusion-aligncenter flexslider-hover-type-zoomout\" data-slideshow_autoplay=\"1\" data-slideshow_smooth_height=\"1\" data-slideshow_speed=\"7000\" style=\"max-width:100%;height:100%;\"><ul class=\"slides\"><li class=\"image\"><span class=\"lazyload fusion-image-hover-element hover-type-zoomout\"><img decoding=\"async\" src=\"http:\/\/querendaro.gob.mx\/wp-content\/uploads\/2025\/07\/WhatsApp-Image-2025-06-30-at-19.48.18-2-scaled.jpeg\" data-orig-src=\"http:\/\/querendaro.gob.mx\/wp-content\/uploads\/2025\/07\/WhatsApp-Image-2025-06-30-at-19.48.18-2-scaled.jpeg\" width=\"2560\" height=\"1706\" class=\"lazyload wp-image-1340\" srcset=\"data:image\/svg+xml,%3Csvg%20xmlns%3D%27http%3A%2F%2Fwww.w3.org%2F2000%2Fsvg%27%20width%3D%272560%27%20height%3D%271706%27%20viewBox%3D%270%200%202560%201706%27%3E%3Crect%20width%3D%272560%27%20height%3D%271706%27%20fill-opacity%3D%220%22%2F%3E%3C%2Fsvg%3E\" data-srcset=\"https:\/\/querendaro.gob.mx\/wp-content\/uploads\/2025\/07\/WhatsApp-Image-2025-06-30-at-19.48.18-2-200x133.jpeg 200w, https:\/\/querendaro.gob.mx\/wp-content\/uploads\/2025\/07\/WhatsApp-Image-2025-06-30-at-19.48.18-2-400x267.jpeg 400w, https:\/\/querendaro.gob.mx\/wp-content\/uploads\/2025\/07\/WhatsApp-Image-2025-06-30-at-19.48.18-2-600x400.jpeg 600w, https:\/\/querendaro.gob.mx\/wp-content\/uploads\/2025\/07\/WhatsApp-Image-2025-06-30-at-19.48.18-2-800x533.jpeg 800w, https:\/\/querendaro.gob.mx\/wp-content\/uploads\/2025\/07\/WhatsApp-Image-2025-06-30-at-19.48.18-2-1200x800.jpeg 1200w, https:\/\/querendaro.gob.mx\/wp-content\/uploads\/2025\/07\/WhatsApp-Image-2025-06-30-at-19.48.18-2-scaled.jpeg 2560w\" data-sizes=\"auto\" data-orig-sizes=\"(max-width: 900px) 100vw, 600px\" \/><\/span><\/li><li class=\"image\"><span class=\"lazyload fusion-image-hover-element hover-type-zoomout\"><img decoding=\"async\" src=\"http:\/\/querendaro.gob.mx\/wp-content\/uploads\/2025\/07\/WhatsApp-Image-2025-06-30-at-19.48.17-1-scaled.jpeg\" data-orig-src=\"http:\/\/querendaro.gob.mx\/wp-content\/uploads\/2025\/07\/WhatsApp-Image-2025-06-30-at-19.48.17-1-scaled.jpeg\" width=\"2560\" height=\"1706\" class=\"lazyload wp-image-1337\" srcset=\"data:image\/svg+xml,%3Csvg%20xmlns%3D%27http%3A%2F%2Fwww.w3.org%2F2000%2Fsvg%27%20width%3D%272560%27%20height%3D%271706%27%20viewBox%3D%270%200%202560%201706%27%3E%3Crect%20width%3D%272560%27%20height%3D%271706%27%20fill-opacity%3D%220%22%2F%3E%3C%2Fsvg%3E\" data-srcset=\"https:\/\/querendaro.gob.mx\/wp-content\/uploads\/2025\/07\/WhatsApp-Image-2025-06-30-at-19.48.17-1-200x133.jpeg 200w, https:\/\/querendaro.gob.mx\/wp-content\/uploads\/2025\/07\/WhatsApp-Image-2025-06-30-at-19.48.17-1-400x267.jpeg 400w, https:\/\/querendaro.gob.mx\/wp-content\/uploads\/2025\/07\/WhatsApp-Image-2025-06-30-at-19.48.17-1-600x400.jpeg 600w, https:\/\/querendaro.gob.mx\/wp-content\/uploads\/2025\/07\/WhatsApp-Image-2025-06-30-at-19.48.17-1-800x533.jpeg 800w, https:\/\/querendaro.gob.mx\/wp-content\/uploads\/2025\/07\/WhatsApp-Image-2025-06-30-at-19.48.17-1-1200x800.jpeg 1200w, https:\/\/querendaro.gob.mx\/wp-content\/uploads\/2025\/07\/WhatsApp-Image-2025-06-30-at-19.48.17-1-scaled.jpeg 2560w\" data-sizes=\"auto\" data-orig-sizes=\"(max-width: 900px) 100vw, 600px\" \/><\/span><\/li><li class=\"image\"><span class=\"lazyload fusion-image-hover-element hover-type-zoomout\"><img decoding=\"async\" src=\"http:\/\/querendaro.gob.mx\/wp-content\/uploads\/2025\/07\/WhatsApp-Image-2025-06-30-at-19.48.18-1-scaled.jpeg\" data-orig-src=\"http:\/\/querendaro.gob.mx\/wp-content\/uploads\/2025\/07\/WhatsApp-Image-2025-06-30-at-19.48.18-1-scaled.jpeg\" width=\"2560\" height=\"1706\" class=\"lazyload wp-image-1339\" srcset=\"data:image\/svg+xml,%3Csvg%20xmlns%3D%27http%3A%2F%2Fwww.w3.org%2F2000%2Fsvg%27%20width%3D%272560%27%20height%3D%271706%27%20viewBox%3D%270%200%202560%201706%27%3E%3Crect%20width%3D%272560%27%20height%3D%271706%27%20fill-opacity%3D%220%22%2F%3E%3C%2Fsvg%3E\" data-srcset=\"https:\/\/querendaro.gob.mx\/wp-content\/uploads\/2025\/07\/WhatsApp-Image-2025-06-30-at-19.48.18-1-200x133.jpeg 200w, https:\/\/querendaro.gob.mx\/wp-content\/uploads\/2025\/07\/WhatsApp-Image-2025-06-30-at-19.48.18-1-400x267.jpeg 400w, https:\/\/querendaro.gob.mx\/wp-content\/uploads\/2025\/07\/WhatsApp-Image-2025-06-30-at-19.48.18-1-600x400.jpeg 600w, https:\/\/querendaro.gob.mx\/wp-content\/uploads\/2025\/07\/WhatsApp-Image-2025-06-30-at-19.48.18-1-800x533.jpeg 800w, https:\/\/querendaro.gob.mx\/wp-content\/uploads\/2025\/07\/WhatsApp-Image-2025-06-30-at-19.48.18-1-1200x800.jpeg 1200w, https:\/\/querendaro.gob.mx\/wp-content\/uploads\/2025\/07\/WhatsApp-Image-2025-06-30-at-19.48.18-1-scaled.jpeg 2560w\" data-sizes=\"auto\" data-orig-sizes=\"(max-width: 900px) 100vw, 600px\" \/><\/span><\/li><\/ul><\/div><\/div><\/div><\/div><div class=\"fusion-layout-column fusion_builder_column fusion-builder-column-33 fusion_builder_column_1_1 1_1 fusion-flex-column\" style=\"--awb-bg-size:cover;--awb-width-large:100%;--awb-margin-top-large:0px;--awb-spacing-right-large:1.92%;--awb-margin-bottom-large:20px;--awb-spacing-left-large:1.92%;--awb-width-medium:100%;--awb-order-medium:0;--awb-spacing-right-medium:1.92%;--awb-spacing-left-medium:1.92%;--awb-width-small:100%;--awb-order-small:0;--awb-spacing-right-small:1.92%;--awb-spacing-left-small:1.92%;\"><div class=\"fusion-column-wrapper fusion-column-has-shadow fusion-flex-justify-content-flex-start fusion-content-layout-column\"><\/div><\/div><div class=\"fusion-layout-column fusion_builder_column fusion-builder-column-34 fusion_builder_column_1_1 1_1 fusion-flex-column\" style=\"--awb-bg-size:cover;--awb-width-large:100%;--awb-margin-top-large:0px;--awb-spacing-right-large:1.92%;--awb-margin-bottom-large:20px;--awb-spacing-left-large:1.92%;--awb-width-medium:100%;--awb-order-medium:0;--awb-spacing-right-medium:1.92%;--awb-spacing-left-medium:1.92%;--awb-width-small:100%;--awb-order-small:0;--awb-spacing-right-small:1.92%;--awb-spacing-left-small:1.92%;\"><div class=\"fusion-column-wrapper fusion-column-has-shadow fusion-flex-justify-content-flex-start fusion-content-layout-column\"><div class=\"fusion-separator fusion-full-width-sep\" style=\"align-self: center;margin-left: auto;margin-right: auto;width:100%;\"><div class=\"fusion-separator-border sep-double\" style=\"--awb-height:20px;--awb-amount:20px;--awb-sep-color:#7c3870;border-color:#7c3870;border-top-width:1px;border-bottom-width:1px;\"><\/div><\/div><\/div><\/div><\/div><\/div><div class=\"fusion-fullwidth fullwidth-box fusion-builder-row-12 fusion-flex-container has-pattern-background has-mask-background nonhundred-percent-fullwidth non-hundred-percent-height-scrolling\" style=\"--awb-border-radius-top-left:0px;--awb-border-radius-top-right:0px;--awb-border-radius-bottom-right:0px;--awb-border-radius-bottom-left:0px;--awb-flex-wrap:wrap;\" ><div class=\"fusion-builder-row fusion-row fusion-flex-align-items-flex-start fusion-flex-content-wrap\" style=\"max-width:1248px;margin-left: calc(-4% \/ 2 );margin-right: calc(-4% \/ 2 );\"><div class=\"fusion-layout-column fusion_builder_column fusion-builder-column-35 fusion_builder_column_3_5 3_5 fusion-flex-column\" style=\"--awb-bg-size:cover;--awb-width-large:60%;--awb-margin-top-large:0px;--awb-spacing-right-large:3.2%;--awb-margin-bottom-large:20px;--awb-spacing-left-large:3.2%;--awb-width-medium:60%;--awb-order-medium:0;--awb-spacing-right-medium:3.2%;--awb-spacing-left-medium:3.2%;--awb-width-small:100%;--awb-order-small:0;--awb-spacing-right-small:1.92%;--awb-spacing-left-small:1.92%;\"><div class=\"fusion-column-wrapper fusion-column-has-shadow fusion-flex-justify-content-flex-start fusion-content-layout-column\"><div class=\"fusion-text fusion-text-12\" style=\"--awb-content-alignment:justify;\"><p>Quer\u00e9ndaro, Michoac\u00e1n \u2014 8 Julio 2025<\/p>\n<p>Apoyo con calentadores solares transforma hogares en Quer\u00e9ndaro: Diana Caballero<\/p>\n<p>En un paso firme hacia el impulso de energ\u00edas limpias y el fortalecimiento de la econom\u00eda familiar, el Gobierno Municipal de Quer\u00e9ndaro encabezado por la edil, Diana Caballero, benefici\u00f3 a 163 familias con la entrega de calentadores solares, impactando directamente a m\u00e1s de 1,000 personas del municipio.<\/p>\n<p>La iniciativa, gestionada a trav\u00e9s de la Direcci\u00f3n de Bienestar, representa un doble beneficio: reduce el gasto en gas dom\u00e9stico y promueve el cuidado del medio ambiente mediante el uso de tecnolog\u00edas sostenibles. Con este programa, Quer\u00e9ndaro avanza en su compromiso con la justicia social, brindando herramientas que mejoran la calidad de vida de las familias y ayudan a construir un futuro m\u00e1s sustentable.<\/p>\n<p>\u201cEstas acciones reflejan nuestra visi\u00f3n de un Quer\u00e9ndaro que progresa con justicia social y respeto al medio ambiente. Seguiremos tocando puertas y gestionando recursos para llevar m\u00e1s beneficios a nuestras comunidades\u201d, expres\u00f3 la Presidenta Municipal, Diana Caballero Romero, durante la entrega.<\/p>\n<p>Cada calentador solar fue subsidiado en m\u00e1s del 65% de su costo, de 8 y 10 tubos, lo que hizo posible que m\u00e1s familias accedieran a esta tecnolog\u00eda. Este esfuerzo es parte de una pol\u00edtica p\u00fablica municipal orientada a transformar los hogares desde lo cotidiano, priorizando a quienes m\u00e1s lo necesitan.<\/p>\n<p>Con acciones como esta, el Ayuntamiento de Quer\u00e9ndaro reafirma su compromiso con el bienestar de las familias y con la construcci\u00f3n de un municipio m\u00e1s justo, limpio y solidario<\/p>\n<\/div><\/div><\/div><div class=\"fusion-layout-column fusion_builder_column fusion-builder-column-36 fusion_builder_column_2_5 2_5 fusion-flex-column\" style=\"--awb-bg-size:cover;--awb-width-large:40%;--awb-margin-top-large:0px;--awb-spacing-right-large:4.8%;--awb-margin-bottom-large:20px;--awb-spacing-left-large:4.8%;--awb-width-medium:40%;--awb-order-medium:0;--awb-spacing-right-medium:4.8%;--awb-spacing-left-medium:4.8%;--awb-width-small:100%;--awb-order-small:0;--awb-spacing-right-small:1.92%;--awb-spacing-left-small:1.92%;\"><div class=\"fusion-column-wrapper fusion-column-has-shadow fusion-flex-justify-content-flex-start fusion-content-layout-column\"><div class=\"fusion-separator fusion-full-width-sep\" style=\"align-self: center;margin-left: auto;margin-right: auto;margin-top:75px;width:100%;\"><\/div><div class=\"fusion-slider-sc\"><div class=\"fusion-flexslider-loading flexslider fusion-aligncenter flexslider-hover-type-zoomout\" data-slideshow_autoplay=\"1\" data-slideshow_smooth_height=\"1\" data-slideshow_speed=\"7000\" style=\"max-width:100%;height:100%;\"><ul class=\"slides\"><li class=\"image\"><span class=\"lazyload fusion-image-hover-element hover-type-zoomout\"><img decoding=\"async\" src=\"http:\/\/querendaro.gob.mx\/wp-content\/uploads\/2025\/07\/2.jpeg\" data-orig-src=\"http:\/\/querendaro.gob.mx\/wp-content\/uploads\/2025\/07\/2.jpeg\" width=\"1440\" height=\"958\" class=\"lazyload wp-image-1347\" srcset=\"data:image\/svg+xml,%3Csvg%20xmlns%3D%27http%3A%2F%2Fwww.w3.org%2F2000%2Fsvg%27%20width%3D%271440%27%20height%3D%27958%27%20viewBox%3D%270%200%201440%20958%27%3E%3Crect%20width%3D%271440%27%20height%3D%27958%27%20fill-opacity%3D%220%22%2F%3E%3C%2Fsvg%3E\" data-srcset=\"https:\/\/querendaro.gob.mx\/wp-content\/uploads\/2025\/07\/2-200x133.jpeg 200w, https:\/\/querendaro.gob.mx\/wp-content\/uploads\/2025\/07\/2-400x266.jpeg 400w, https:\/\/querendaro.gob.mx\/wp-content\/uploads\/2025\/07\/2-600x399.jpeg 600w, https:\/\/querendaro.gob.mx\/wp-content\/uploads\/2025\/07\/2-800x532.jpeg 800w, https:\/\/querendaro.gob.mx\/wp-content\/uploads\/2025\/07\/2-1200x798.jpeg 1200w, https:\/\/querendaro.gob.mx\/wp-content\/uploads\/2025\/07\/2.jpeg 1440w\" data-sizes=\"auto\" data-orig-sizes=\"(max-width: 900px) 100vw, 600px\" \/><\/span><\/li><li class=\"image\"><span class=\"lazyload fusion-image-hover-element hover-type-zoomout\"><img decoding=\"async\" src=\"http:\/\/querendaro.gob.mx\/wp-content\/uploads\/2025\/07\/3.jpeg\" data-orig-src=\"http:\/\/querendaro.gob.mx\/wp-content\/uploads\/2025\/07\/3.jpeg\" width=\"1440\" height=\"957\" class=\"lazyload wp-image-1348\" srcset=\"data:image\/svg+xml,%3Csvg%20xmlns%3D%27http%3A%2F%2Fwww.w3.org%2F2000%2Fsvg%27%20width%3D%271440%27%20height%3D%27957%27%20viewBox%3D%270%200%201440%20957%27%3E%3Crect%20width%3D%271440%27%20height%3D%27957%27%20fill-opacity%3D%220%22%2F%3E%3C%2Fsvg%3E\" data-srcset=\"https:\/\/querendaro.gob.mx\/wp-content\/uploads\/2025\/07\/3-200x133.jpeg 200w, https:\/\/querendaro.gob.mx\/wp-content\/uploads\/2025\/07\/3-400x266.jpeg 400w, https:\/\/querendaro.gob.mx\/wp-content\/uploads\/2025\/07\/3-600x399.jpeg 600w, https:\/\/querendaro.gob.mx\/wp-content\/uploads\/2025\/07\/3-800x532.jpeg 800w, https:\/\/querendaro.gob.mx\/wp-content\/uploads\/2025\/07\/3-1200x798.jpeg 1200w, https:\/\/querendaro.gob.mx\/wp-content\/uploads\/2025\/07\/3.jpeg 1440w\" data-sizes=\"auto\" data-orig-sizes=\"(max-width: 900px) 100vw, 600px\" \/><\/span><\/li><li class=\"image\"><span class=\"lazyload fusion-image-hover-element hover-type-zoomout\"><img decoding=\"async\" src=\"http:\/\/querendaro.gob.mx\/wp-content\/uploads\/2025\/07\/4.jpeg\" data-orig-src=\"http:\/\/querendaro.gob.mx\/wp-content\/uploads\/2025\/07\/4.jpeg\" width=\"1440\" height=\"960\" class=\"lazyload wp-image-1349\" srcset=\"data:image\/svg+xml,%3Csvg%20xmlns%3D%27http%3A%2F%2Fwww.w3.org%2F2000%2Fsvg%27%20width%3D%271440%27%20height%3D%27960%27%20viewBox%3D%270%200%201440%20960%27%3E%3Crect%20width%3D%271440%27%20height%3D%27960%27%20fill-opacity%3D%220%22%2F%3E%3C%2Fsvg%3E\" data-srcset=\"https:\/\/querendaro.gob.mx\/wp-content\/uploads\/2025\/07\/4-200x133.jpeg 200w, https:\/\/querendaro.gob.mx\/wp-content\/uploads\/2025\/07\/4-400x267.jpeg 400w, https:\/\/querendaro.gob.mx\/wp-content\/uploads\/2025\/07\/4-600x400.jpeg 600w, https:\/\/querendaro.gob.mx\/wp-content\/uploads\/2025\/07\/4-800x533.jpeg 800w, https:\/\/querendaro.gob.mx\/wp-content\/uploads\/2025\/07\/4-1200x800.jpeg 1200w, https:\/\/querendaro.gob.mx\/wp-content\/uploads\/2025\/07\/4.jpeg 1440w\" data-sizes=\"auto\" data-orig-sizes=\"(max-width: 900px) 100vw, 600px\" \/><\/span><\/li><\/ul><\/div><\/div><\/div><\/div><div class=\"fusion-layout-column fusion_builder_column fusion-builder-column-37 fusion_builder_column_2_5 2_5 fusion-flex-column\" style=\"--awb-bg-size:cover;--awb-width-large:40%;--awb-margin-top-large:0px;--awb-spacing-right-large:4.8%;--awb-margin-bottom-large:20px;--awb-spacing-left-large:4.8%;--awb-width-medium:40%;--awb-order-medium:0;--awb-spacing-right-medium:4.8%;--awb-spacing-left-medium:4.8%;--awb-width-small:100%;--awb-order-small:0;--awb-spacing-right-small:1.92%;--awb-spacing-left-small:1.92%;\"><div class=\"fusion-column-wrapper fusion-column-has-shadow fusion-flex-justify-content-flex-start fusion-content-layout-column\"><div class=\"fusion-separator fusion-full-width-sep\" style=\"align-self: center;margin-left: auto;margin-right: auto;margin-top:75px;width:100%;\"><\/div><div class=\"fusion-slider-sc\"><div class=\"fusion-flexslider-loading flexslider fusion-aligncenter flexslider-hover-type-zoomout\" data-slideshow_autoplay=\"1\" data-slideshow_smooth_height=\"1\" data-slideshow_speed=\"7000\" style=\"max-width:100%;height:100%;\"><ul class=\"slides\"><li class=\"image\"><span class=\"lazyload fusion-image-hover-element hover-type-zoomout\"><img decoding=\"async\" src=\"http:\/\/querendaro.gob.mx\/wp-content\/uploads\/2025\/07\/WhatsApp-Image-2025-06-30-at-19.48.18-2-scaled.jpeg\" data-orig-src=\"http:\/\/querendaro.gob.mx\/wp-content\/uploads\/2025\/07\/WhatsApp-Image-2025-06-30-at-19.48.18-2-scaled.jpeg\" width=\"2560\" height=\"1706\" class=\"lazyload wp-image-1340\" srcset=\"data:image\/svg+xml,%3Csvg%20xmlns%3D%27http%3A%2F%2Fwww.w3.org%2F2000%2Fsvg%27%20width%3D%272560%27%20height%3D%271706%27%20viewBox%3D%270%200%202560%201706%27%3E%3Crect%20width%3D%272560%27%20height%3D%271706%27%20fill-opacity%3D%220%22%2F%3E%3C%2Fsvg%3E\" data-srcset=\"https:\/\/querendaro.gob.mx\/wp-content\/uploads\/2025\/07\/WhatsApp-Image-2025-06-30-at-19.48.18-2-200x133.jpeg 200w, https:\/\/querendaro.gob.mx\/wp-content\/uploads\/2025\/07\/WhatsApp-Image-2025-06-30-at-19.48.18-2-400x267.jpeg 400w, https:\/\/querendaro.gob.mx\/wp-content\/uploads\/2025\/07\/WhatsApp-Image-2025-06-30-at-19.48.18-2-600x400.jpeg 600w, https:\/\/querendaro.gob.mx\/wp-content\/uploads\/2025\/07\/WhatsApp-Image-2025-06-30-at-19.48.18-2-800x533.jpeg 800w, https:\/\/querendaro.gob.mx\/wp-content\/uploads\/2025\/07\/WhatsApp-Image-2025-06-30-at-19.48.18-2-1200x800.jpeg 1200w, https:\/\/querendaro.gob.mx\/wp-content\/uploads\/2025\/07\/WhatsApp-Image-2025-06-30-at-19.48.18-2-scaled.jpeg 2560w\" data-sizes=\"auto\" data-orig-sizes=\"(max-width: 900px) 100vw, 600px\" \/><\/span><\/li><li class=\"image\"><span class=\"lazyload fusion-image-hover-element hover-type-zoomout\"><img decoding=\"async\" src=\"http:\/\/querendaro.gob.mx\/wp-content\/uploads\/2025\/07\/WhatsApp-Image-2025-06-30-at-19.48.17-1-scaled.jpeg\" data-orig-src=\"http:\/\/querendaro.gob.mx\/wp-content\/uploads\/2025\/07\/WhatsApp-Image-2025-06-30-at-19.48.17-1-scaled.jpeg\" width=\"2560\" height=\"1706\" class=\"lazyload wp-image-1337\" srcset=\"data:image\/svg+xml,%3Csvg%20xmlns%3D%27http%3A%2F%2Fwww.w3.org%2F2000%2Fsvg%27%20width%3D%272560%27%20height%3D%271706%27%20viewBox%3D%270%200%202560%201706%27%3E%3Crect%20width%3D%272560%27%20height%3D%271706%27%20fill-opacity%3D%220%22%2F%3E%3C%2Fsvg%3E\" data-srcset=\"https:\/\/querendaro.gob.mx\/wp-content\/uploads\/2025\/07\/WhatsApp-Image-2025-06-30-at-19.48.17-1-200x133.jpeg 200w, https:\/\/querendaro.gob.mx\/wp-content\/uploads\/2025\/07\/WhatsApp-Image-2025-06-30-at-19.48.17-1-400x267.jpeg 400w, https:\/\/querendaro.gob.mx\/wp-content\/uploads\/2025\/07\/WhatsApp-Image-2025-06-30-at-19.48.17-1-600x400.jpeg 600w, https:\/\/querendaro.gob.mx\/wp-content\/uploads\/2025\/07\/WhatsApp-Image-2025-06-30-at-19.48.17-1-800x533.jpeg 800w, https:\/\/querendaro.gob.mx\/wp-content\/uploads\/2025\/07\/WhatsApp-Image-2025-06-30-at-19.48.17-1-1200x800.jpeg 1200w, https:\/\/querendaro.gob.mx\/wp-content\/uploads\/2025\/07\/WhatsApp-Image-2025-06-30-at-19.48.17-1-scaled.jpeg 2560w\" data-sizes=\"auto\" data-orig-sizes=\"(max-width: 900px) 100vw, 600px\" \/><\/span><\/li><li class=\"image\"><span class=\"lazyload fusion-image-hover-element hover-type-zoomout\"><img decoding=\"async\" src=\"http:\/\/querendaro.gob.mx\/wp-content\/uploads\/2025\/07\/WhatsApp-Image-2025-06-30-at-19.48.18-1-scaled.jpeg\" data-orig-src=\"http:\/\/querendaro.gob.mx\/wp-content\/uploads\/2025\/07\/WhatsApp-Image-2025-06-30-at-19.48.18-1-scaled.jpeg\" width=\"2560\" height=\"1706\" class=\"lazyload wp-image-1339\" srcset=\"data:image\/svg+xml,%3Csvg%20xmlns%3D%27http%3A%2F%2Fwww.w3.org%2F2000%2Fsvg%27%20width%3D%272560%27%20height%3D%271706%27%20viewBox%3D%270%200%202560%201706%27%3E%3Crect%20width%3D%272560%27%20height%3D%271706%27%20fill-opacity%3D%220%22%2F%3E%3C%2Fsvg%3E\" data-srcset=\"https:\/\/querendaro.gob.mx\/wp-content\/uploads\/2025\/07\/WhatsApp-Image-2025-06-30-at-19.48.18-1-200x133.jpeg 200w, https:\/\/querendaro.gob.mx\/wp-content\/uploads\/2025\/07\/WhatsApp-Image-2025-06-30-at-19.48.18-1-400x267.jpeg 400w, https:\/\/querendaro.gob.mx\/wp-content\/uploads\/2025\/07\/WhatsApp-Image-2025-06-30-at-19.48.18-1-600x400.jpeg 600w, https:\/\/querendaro.gob.mx\/wp-content\/uploads\/2025\/07\/WhatsApp-Image-2025-06-30-at-19.48.18-1-800x533.jpeg 800w, https:\/\/querendaro.gob.mx\/wp-content\/uploads\/2025\/07\/WhatsApp-Image-2025-06-30-at-19.48.18-1-1200x800.jpeg 1200w, https:\/\/querendaro.gob.mx\/wp-content\/uploads\/2025\/07\/WhatsApp-Image-2025-06-30-at-19.48.18-1-scaled.jpeg 2560w\" data-sizes=\"auto\" data-orig-sizes=\"(max-width: 900px) 100vw, 600px\" \/><\/span><\/li><\/ul><\/div><\/div><\/div><\/div><div class=\"fusion-layout-column fusion_builder_column fusion-builder-column-38 fusion_builder_column_1_1 1_1 fusion-flex-column\" style=\"--awb-bg-size:cover;--awb-width-large:100%;--awb-margin-top-large:0px;--awb-spacing-right-large:1.92%;--awb-margin-bottom-large:20px;--awb-spacing-left-large:1.92%;--awb-width-medium:100%;--awb-order-medium:0;--awb-spacing-right-medium:1.92%;--awb-spacing-left-medium:1.92%;--awb-width-small:100%;--awb-order-small:0;--awb-spacing-right-small:1.92%;--awb-spacing-left-small:1.92%;\"><div class=\"fusion-column-wrapper fusion-column-has-shadow fusion-flex-justify-content-flex-start fusion-content-layout-column\"><\/div><\/div><div class=\"fusion-layout-column fusion_builder_column fusion-builder-column-39 fusion_builder_column_1_1 1_1 fusion-flex-column\" style=\"--awb-bg-size:cover;--awb-width-large:100%;--awb-margin-top-large:0px;--awb-spacing-right-large:1.92%;--awb-margin-bottom-large:20px;--awb-spacing-left-large:1.92%;--awb-width-medium:100%;--awb-order-medium:0;--awb-spacing-right-medium:1.92%;--awb-spacing-left-medium:1.92%;--awb-width-small:100%;--awb-order-small:0;--awb-spacing-right-small:1.92%;--awb-spacing-left-small:1.92%;\"><div class=\"fusion-column-wrapper fusion-column-has-shadow fusion-flex-justify-content-flex-start fusion-content-layout-column\"><div class=\"fusion-separator fusion-full-width-sep\" style=\"align-self: center;margin-left: auto;margin-right: auto;width:100%;\"><div class=\"fusion-separator-border sep-double\" style=\"--awb-height:20px;--awb-amount:20px;--awb-sep-color:#7c3870;border-color:#7c3870;border-top-width:1px;border-bottom-width:1px;\"><\/div><\/div><\/div><\/div><\/div><\/div><div class=\"fusion-fullwidth fullwidth-box fusion-builder-row-13 fusion-flex-container has-pattern-background has-mask-background nonhundred-percent-fullwidth non-hundred-percent-height-scrolling\" style=\"--awb-border-radius-top-left:0px;--awb-border-radius-top-right:0px;--awb-border-radius-bottom-right:0px;--awb-border-radius-bottom-left:0px;--awb-flex-wrap:wrap;\" ><div class=\"fusion-builder-row fusion-row fusion-flex-align-items-flex-start fusion-flex-content-wrap\" style=\"max-width:1248px;margin-left: calc(-4% \/ 2 );margin-right: calc(-4% \/ 2 );\"><div class=\"fusion-layout-column fusion_builder_column fusion-builder-column-40 fusion_builder_column_3_5 3_5 fusion-flex-column\" style=\"--awb-bg-size:cover;--awb-width-large:60%;--awb-margin-top-large:0px;--awb-spacing-right-large:3.2%;--awb-margin-bottom-large:20px;--awb-spacing-left-large:3.2%;--awb-width-medium:60%;--awb-order-medium:0;--awb-spacing-right-medium:3.2%;--awb-spacing-left-medium:3.2%;--awb-width-small:100%;--awb-order-small:0;--awb-spacing-right-small:1.92%;--awb-spacing-left-small:1.92%;\"><div class=\"fusion-column-wrapper fusion-column-has-shadow fusion-flex-justify-content-flex-start fusion-content-layout-column\"><div class=\"fusion-text fusion-text-13\" style=\"--awb-content-alignment:justify;\"><p>Quer\u00e9ndaro recibe a Alfredo Ram\u00edrez en una jornada hist\u00f3rica de \u201cGobierno en Territorio\u201d<\/p>\n<p>Quer\u00e9ndaro, Michoac\u00e1n | 21 de junio de 2025.<\/p>\n<p>En un acto sin precedentes para el municipio, el gobernador Alfredo Ram\u00edrez Bedolla visit\u00f3 Quer\u00e9ndaro acompa\u00f1ado de todo su gabinete, como parte del programa \u201cGobierno en Territorio\u201d, que tiene como objetivo acercar los servicios del estado a la poblaci\u00f3n y fortalecer el contacto directo con la ciudadan\u00eda.<\/p>\n<p>La sede fue el Centro de Estudios de Bachillerato 6\/10, donde desde las 11 de la ma\u00f1ana se congregaron cientos de querendarenses para presentar peticiones, recibir orientaci\u00f3n, y acceder a distintos programas sociales, educativos, productivos y de salud.<\/p>\n<p>Durante la jornada se brind\u00f3 atenci\u00f3n personalizada a trav\u00e9s de decenas de dependencias estatales, incluyendo m\u00f3dulos del Registro Civil, Secretar\u00eda de Salud, Secretar\u00eda del Bienestar, Secretar\u00eda de Seguridad P\u00fablica, Secretar\u00eda de Educaci\u00f3n, y muchas m\u00e1s, facilitando tr\u00e1mites y canalizando necesidades espec\u00edficas de la comunidad.<\/p>\n<p>En su intervenci\u00f3n, la presidenta municipal Diana Caballero Romero destac\u00f3 la relevancia del encuentro como un ejercicio real de transformaci\u00f3n:<br \/>\n\u201cEste es el municipalismo que defendemos: un gobierno cercano, que escucha, que da la cara y que no le saca la vuelta a los problemas. Hoy Quer\u00e9ndaro vivi\u00f3 una jornada hist\u00f3rica de participaci\u00f3n y esperanza.\u201d<\/p>\n<p>El evento incluy\u00f3 tambi\u00e9n conferencias informativas, mesas de di\u00e1logo y espacios de gesti\u00f3n directa, donde gremios ejidales, docentes, j\u00f3venes y l\u00edderes sociales pudieron intercambiar propuestas con las autoridades estatales.<\/p>\n<p>La visita del gobernador Alfredo Ram\u00edrez Bedolla reafirma el compromiso de la Cuarta Transformaci\u00f3n con un modelo de gobernanza participativa, transparente y de territorio, donde el pueblo es el centro de todas las decisiones.<\/p>\n<\/div><\/div><\/div><div class=\"fusion-layout-column fusion_builder_column fusion-builder-column-41 fusion_builder_column_2_5 2_5 fusion-flex-column\" style=\"--awb-bg-size:cover;--awb-width-large:40%;--awb-margin-top-large:0px;--awb-spacing-right-large:4.8%;--awb-margin-bottom-large:20px;--awb-spacing-left-large:4.8%;--awb-width-medium:40%;--awb-order-medium:0;--awb-spacing-right-medium:4.8%;--awb-spacing-left-medium:4.8%;--awb-width-small:100%;--awb-order-small:0;--awb-spacing-right-small:1.92%;--awb-spacing-left-small:1.92%;\"><div class=\"fusion-column-wrapper fusion-column-has-shadow fusion-flex-justify-content-flex-start fusion-content-layout-column\"><div class=\"fusion-separator fusion-full-width-sep\" style=\"align-self: center;margin-left: auto;margin-right: auto;margin-top:75px;width:100%;\"><\/div><div class=\"fusion-slider-sc\"><div class=\"fusion-flexslider-loading flexslider fusion-aligncenter flexslider-hover-type-zoomout\" data-slideshow_autoplay=\"1\" data-slideshow_smooth_height=\"1\" data-slideshow_speed=\"7000\" style=\"max-width:100%;height:100%;\"><ul class=\"slides\"><li class=\"image\"><span class=\"lazyload fusion-image-hover-element hover-type-zoomout\"><img decoding=\"async\" src=\"http:\/\/querendaro.gob.mx\/wp-content\/uploads\/2025\/06\/1b497ea5-47f7-4d17-855d-b3212d3882ad-scaled.jpg\" data-orig-src=\"http:\/\/querendaro.gob.mx\/wp-content\/uploads\/2025\/06\/1b497ea5-47f7-4d17-855d-b3212d3882ad-scaled.jpg\" width=\"2560\" height=\"1706\" class=\"lazyload wp-image-1331\" srcset=\"data:image\/svg+xml,%3Csvg%20xmlns%3D%27http%3A%2F%2Fwww.w3.org%2F2000%2Fsvg%27%20width%3D%272560%27%20height%3D%271706%27%20viewBox%3D%270%200%202560%201706%27%3E%3Crect%20width%3D%272560%27%20height%3D%271706%27%20fill-opacity%3D%220%22%2F%3E%3C%2Fsvg%3E\" data-srcset=\"https:\/\/querendaro.gob.mx\/wp-content\/uploads\/2025\/06\/1b497ea5-47f7-4d17-855d-b3212d3882ad-200x133.jpg 200w, https:\/\/querendaro.gob.mx\/wp-content\/uploads\/2025\/06\/1b497ea5-47f7-4d17-855d-b3212d3882ad-400x267.jpg 400w, https:\/\/querendaro.gob.mx\/wp-content\/uploads\/2025\/06\/1b497ea5-47f7-4d17-855d-b3212d3882ad-600x400.jpg 600w, https:\/\/querendaro.gob.mx\/wp-content\/uploads\/2025\/06\/1b497ea5-47f7-4d17-855d-b3212d3882ad-800x533.jpg 800w, https:\/\/querendaro.gob.mx\/wp-content\/uploads\/2025\/06\/1b497ea5-47f7-4d17-855d-b3212d3882ad-1200x800.jpg 1200w, https:\/\/querendaro.gob.mx\/wp-content\/uploads\/2025\/06\/1b497ea5-47f7-4d17-855d-b3212d3882ad-scaled.jpg 2560w\" data-sizes=\"auto\" data-orig-sizes=\"(max-width: 900px) 100vw, 600px\" \/><\/span><\/li><li class=\"image\"><span class=\"lazyload fusion-image-hover-element hover-type-zoomout\"><img decoding=\"async\" src=\"http:\/\/querendaro.gob.mx\/wp-content\/uploads\/2025\/06\/267aa284-b423-47ff-a014-4bc5d0dbe0f2-scaled.jpg\" data-orig-src=\"http:\/\/querendaro.gob.mx\/wp-content\/uploads\/2025\/06\/267aa284-b423-47ff-a014-4bc5d0dbe0f2-scaled.jpg\" width=\"2560\" height=\"1706\" class=\"lazyload wp-image-1332\" srcset=\"data:image\/svg+xml,%3Csvg%20xmlns%3D%27http%3A%2F%2Fwww.w3.org%2F2000%2Fsvg%27%20width%3D%272560%27%20height%3D%271706%27%20viewBox%3D%270%200%202560%201706%27%3E%3Crect%20width%3D%272560%27%20height%3D%271706%27%20fill-opacity%3D%220%22%2F%3E%3C%2Fsvg%3E\" data-srcset=\"https:\/\/querendaro.gob.mx\/wp-content\/uploads\/2025\/06\/267aa284-b423-47ff-a014-4bc5d0dbe0f2-200x133.jpg 200w, https:\/\/querendaro.gob.mx\/wp-content\/uploads\/2025\/06\/267aa284-b423-47ff-a014-4bc5d0dbe0f2-400x267.jpg 400w, https:\/\/querendaro.gob.mx\/wp-content\/uploads\/2025\/06\/267aa284-b423-47ff-a014-4bc5d0dbe0f2-600x400.jpg 600w, https:\/\/querendaro.gob.mx\/wp-content\/uploads\/2025\/06\/267aa284-b423-47ff-a014-4bc5d0dbe0f2-800x533.jpg 800w, https:\/\/querendaro.gob.mx\/wp-content\/uploads\/2025\/06\/267aa284-b423-47ff-a014-4bc5d0dbe0f2-1200x800.jpg 1200w, https:\/\/querendaro.gob.mx\/wp-content\/uploads\/2025\/06\/267aa284-b423-47ff-a014-4bc5d0dbe0f2-scaled.jpg 2560w\" data-sizes=\"auto\" data-orig-sizes=\"(max-width: 900px) 100vw, 600px\" \/><\/span><\/li><li class=\"image\"><span class=\"lazyload fusion-image-hover-element hover-type-zoomout\"><img decoding=\"async\" src=\"http:\/\/querendaro.gob.mx\/wp-content\/uploads\/2025\/06\/f5d70706-3159-422e-a2eb-087c746d258a-scaled.jpg\" data-orig-src=\"http:\/\/querendaro.gob.mx\/wp-content\/uploads\/2025\/06\/f5d70706-3159-422e-a2eb-087c746d258a-scaled.jpg\" width=\"2560\" height=\"1706\" class=\"lazyload wp-image-1333\" srcset=\"data:image\/svg+xml,%3Csvg%20xmlns%3D%27http%3A%2F%2Fwww.w3.org%2F2000%2Fsvg%27%20width%3D%272560%27%20height%3D%271706%27%20viewBox%3D%270%200%202560%201706%27%3E%3Crect%20width%3D%272560%27%20height%3D%271706%27%20fill-opacity%3D%220%22%2F%3E%3C%2Fsvg%3E\" data-srcset=\"https:\/\/querendaro.gob.mx\/wp-content\/uploads\/2025\/06\/f5d70706-3159-422e-a2eb-087c746d258a-200x133.jpg 200w, https:\/\/querendaro.gob.mx\/wp-content\/uploads\/2025\/06\/f5d70706-3159-422e-a2eb-087c746d258a-400x267.jpg 400w, https:\/\/querendaro.gob.mx\/wp-content\/uploads\/2025\/06\/f5d70706-3159-422e-a2eb-087c746d258a-600x400.jpg 600w, https:\/\/querendaro.gob.mx\/wp-content\/uploads\/2025\/06\/f5d70706-3159-422e-a2eb-087c746d258a-800x533.jpg 800w, https:\/\/querendaro.gob.mx\/wp-content\/uploads\/2025\/06\/f5d70706-3159-422e-a2eb-087c746d258a-1200x800.jpg 1200w, https:\/\/querendaro.gob.mx\/wp-content\/uploads\/2025\/06\/f5d70706-3159-422e-a2eb-087c746d258a-scaled.jpg 2560w\" data-sizes=\"auto\" data-orig-sizes=\"(max-width: 900px) 100vw, 600px\" \/><\/span><\/li><\/ul><\/div><\/div><\/div><\/div><div class=\"fusion-layout-column fusion_builder_column fusion-builder-column-42 fusion_builder_column_1_1 1_1 fusion-flex-column\" style=\"--awb-bg-size:cover;--awb-width-large:100%;--awb-margin-top-large:0px;--awb-spacing-right-large:1.92%;--awb-margin-bottom-large:20px;--awb-spacing-left-large:1.92%;--awb-width-medium:100%;--awb-order-medium:0;--awb-spacing-right-medium:1.92%;--awb-spacing-left-medium:1.92%;--awb-width-small:100%;--awb-order-small:0;--awb-spacing-right-small:1.92%;--awb-spacing-left-small:1.92%;\"><div class=\"fusion-column-wrapper fusion-column-has-shadow fusion-flex-justify-content-flex-start fusion-content-layout-column\"><\/div><\/div><div class=\"fusion-layout-column fusion_builder_column fusion-builder-column-43 fusion_builder_column_1_1 1_1 fusion-flex-column\" style=\"--awb-bg-size:cover;--awb-width-large:100%;--awb-margin-top-large:0px;--awb-spacing-right-large:1.92%;--awb-margin-bottom-large:20px;--awb-spacing-left-large:1.92%;--awb-width-medium:100%;--awb-order-medium:0;--awb-spacing-right-medium:1.92%;--awb-spacing-left-medium:1.92%;--awb-width-small:100%;--awb-order-small:0;--awb-spacing-right-small:1.92%;--awb-spacing-left-small:1.92%;\"><div class=\"fusion-column-wrapper fusion-column-has-shadow fusion-flex-justify-content-flex-start fusion-content-layout-column\"><div class=\"fusion-separator fusion-full-width-sep\" style=\"align-self: center;margin-left: auto;margin-right: auto;width:100%;\"><div class=\"fusion-separator-border sep-double\" style=\"--awb-height:20px;--awb-amount:20px;--awb-sep-color:#7c3870;border-color:#7c3870;border-top-width:1px;border-bottom-width:1px;\"><\/div><\/div><\/div><\/div><\/div><\/div><div class=\"fusion-fullwidth fullwidth-box fusion-builder-row-14 fusion-flex-container has-pattern-background has-mask-background nonhundred-percent-fullwidth non-hundred-percent-height-scrolling\" style=\"--awb-border-radius-top-left:0px;--awb-border-radius-top-right:0px;--awb-border-radius-bottom-right:0px;--awb-border-radius-bottom-left:0px;--awb-flex-wrap:wrap;\" ><div class=\"fusion-builder-row fusion-row fusion-flex-align-items-flex-start fusion-flex-content-wrap\" style=\"max-width:1248px;margin-left: calc(-4% \/ 2 );margin-right: calc(-4% \/ 2 );\"><div class=\"fusion-layout-column fusion_builder_column fusion-builder-column-44 fusion_builder_column_3_5 3_5 fusion-flex-column\" style=\"--awb-bg-size:cover;--awb-width-large:60%;--awb-margin-top-large:0px;--awb-spacing-right-large:3.2%;--awb-margin-bottom-large:20px;--awb-spacing-left-large:3.2%;--awb-width-medium:60%;--awb-order-medium:0;--awb-spacing-right-medium:3.2%;--awb-spacing-left-medium:3.2%;--awb-width-small:100%;--awb-order-small:0;--awb-spacing-right-small:1.92%;--awb-spacing-left-small:1.92%;\"><div class=\"fusion-column-wrapper fusion-column-has-shadow fusion-flex-justify-content-flex-start fusion-content-layout-column\"><div class=\"fusion-text fusion-text-14\" style=\"--awb-content-alignment:justify;\"><p>Quer\u00e9ndaro impulsa la pesca regional con la liberaci\u00f3n de 90 mil alevines de tilapia<\/p>\n<p>Quer\u00e9ndaro, Michoac\u00e1n, mayo de 2025<\/p>\n<p>En una gesti\u00f3n hist\u00f3rica para el fortalecimiento del sector pesquero, la presidenta municipal de Quer\u00e9ndaro, Diana Caballero, encabez\u00f3 la liberaci\u00f3n de 90 mil alevines de tilapia en la laguna de Malpa\u00eds, acci\u00f3n que beneficiar\u00e1 directamente a las familias que dependen de esta actividad en la regi\u00f3n.<\/p>\n<p>Gracias a la colaboraci\u00f3n con la Comisi\u00f3n de Pesca del Estado (COMPESCA), liderada por el ingeniero Ram\u00f3n Hern\u00e1ndez, se realiz\u00f3 la primera siembra de 50 mil alevines hormonados como parte de un ambicioso plan de repoblaci\u00f3n que contempla un total de 150 mil alevines. Esta iniciativa busca recuperar los recursos pesqueros, aumentar los vol\u00famenes de captura y fortalecer la econom\u00eda local.<\/p>\n<p>Adem\u00e1s, mediante gestiones regionales conjuntas con la regidora de Zinap\u00e9cuaro, Adriana Bustos, se llev\u00f3 a cabo una segunda liberaci\u00f3n de 40 mil alevines, lo que permitir\u00e1 extender los beneficios a familias de la comunidad de Santa Clara del Tule, Zinap\u00e9cuaro, que tambi\u00e9n dependen de la pesca en la laguna de Malpa\u00eds.<\/p>\n<p>Este esfuerzo conjunto reafirma el compromiso del Gobierno Municipal de Quer\u00e9ndaro con el desarrollo econ\u00f3mico sostenible, la conservaci\u00f3n de los recursos naturales y el bienestar de las comunidades pesqueras. La colaboraci\u00f3n intermunicipal y el trabajo coordinado con las autoridades estatales demuestran que la suma de esfuerzos es clave para construir un futuro m\u00e1s s\u00f3lido y pr\u00f3spero para toda la regi\u00f3n.<\/p>\n<\/div><\/div><\/div><div class=\"fusion-layout-column fusion_builder_column fusion-builder-column-45 fusion_builder_column_2_5 2_5 fusion-flex-column\" style=\"--awb-bg-size:cover;--awb-width-large:40%;--awb-margin-top-large:0px;--awb-spacing-right-large:4.8%;--awb-margin-bottom-large:20px;--awb-spacing-left-large:4.8%;--awb-width-medium:40%;--awb-order-medium:0;--awb-spacing-right-medium:4.8%;--awb-spacing-left-medium:4.8%;--awb-width-small:100%;--awb-order-small:0;--awb-spacing-right-small:1.92%;--awb-spacing-left-small:1.92%;\"><div class=\"fusion-column-wrapper fusion-column-has-shadow fusion-flex-justify-content-flex-start fusion-content-layout-column\"><div class=\"fusion-separator fusion-full-width-sep\" style=\"align-self: center;margin-left: auto;margin-right: auto;margin-top:75px;width:100%;\"><\/div><div class=\"fusion-slider-sc\"><div class=\"fusion-flexslider-loading flexslider fusion-aligncenter flexslider-hover-type-zoomout\" data-slideshow_autoplay=\"1\" data-slideshow_smooth_height=\"1\" data-slideshow_speed=\"7000\" style=\"max-width:100%;height:100%;\"><ul class=\"slides\"><li class=\"image\"><span class=\"lazyload fusion-image-hover-element hover-type-zoomout\"><img decoding=\"async\" src=\"http:\/\/querendaro.gob.mx\/wp-content\/uploads\/2025\/05\/WhatsApp-Image-2025-05-29-at-11.08.31-1-scaled.jpeg\" data-orig-src=\"http:\/\/querendaro.gob.mx\/wp-content\/uploads\/2025\/05\/WhatsApp-Image-2025-05-29-at-11.08.31-1-scaled.jpeg\" width=\"2560\" height=\"2560\" class=\"lazyload wp-image-1320\" srcset=\"data:image\/svg+xml,%3Csvg%20xmlns%3D%27http%3A%2F%2Fwww.w3.org%2F2000%2Fsvg%27%20width%3D%272560%27%20height%3D%272560%27%20viewBox%3D%270%200%202560%202560%27%3E%3Crect%20width%3D%272560%27%20height%3D%272560%27%20fill-opacity%3D%220%22%2F%3E%3C%2Fsvg%3E\" data-srcset=\"https:\/\/querendaro.gob.mx\/wp-content\/uploads\/2025\/05\/WhatsApp-Image-2025-05-29-at-11.08.31-1-200x200.jpeg 200w, https:\/\/querendaro.gob.mx\/wp-content\/uploads\/2025\/05\/WhatsApp-Image-2025-05-29-at-11.08.31-1-400x400.jpeg 400w, https:\/\/querendaro.gob.mx\/wp-content\/uploads\/2025\/05\/WhatsApp-Image-2025-05-29-at-11.08.31-1-600x600.jpeg 600w, https:\/\/querendaro.gob.mx\/wp-content\/uploads\/2025\/05\/WhatsApp-Image-2025-05-29-at-11.08.31-1-800x800.jpeg 800w, https:\/\/querendaro.gob.mx\/wp-content\/uploads\/2025\/05\/WhatsApp-Image-2025-05-29-at-11.08.31-1-1200x1200.jpeg 1200w, https:\/\/querendaro.gob.mx\/wp-content\/uploads\/2025\/05\/WhatsApp-Image-2025-05-29-at-11.08.31-1-scaled.jpeg 2560w\" data-sizes=\"auto\" data-orig-sizes=\"(max-width: 900px) 100vw, 600px\" \/><\/span><\/li><li class=\"image\"><span class=\"lazyload fusion-image-hover-element hover-type-zoomout\"><img decoding=\"async\" src=\"http:\/\/querendaro.gob.mx\/wp-content\/uploads\/2025\/05\/WhatsApp-Image-2025-05-29-at-11.08.31-scaled.jpeg\" data-orig-src=\"http:\/\/querendaro.gob.mx\/wp-content\/uploads\/2025\/05\/WhatsApp-Image-2025-05-29-at-11.08.31-scaled.jpeg\" width=\"2560\" height=\"1706\" class=\"lazyload wp-image-1321\" srcset=\"data:image\/svg+xml,%3Csvg%20xmlns%3D%27http%3A%2F%2Fwww.w3.org%2F2000%2Fsvg%27%20width%3D%272560%27%20height%3D%271706%27%20viewBox%3D%270%200%202560%201706%27%3E%3Crect%20width%3D%272560%27%20height%3D%271706%27%20fill-opacity%3D%220%22%2F%3E%3C%2Fsvg%3E\" data-srcset=\"https:\/\/querendaro.gob.mx\/wp-content\/uploads\/2025\/05\/WhatsApp-Image-2025-05-29-at-11.08.31-200x133.jpeg 200w, https:\/\/querendaro.gob.mx\/wp-content\/uploads\/2025\/05\/WhatsApp-Image-2025-05-29-at-11.08.31-400x267.jpeg 400w, https:\/\/querendaro.gob.mx\/wp-content\/uploads\/2025\/05\/WhatsApp-Image-2025-05-29-at-11.08.31-600x400.jpeg 600w, https:\/\/querendaro.gob.mx\/wp-content\/uploads\/2025\/05\/WhatsApp-Image-2025-05-29-at-11.08.31-800x533.jpeg 800w, https:\/\/querendaro.gob.mx\/wp-content\/uploads\/2025\/05\/WhatsApp-Image-2025-05-29-at-11.08.31-1200x800.jpeg 1200w, https:\/\/querendaro.gob.mx\/wp-content\/uploads\/2025\/05\/WhatsApp-Image-2025-05-29-at-11.08.31-scaled.jpeg 2560w\" data-sizes=\"auto\" data-orig-sizes=\"(max-width: 900px) 100vw, 600px\" \/><\/span><\/li><li class=\"image\"><span class=\"lazyload fusion-image-hover-element hover-type-zoomout\"><img decoding=\"async\" src=\"http:\/\/querendaro.gob.mx\/wp-content\/uploads\/2025\/05\/WhatsApp-Image-2025-05-29-at-11.08.31-2.jpeg\" data-orig-src=\"http:\/\/querendaro.gob.mx\/wp-content\/uploads\/2025\/05\/WhatsApp-Image-2025-05-29-at-11.08.31-2.jpeg\" width=\"1280\" height=\"960\" class=\"lazyload wp-image-1319\" srcset=\"data:image\/svg+xml,%3Csvg%20xmlns%3D%27http%3A%2F%2Fwww.w3.org%2F2000%2Fsvg%27%20width%3D%271280%27%20height%3D%27960%27%20viewBox%3D%270%200%201280%20960%27%3E%3Crect%20width%3D%271280%27%20height%3D%27960%27%20fill-opacity%3D%220%22%2F%3E%3C%2Fsvg%3E\" data-srcset=\"https:\/\/querendaro.gob.mx\/wp-content\/uploads\/2025\/05\/WhatsApp-Image-2025-05-29-at-11.08.31-2-200x150.jpeg 200w, https:\/\/querendaro.gob.mx\/wp-content\/uploads\/2025\/05\/WhatsApp-Image-2025-05-29-at-11.08.31-2-400x300.jpeg 400w, https:\/\/querendaro.gob.mx\/wp-content\/uploads\/2025\/05\/WhatsApp-Image-2025-05-29-at-11.08.31-2-600x450.jpeg 600w, https:\/\/querendaro.gob.mx\/wp-content\/uploads\/2025\/05\/WhatsApp-Image-2025-05-29-at-11.08.31-2-800x600.jpeg 800w, https:\/\/querendaro.gob.mx\/wp-content\/uploads\/2025\/05\/WhatsApp-Image-2025-05-29-at-11.08.31-2-1200x900.jpeg 1200w, https:\/\/querendaro.gob.mx\/wp-content\/uploads\/2025\/05\/WhatsApp-Image-2025-05-29-at-11.08.31-2.jpeg 1280w\" data-sizes=\"auto\" data-orig-sizes=\"(max-width: 900px) 100vw, 600px\" \/><\/span><\/li><\/ul><\/div><\/div><\/div><\/div><div class=\"fusion-layout-column fusion_builder_column fusion-builder-column-46 fusion_builder_column_1_1 1_1 fusion-flex-column\" style=\"--awb-bg-size:cover;--awb-width-large:100%;--awb-margin-top-large:0px;--awb-spacing-right-large:1.92%;--awb-margin-bottom-large:20px;--awb-spacing-left-large:1.92%;--awb-width-medium:100%;--awb-order-medium:0;--awb-spacing-right-medium:1.92%;--awb-spacing-left-medium:1.92%;--awb-width-small:100%;--awb-order-small:0;--awb-spacing-right-small:1.92%;--awb-spacing-left-small:1.92%;\"><div class=\"fusion-column-wrapper fusion-column-has-shadow fusion-flex-justify-content-flex-start fusion-content-layout-column\"><\/div><\/div><div class=\"fusion-layout-column fusion_builder_column fusion-builder-column-47 fusion_builder_column_1_1 1_1 fusion-flex-column\" style=\"--awb-bg-size:cover;--awb-width-large:100%;--awb-margin-top-large:0px;--awb-spacing-right-large:1.92%;--awb-margin-bottom-large:20px;--awb-spacing-left-large:1.92%;--awb-width-medium:100%;--awb-order-medium:0;--awb-spacing-right-medium:1.92%;--awb-spacing-left-medium:1.92%;--awb-width-small:100%;--awb-order-small:0;--awb-spacing-right-small:1.92%;--awb-spacing-left-small:1.92%;\"><div class=\"fusion-column-wrapper fusion-column-has-shadow fusion-flex-justify-content-flex-start fusion-content-layout-column\"><div class=\"fusion-separator fusion-full-width-sep\" style=\"align-self: center;margin-left: auto;margin-right: auto;width:100%;\"><div class=\"fusion-separator-border sep-double\" style=\"--awb-height:20px;--awb-amount:20px;--awb-sep-color:#7c3870;border-color:#7c3870;border-top-width:1px;border-bottom-width:1px;\"><\/div><\/div><\/div><\/div><\/div><\/div><div class=\"fusion-fullwidth fullwidth-box fusion-builder-row-15 fusion-flex-container has-pattern-background has-mask-background nonhundred-percent-fullwidth non-hundred-percent-height-scrolling\" style=\"--awb-border-radius-top-left:0px;--awb-border-radius-top-right:0px;--awb-border-radius-bottom-right:0px;--awb-border-radius-bottom-left:0px;--awb-flex-wrap:wrap;\" ><div class=\"fusion-builder-row fusion-row fusion-flex-align-items-flex-start fusion-flex-content-wrap\" style=\"max-width:1248px;margin-left: calc(-4% \/ 2 );margin-right: calc(-4% \/ 2 );\"><div class=\"fusion-layout-column fusion_builder_column fusion-builder-column-48 fusion_builder_column_3_5 3_5 fusion-flex-column\" style=\"--awb-bg-size:cover;--awb-width-large:60%;--awb-margin-top-large:0px;--awb-spacing-right-large:3.2%;--awb-margin-bottom-large:20px;--awb-spacing-left-large:3.2%;--awb-width-medium:60%;--awb-order-medium:0;--awb-spacing-right-medium:3.2%;--awb-spacing-left-medium:3.2%;--awb-width-small:100%;--awb-order-small:0;--awb-spacing-right-small:1.92%;--awb-spacing-left-small:1.92%;\"><div class=\"fusion-column-wrapper fusion-column-has-shadow fusion-flex-justify-content-flex-start fusion-content-layout-column\"><div class=\"fusion-text fusion-text-15\" style=\"--awb-content-alignment:justify;\"><p>Quer\u00e9ndaro reconoce y agradece a las y los maestros: Diana Caballero<\/p>\n<p>Quer\u00e9ndaro, Michoac\u00e1n.\u2013 14 de mayo de 2025<\/p>\n<p>Con motivo de celebrar la formaci\u00f3n educativa a lo largo de las generaciones, el Gobierno de Quer\u00e9ndaro celebr\u00f3 a las y los maestros, honrando su esfuerzo y dedicaci\u00f3n en la formaci\u00f3n de generaciones.<\/p>\n<p>El evento inici\u00f3 con una activaci\u00f3n f\u00edsica, donde las y los docentes calentaron motores. Posteriormente se disfrut\u00f3 de un partido de f\u00fatbol en la Unidad Deportiva.<\/p>\n<p>Con el objetivo de reconocerles su labor, luego del partido, se dio paso a un evento formal en el sal\u00f3n \u201cAlma M\u00eda\u201d, donde se present\u00f3 el Grupo de Adultos Mayores, \u2018Corazones J\u00f3venes\u2019, el Ballet Folcl\u00f3rico de la Casa de la Cultura y el quienes ofrecieron espect\u00e1culos de danza y poes\u00eda en honor a quienes d\u00eda a d\u00eda construyen el conocimiento.<\/p>\n<p>Uno de los momentos m\u00e1s emotivos del d\u00eda fue el reconocimiento a maestras y maestros que han dedicado parte de su vida a la ense\u00f1anza en Quer\u00e9ndaro, quienes recibieron un merecido reconocimiento por sus a\u00f1os de servicio y su invaluable aportaci\u00f3n a la educaci\u00f3n en Quer\u00e9ndaro.<\/p>\n<p>\u201cEn Quer\u00e9ndaro los y las maestras cuentan con el Gobierno Municipal para trabajar en equipo por el bienestar de nuestro municipio\u201d, expres\u00f3 en su discurso la edil de Quer\u00e9ndaro, Diana Caballero.<\/p>\n<p>Este evento fue una muestra de gratitud hacia quienes con vocaci\u00f3n y compromiso han sido gu\u00edas en el aprendizaje y el crecimiento de la comunidad.<\/p>\n<p>\u00a1Gracias, maestras y maestros, por su labor incansable y por ser inspiraci\u00f3n para tantas generaciones!<\/p>\n<\/div><\/div><\/div><div class=\"fusion-layout-column fusion_builder_column fusion-builder-column-49 fusion_builder_column_2_5 2_5 fusion-flex-column\" style=\"--awb-bg-size:cover;--awb-width-large:40%;--awb-margin-top-large:0px;--awb-spacing-right-large:4.8%;--awb-margin-bottom-large:20px;--awb-spacing-left-large:4.8%;--awb-width-medium:40%;--awb-order-medium:0;--awb-spacing-right-medium:4.8%;--awb-spacing-left-medium:4.8%;--awb-width-small:100%;--awb-order-small:0;--awb-spacing-right-small:1.92%;--awb-spacing-left-small:1.92%;\"><div class=\"fusion-column-wrapper fusion-column-has-shadow fusion-flex-justify-content-flex-start fusion-content-layout-column\"><div class=\"fusion-separator fusion-full-width-sep\" style=\"align-self: center;margin-left: auto;margin-right: auto;margin-top:75px;width:100%;\"><\/div><div class=\"fusion-slider-sc\"><div class=\"fusion-flexslider-loading flexslider fusion-aligncenter flexslider-hover-type-zoomout\" data-slideshow_autoplay=\"1\" data-slideshow_smooth_height=\"1\" data-slideshow_speed=\"7000\" style=\"max-width:100%;height:100%;\"><ul class=\"slides\"><li class=\"image\"><span class=\"lazyload fusion-image-hover-element hover-type-zoomout\"><img decoding=\"async\" src=\"http:\/\/querendaro.gob.mx\/wp-content\/uploads\/2025\/05\/WhatsApp-Image-2025-05-15-at-16.43.41-scaled.jpeg\" data-orig-src=\"http:\/\/querendaro.gob.mx\/wp-content\/uploads\/2025\/05\/WhatsApp-Image-2025-05-15-at-16.43.41-scaled.jpeg\" width=\"2560\" height=\"1706\" class=\"lazyload wp-image-1313\" srcset=\"data:image\/svg+xml,%3Csvg%20xmlns%3D%27http%3A%2F%2Fwww.w3.org%2F2000%2Fsvg%27%20width%3D%272560%27%20height%3D%271706%27%20viewBox%3D%270%200%202560%201706%27%3E%3Crect%20width%3D%272560%27%20height%3D%271706%27%20fill-opacity%3D%220%22%2F%3E%3C%2Fsvg%3E\" data-srcset=\"https:\/\/querendaro.gob.mx\/wp-content\/uploads\/2025\/05\/WhatsApp-Image-2025-05-15-at-16.43.41-200x133.jpeg 200w, https:\/\/querendaro.gob.mx\/wp-content\/uploads\/2025\/05\/WhatsApp-Image-2025-05-15-at-16.43.41-400x267.jpeg 400w, https:\/\/querendaro.gob.mx\/wp-content\/uploads\/2025\/05\/WhatsApp-Image-2025-05-15-at-16.43.41-600x400.jpeg 600w, https:\/\/querendaro.gob.mx\/wp-content\/uploads\/2025\/05\/WhatsApp-Image-2025-05-15-at-16.43.41-800x533.jpeg 800w, https:\/\/querendaro.gob.mx\/wp-content\/uploads\/2025\/05\/WhatsApp-Image-2025-05-15-at-16.43.41-1200x800.jpeg 1200w, https:\/\/querendaro.gob.mx\/wp-content\/uploads\/2025\/05\/WhatsApp-Image-2025-05-15-at-16.43.41-scaled.jpeg 2560w\" data-sizes=\"auto\" data-orig-sizes=\"(max-width: 900px) 100vw, 600px\" \/><\/span><\/li><li class=\"image\"><span class=\"lazyload fusion-image-hover-element hover-type-zoomout\"><img decoding=\"async\" src=\"http:\/\/querendaro.gob.mx\/wp-content\/uploads\/2025\/05\/WhatsApp-Image-2025-05-15-at-16.43.33-1-scaled.jpeg\" data-orig-src=\"http:\/\/querendaro.gob.mx\/wp-content\/uploads\/2025\/05\/WhatsApp-Image-2025-05-15-at-16.43.33-1-scaled.jpeg\" width=\"2560\" height=\"1706\" class=\"lazyload wp-image-1315\" srcset=\"data:image\/svg+xml,%3Csvg%20xmlns%3D%27http%3A%2F%2Fwww.w3.org%2F2000%2Fsvg%27%20width%3D%272560%27%20height%3D%271706%27%20viewBox%3D%270%200%202560%201706%27%3E%3Crect%20width%3D%272560%27%20height%3D%271706%27%20fill-opacity%3D%220%22%2F%3E%3C%2Fsvg%3E\" data-srcset=\"https:\/\/querendaro.gob.mx\/wp-content\/uploads\/2025\/05\/WhatsApp-Image-2025-05-15-at-16.43.33-1-200x133.jpeg 200w, https:\/\/querendaro.gob.mx\/wp-content\/uploads\/2025\/05\/WhatsApp-Image-2025-05-15-at-16.43.33-1-400x267.jpeg 400w, https:\/\/querendaro.gob.mx\/wp-content\/uploads\/2025\/05\/WhatsApp-Image-2025-05-15-at-16.43.33-1-600x400.jpeg 600w, https:\/\/querendaro.gob.mx\/wp-content\/uploads\/2025\/05\/WhatsApp-Image-2025-05-15-at-16.43.33-1-800x533.jpeg 800w, https:\/\/querendaro.gob.mx\/wp-content\/uploads\/2025\/05\/WhatsApp-Image-2025-05-15-at-16.43.33-1-1200x800.jpeg 1200w, https:\/\/querendaro.gob.mx\/wp-content\/uploads\/2025\/05\/WhatsApp-Image-2025-05-15-at-16.43.33-1-scaled.jpeg 2560w\" data-sizes=\"auto\" data-orig-sizes=\"(max-width: 900px) 100vw, 600px\" \/><\/span><\/li><li class=\"image\"><span class=\"lazyload fusion-image-hover-element hover-type-zoomout\"><img decoding=\"async\" src=\"http:\/\/querendaro.gob.mx\/wp-content\/uploads\/2025\/05\/WhatsApp-Image-2025-05-15-at-16.43.33-scaled.jpeg\" data-orig-src=\"http:\/\/querendaro.gob.mx\/wp-content\/uploads\/2025\/05\/WhatsApp-Image-2025-05-15-at-16.43.33-scaled.jpeg\" width=\"2560\" height=\"1706\" class=\"lazyload wp-image-1316\" srcset=\"data:image\/svg+xml,%3Csvg%20xmlns%3D%27http%3A%2F%2Fwww.w3.org%2F2000%2Fsvg%27%20width%3D%272560%27%20height%3D%271706%27%20viewBox%3D%270%200%202560%201706%27%3E%3Crect%20width%3D%272560%27%20height%3D%271706%27%20fill-opacity%3D%220%22%2F%3E%3C%2Fsvg%3E\" data-srcset=\"https:\/\/querendaro.gob.mx\/wp-content\/uploads\/2025\/05\/WhatsApp-Image-2025-05-15-at-16.43.33-200x133.jpeg 200w, https:\/\/querendaro.gob.mx\/wp-content\/uploads\/2025\/05\/WhatsApp-Image-2025-05-15-at-16.43.33-400x267.jpeg 400w, https:\/\/querendaro.gob.mx\/wp-content\/uploads\/2025\/05\/WhatsApp-Image-2025-05-15-at-16.43.33-600x400.jpeg 600w, https:\/\/querendaro.gob.mx\/wp-content\/uploads\/2025\/05\/WhatsApp-Image-2025-05-15-at-16.43.33-800x533.jpeg 800w, https:\/\/querendaro.gob.mx\/wp-content\/uploads\/2025\/05\/WhatsApp-Image-2025-05-15-at-16.43.33-1200x800.jpeg 1200w, https:\/\/querendaro.gob.mx\/wp-content\/uploads\/2025\/05\/WhatsApp-Image-2025-05-15-at-16.43.33-scaled.jpeg 2560w\" data-sizes=\"auto\" data-orig-sizes=\"(max-width: 900px) 100vw, 600px\" \/><\/span><\/li><li class=\"image\"><span class=\"lazyload fusion-image-hover-element hover-type-zoomout\"><img decoding=\"async\" src=\"http:\/\/querendaro.gob.mx\/wp-content\/uploads\/2025\/05\/WhatsApp-Image-2025-05-15-at-16.43.33-2-scaled.jpeg\" data-orig-src=\"http:\/\/querendaro.gob.mx\/wp-content\/uploads\/2025\/05\/WhatsApp-Image-2025-05-15-at-16.43.33-2-scaled.jpeg\" width=\"2560\" height=\"1920\" class=\"lazyload wp-image-1314\" srcset=\"data:image\/svg+xml,%3Csvg%20xmlns%3D%27http%3A%2F%2Fwww.w3.org%2F2000%2Fsvg%27%20width%3D%272560%27%20height%3D%271920%27%20viewBox%3D%270%200%202560%201920%27%3E%3Crect%20width%3D%272560%27%20height%3D%271920%27%20fill-opacity%3D%220%22%2F%3E%3C%2Fsvg%3E\" data-srcset=\"https:\/\/querendaro.gob.mx\/wp-content\/uploads\/2025\/05\/WhatsApp-Image-2025-05-15-at-16.43.33-2-200x150.jpeg 200w, https:\/\/querendaro.gob.mx\/wp-content\/uploads\/2025\/05\/WhatsApp-Image-2025-05-15-at-16.43.33-2-400x300.jpeg 400w, https:\/\/querendaro.gob.mx\/wp-content\/uploads\/2025\/05\/WhatsApp-Image-2025-05-15-at-16.43.33-2-600x450.jpeg 600w, https:\/\/querendaro.gob.mx\/wp-content\/uploads\/2025\/05\/WhatsApp-Image-2025-05-15-at-16.43.33-2-800x600.jpeg 800w, https:\/\/querendaro.gob.mx\/wp-content\/uploads\/2025\/05\/WhatsApp-Image-2025-05-15-at-16.43.33-2-1200x900.jpeg 1200w, https:\/\/querendaro.gob.mx\/wp-content\/uploads\/2025\/05\/WhatsApp-Image-2025-05-15-at-16.43.33-2-scaled.jpeg 2560w\" data-sizes=\"auto\" data-orig-sizes=\"(max-width: 900px) 100vw, 600px\" \/><\/span><\/li><\/ul><\/div><\/div><\/div><\/div><div class=\"fusion-layout-column fusion_builder_column fusion-builder-column-50 fusion_builder_column_1_1 1_1 fusion-flex-column\" style=\"--awb-bg-size:cover;--awb-width-large:100%;--awb-margin-top-large:0px;--awb-spacing-right-large:1.92%;--awb-margin-bottom-large:20px;--awb-spacing-left-large:1.92%;--awb-width-medium:100%;--awb-order-medium:0;--awb-spacing-right-medium:1.92%;--awb-spacing-left-medium:1.92%;--awb-width-small:100%;--awb-order-small:0;--awb-spacing-right-small:1.92%;--awb-spacing-left-small:1.92%;\"><div class=\"fusion-column-wrapper fusion-column-has-shadow fusion-flex-justify-content-flex-start fusion-content-layout-column\"><\/div><\/div><div class=\"fusion-layout-column fusion_builder_column fusion-builder-column-51 fusion_builder_column_1_1 1_1 fusion-flex-column\" style=\"--awb-bg-size:cover;--awb-width-large:100%;--awb-margin-top-large:0px;--awb-spacing-right-large:1.92%;--awb-margin-bottom-large:20px;--awb-spacing-left-large:1.92%;--awb-width-medium:100%;--awb-order-medium:0;--awb-spacing-right-medium:1.92%;--awb-spacing-left-medium:1.92%;--awb-width-small:100%;--awb-order-small:0;--awb-spacing-right-small:1.92%;--awb-spacing-left-small:1.92%;\"><div class=\"fusion-column-wrapper fusion-column-has-shadow fusion-flex-justify-content-flex-start fusion-content-layout-column\"><div class=\"fusion-separator fusion-full-width-sep\" style=\"align-self: center;margin-left: auto;margin-right: auto;width:100%;\"><div class=\"fusion-separator-border sep-double\" style=\"--awb-height:20px;--awb-amount:20px;--awb-sep-color:#7c3870;border-color:#7c3870;border-top-width:1px;border-bottom-width:1px;\"><\/div><\/div><\/div><\/div><\/div><\/div><div class=\"fusion-fullwidth fullwidth-box fusion-builder-row-16 fusion-flex-container has-pattern-background has-mask-background nonhundred-percent-fullwidth non-hundred-percent-height-scrolling\" style=\"--awb-border-radius-top-left:0px;--awb-border-radius-top-right:0px;--awb-border-radius-bottom-right:0px;--awb-border-radius-bottom-left:0px;--awb-flex-wrap:wrap;\" ><div class=\"fusion-builder-row fusion-row fusion-flex-align-items-flex-start fusion-flex-content-wrap\" style=\"max-width:1248px;margin-left: calc(-4% \/ 2 );margin-right: calc(-4% \/ 2 );\"><div class=\"fusion-layout-column fusion_builder_column fusion-builder-column-52 fusion_builder_column_3_5 3_5 fusion-flex-column\" style=\"--awb-bg-size:cover;--awb-width-large:60%;--awb-margin-top-large:0px;--awb-spacing-right-large:3.2%;--awb-margin-bottom-large:20px;--awb-spacing-left-large:3.2%;--awb-width-medium:60%;--awb-order-medium:0;--awb-spacing-right-medium:3.2%;--awb-spacing-left-medium:3.2%;--awb-width-small:100%;--awb-order-small:0;--awb-spacing-right-small:1.92%;--awb-spacing-left-small:1.92%;\"><div class=\"fusion-column-wrapper fusion-column-has-shadow fusion-flex-justify-content-flex-start fusion-content-layout-column\"><div class=\"fusion-text fusion-text-16\" style=\"--awb-content-alignment:justify;\"><p>Quer\u00e9ndaro, Michoac\u00e1n<\/p>\n<p>En el marco de la visita de la presidenta de M\u00e9xico, Claudia Sheinbaum, a Michoac\u00e1n, la presidenta municipal de Quer\u00e9ndaro, Diana Caballero Romero, tuvo el honor de presentarle personalmente los proyectos enfocados en el desarrollo de la comunidad ind\u00edgena de Jauja, una de las m\u00e1s representativas del municipio.<\/p>\n<p>Durante el encuentro, la presidenta Claudia Sheinbaum escuch\u00f3 con atenci\u00f3n los planteamientos realizados y expres\u00f3 su respaldo, asegurando que \u201cno se me va a olvidar lo que me est\u00e1s pidiendo. Estoy con Quer\u00e9ndaro y con su gente\u201d. Esta respuesta fue recibida con gran emoci\u00f3n por parte de la alcaldesa, quien destac\u00f3 el valor de ser escuchada y respaldada a nivel federal.<\/p>\n<p>\u201cFue un momento profundamente significativo. Poder compartirle a la presidenta los proyectos que nacen desde nuestra tierra, desde Jauja, con una visi\u00f3n de justicia, desarrollo y respeto a nuestras ra\u00edces, me llen\u00f3 de esperanza. Hoy M\u00e9xico y Quer\u00e9ndaro tenemos mujeres al frente. Es tiempo de nosotras, y juntas estamos escribiendo una historia diferente\u201d, expres\u00f3 Diana Caballero.<\/p>\n<p>El Gobierno Municipal de Quer\u00e9ndaro reitera su compromiso con el desarrollo integral de sus comunidades, en especial aquellas con identidad ind\u00edgena, y continuar\u00e1 trabajando de la mano con el Gobierno de M\u00e9xico para que sus derechos y necesidades sean atendidos con justicia y dignidad.<\/p>\n<\/div><\/div><\/div><div class=\"fusion-layout-column fusion_builder_column fusion-builder-column-53 fusion_builder_column_2_5 2_5 fusion-flex-column\" style=\"--awb-bg-size:cover;--awb-width-large:40%;--awb-margin-top-large:0px;--awb-spacing-right-large:4.8%;--awb-margin-bottom-large:20px;--awb-spacing-left-large:4.8%;--awb-width-medium:40%;--awb-order-medium:0;--awb-spacing-right-medium:4.8%;--awb-spacing-left-medium:4.8%;--awb-width-small:100%;--awb-order-small:0;--awb-spacing-right-small:1.92%;--awb-spacing-left-small:1.92%;\"><div class=\"fusion-column-wrapper fusion-column-has-shadow fusion-flex-justify-content-flex-start fusion-content-layout-column\"><div class=\"fusion-separator fusion-full-width-sep\" style=\"align-self: center;margin-left: auto;margin-right: auto;margin-top:75px;width:100%;\"><\/div><div class=\"fusion-slider-sc\"><div class=\"fusion-flexslider-loading flexslider fusion-aligncenter flexslider-hover-type-zoomout\" data-slideshow_autoplay=\"1\" data-slideshow_smooth_height=\"1\" data-slideshow_speed=\"7000\" style=\"max-width:100%;height:100%;\"><ul class=\"slides\"><li class=\"image\"><span class=\"lazyload fusion-image-hover-element hover-type-zoomout\"><img decoding=\"async\" src=\"http:\/\/querendaro.gob.mx\/wp-content\/uploads\/2025\/04\/WhatsApp-Image-2025-04-07-at-13.51.54.jpeg\" data-orig-src=\"http:\/\/querendaro.gob.mx\/wp-content\/uploads\/2025\/04\/WhatsApp-Image-2025-04-07-at-13.51.54.jpeg\" width=\"1600\" height=\"1200\" class=\"lazyload wp-image-1298\" srcset=\"data:image\/svg+xml,%3Csvg%20xmlns%3D%27http%3A%2F%2Fwww.w3.org%2F2000%2Fsvg%27%20width%3D%271600%27%20height%3D%271200%27%20viewBox%3D%270%200%201600%201200%27%3E%3Crect%20width%3D%271600%27%20height%3D%271200%27%20fill-opacity%3D%220%22%2F%3E%3C%2Fsvg%3E\" data-srcset=\"https:\/\/querendaro.gob.mx\/wp-content\/uploads\/2025\/04\/WhatsApp-Image-2025-04-07-at-13.51.54-200x150.jpeg 200w, https:\/\/querendaro.gob.mx\/wp-content\/uploads\/2025\/04\/WhatsApp-Image-2025-04-07-at-13.51.54-400x300.jpeg 400w, https:\/\/querendaro.gob.mx\/wp-content\/uploads\/2025\/04\/WhatsApp-Image-2025-04-07-at-13.51.54-600x450.jpeg 600w, https:\/\/querendaro.gob.mx\/wp-content\/uploads\/2025\/04\/WhatsApp-Image-2025-04-07-at-13.51.54-800x600.jpeg 800w, https:\/\/querendaro.gob.mx\/wp-content\/uploads\/2025\/04\/WhatsApp-Image-2025-04-07-at-13.51.54-1200x900.jpeg 1200w, https:\/\/querendaro.gob.mx\/wp-content\/uploads\/2025\/04\/WhatsApp-Image-2025-04-07-at-13.51.54.jpeg 1600w\" data-sizes=\"auto\" data-orig-sizes=\"(max-width: 900px) 100vw, 600px\" \/><\/span><\/li><li class=\"image\"><span class=\"lazyload fusion-image-hover-element hover-type-zoomout\"><img decoding=\"async\" src=\"http:\/\/querendaro.gob.mx\/wp-content\/uploads\/2025\/04\/WhatsApp-Image-2025-04-07-at-13.52.00-scaled.jpeg\" data-orig-src=\"http:\/\/querendaro.gob.mx\/wp-content\/uploads\/2025\/04\/WhatsApp-Image-2025-04-07-at-13.52.00-scaled.jpeg\" width=\"2560\" height=\"1707\" class=\"lazyload wp-image-1297\" srcset=\"data:image\/svg+xml,%3Csvg%20xmlns%3D%27http%3A%2F%2Fwww.w3.org%2F2000%2Fsvg%27%20width%3D%272560%27%20height%3D%271707%27%20viewBox%3D%270%200%202560%201707%27%3E%3Crect%20width%3D%272560%27%20height%3D%271707%27%20fill-opacity%3D%220%22%2F%3E%3C%2Fsvg%3E\" data-srcset=\"https:\/\/querendaro.gob.mx\/wp-content\/uploads\/2025\/04\/WhatsApp-Image-2025-04-07-at-13.52.00-200x133.jpeg 200w, https:\/\/querendaro.gob.mx\/wp-content\/uploads\/2025\/04\/WhatsApp-Image-2025-04-07-at-13.52.00-400x267.jpeg 400w, https:\/\/querendaro.gob.mx\/wp-content\/uploads\/2025\/04\/WhatsApp-Image-2025-04-07-at-13.52.00-600x400.jpeg 600w, https:\/\/querendaro.gob.mx\/wp-content\/uploads\/2025\/04\/WhatsApp-Image-2025-04-07-at-13.52.00-800x533.jpeg 800w, https:\/\/querendaro.gob.mx\/wp-content\/uploads\/2025\/04\/WhatsApp-Image-2025-04-07-at-13.52.00-1200x800.jpeg 1200w, https:\/\/querendaro.gob.mx\/wp-content\/uploads\/2025\/04\/WhatsApp-Image-2025-04-07-at-13.52.00-scaled.jpeg 2560w\" data-sizes=\"auto\" data-orig-sizes=\"(max-width: 900px) 100vw, 600px\" \/><\/span><\/li><\/ul><\/div><\/div><\/div><\/div><div class=\"fusion-layout-column fusion_builder_column fusion-builder-column-54 fusion_builder_column_1_1 1_1 fusion-flex-column\" style=\"--awb-bg-size:cover;--awb-width-large:100%;--awb-margin-top-large:0px;--awb-spacing-right-large:1.92%;--awb-margin-bottom-large:20px;--awb-spacing-left-large:1.92%;--awb-width-medium:100%;--awb-order-medium:0;--awb-spacing-right-medium:1.92%;--awb-spacing-left-medium:1.92%;--awb-width-small:100%;--awb-order-small:0;--awb-spacing-right-small:1.92%;--awb-spacing-left-small:1.92%;\"><div class=\"fusion-column-wrapper fusion-column-has-shadow fusion-flex-justify-content-flex-start fusion-content-layout-column\"><\/div><\/div><div class=\"fusion-layout-column fusion_builder_column fusion-builder-column-55 fusion_builder_column_1_1 1_1 fusion-flex-column\" style=\"--awb-bg-size:cover;--awb-width-large:100%;--awb-margin-top-large:0px;--awb-spacing-right-large:1.92%;--awb-margin-bottom-large:20px;--awb-spacing-left-large:1.92%;--awb-width-medium:100%;--awb-order-medium:0;--awb-spacing-right-medium:1.92%;--awb-spacing-left-medium:1.92%;--awb-width-small:100%;--awb-order-small:0;--awb-spacing-right-small:1.92%;--awb-spacing-left-small:1.92%;\"><div class=\"fusion-column-wrapper fusion-column-has-shadow fusion-flex-justify-content-flex-start fusion-content-layout-column\"><div class=\"fusion-separator fusion-full-width-sep\" style=\"align-self: center;margin-left: auto;margin-right: auto;width:100%;\"><div class=\"fusion-separator-border sep-double\" style=\"--awb-height:20px;--awb-amount:20px;--awb-sep-color:#7c3870;border-color:#7c3870;border-top-width:1px;border-bottom-width:1px;\"><\/div><\/div><\/div><\/div><\/div><\/div><div class=\"fusion-fullwidth fullwidth-box fusion-builder-row-17 fusion-flex-container has-pattern-background has-mask-background nonhundred-percent-fullwidth non-hundred-percent-height-scrolling\" style=\"--awb-border-radius-top-left:0px;--awb-border-radius-top-right:0px;--awb-border-radius-bottom-right:0px;--awb-border-radius-bottom-left:0px;--awb-flex-wrap:wrap;\" ><div class=\"fusion-builder-row fusion-row fusion-flex-align-items-flex-start fusion-flex-content-wrap\" style=\"max-width:1248px;margin-left: calc(-4% \/ 2 );margin-right: calc(-4% \/ 2 );\"><div class=\"fusion-layout-column fusion_builder_column fusion-builder-column-56 fusion_builder_column_3_5 3_5 fusion-flex-column\" style=\"--awb-bg-size:cover;--awb-width-large:60%;--awb-margin-top-large:0px;--awb-spacing-right-large:3.2%;--awb-margin-bottom-large:20px;--awb-spacing-left-large:3.2%;--awb-width-medium:60%;--awb-order-medium:0;--awb-spacing-right-medium:3.2%;--awb-spacing-left-medium:3.2%;--awb-width-small:100%;--awb-order-small:0;--awb-spacing-right-small:1.92%;--awb-spacing-left-small:1.92%;\"><div class=\"fusion-column-wrapper fusion-column-has-shadow fusion-flex-justify-content-flex-start fusion-content-layout-column\"><div class=\"fusion-text fusion-text-17\" style=\"--awb-content-alignment:justify;\"><p>Una historia diferente: Diana Caballero entrega aparatos funcionales que transforman vidas en Quer\u00e9ndaro<\/p>\n<p>Quer\u00e9ndaro, Michoac\u00e1n. 7 abril de 2025.<\/p>\n<p>La presidenta municipal de Quer\u00e9ndaro, Diana Caballero, junto al director del DIF, Osiel Tello, y la presidenta honoraria del DIF, Diana Romero, entregaron sillas de ruedas, bastones, sillas ortop\u00e9dicas y otros apoyos funcionales a personas de distintas comunidades del municipio. Pero no fue solo una entrega m\u00e1s; fue un acto cargado de humanidad, de rostros emocionados, de abrazos sinceros y de esperanza.<\/p>\n<p>\u201cHoy no solo damos un aparato, entregamos libertad, dignidad y una nueva oportunidad de vida\u201d, dijo la presidenta municipal. Conmovida por las historias de cada beneficiario, Diana record\u00f3 que \u201cesta es una historia diferente, porque por primera vez un gobierno municipal regresa a ver a quienes m\u00e1s lo necesitan, los escucha y los acompa\u00f1a.\u201d<\/p>\n<p>El evento fue sencillo pero profundamente emotivo. Madres agradecidas, personas mayores con l\u00e1grimas en los ojos, y ni\u00f1os sonriendo con una ilusi\u00f3n nueva en el rostro. \u201cGracias por pensar en m\u00ed\u201d, murmur\u00f3 una se\u00f1ora mayor mientras se le colocaba con cuidado su nueva silla de ruedas.<\/p>\n<p>La administraci\u00f3n municipal reafirma as\u00ed su compromiso con la inclusi\u00f3n, con las personas y con la justicia social. Porque un Quer\u00e9ndaro m\u00e1s fuerte se construye con todos y para todos.<\/p>\n<p>\u201cHoy caminamos \u2014algunos por primera vez en mucho tiempo\u2014 hacia un futuro m\u00e1s humano, donde nadie se queda atr\u00e1s\u201d, concluy\u00f3 Diana Caballero.<\/p>\n<\/div><\/div><\/div><div class=\"fusion-layout-column fusion_builder_column fusion-builder-column-57 fusion_builder_column_2_5 2_5 fusion-flex-column\" style=\"--awb-bg-size:cover;--awb-width-large:40%;--awb-margin-top-large:0px;--awb-spacing-right-large:4.8%;--awb-margin-bottom-large:20px;--awb-spacing-left-large:4.8%;--awb-width-medium:40%;--awb-order-medium:0;--awb-spacing-right-medium:4.8%;--awb-spacing-left-medium:4.8%;--awb-width-small:100%;--awb-order-small:0;--awb-spacing-right-small:1.92%;--awb-spacing-left-small:1.92%;\"><div class=\"fusion-column-wrapper fusion-column-has-shadow fusion-flex-justify-content-flex-start fusion-content-layout-column\"><div class=\"fusion-separator fusion-full-width-sep\" style=\"align-self: center;margin-left: auto;margin-right: auto;margin-top:75px;width:100%;\"><\/div><div class=\"fusion-slider-sc\"><div class=\"fusion-flexslider-loading flexslider fusion-aligncenter flexslider-hover-type-zoomout\" data-slideshow_autoplay=\"1\" data-slideshow_smooth_height=\"1\" data-slideshow_speed=\"7000\" style=\"max-width:100%;height:100%;\"><ul class=\"slides\"><li class=\"image\"><span class=\"lazyload fusion-image-hover-element hover-type-zoomout\"><img decoding=\"async\" src=\"http:\/\/querendaro.gob.mx\/wp-content\/uploads\/2025\/04\/WhatsApp-Image-2025-04-07-at-13.50.13-scaled.jpeg\" data-orig-src=\"http:\/\/querendaro.gob.mx\/wp-content\/uploads\/2025\/04\/WhatsApp-Image-2025-04-07-at-13.50.13-scaled.jpeg\" width=\"2560\" height=\"1706\" class=\"lazyload wp-image-1294\" srcset=\"data:image\/svg+xml,%3Csvg%20xmlns%3D%27http%3A%2F%2Fwww.w3.org%2F2000%2Fsvg%27%20width%3D%272560%27%20height%3D%271706%27%20viewBox%3D%270%200%202560%201706%27%3E%3Crect%20width%3D%272560%27%20height%3D%271706%27%20fill-opacity%3D%220%22%2F%3E%3C%2Fsvg%3E\" data-srcset=\"https:\/\/querendaro.gob.mx\/wp-content\/uploads\/2025\/04\/WhatsApp-Image-2025-04-07-at-13.50.13-200x133.jpeg 200w, https:\/\/querendaro.gob.mx\/wp-content\/uploads\/2025\/04\/WhatsApp-Image-2025-04-07-at-13.50.13-400x267.jpeg 400w, https:\/\/querendaro.gob.mx\/wp-content\/uploads\/2025\/04\/WhatsApp-Image-2025-04-07-at-13.50.13-600x400.jpeg 600w, https:\/\/querendaro.gob.mx\/wp-content\/uploads\/2025\/04\/WhatsApp-Image-2025-04-07-at-13.50.13-800x533.jpeg 800w, https:\/\/querendaro.gob.mx\/wp-content\/uploads\/2025\/04\/WhatsApp-Image-2025-04-07-at-13.50.13-1200x800.jpeg 1200w, https:\/\/querendaro.gob.mx\/wp-content\/uploads\/2025\/04\/WhatsApp-Image-2025-04-07-at-13.50.13-scaled.jpeg 2560w\" data-sizes=\"auto\" data-orig-sizes=\"(max-width: 900px) 100vw, 600px\" \/><\/span><\/li><li class=\"image\"><span class=\"lazyload fusion-image-hover-element hover-type-zoomout\"><img decoding=\"async\" src=\"http:\/\/querendaro.gob.mx\/wp-content\/uploads\/2025\/04\/WhatsApp-Image-2025-04-07-at-13.50.12-1-scaled.jpeg\" data-orig-src=\"http:\/\/querendaro.gob.mx\/wp-content\/uploads\/2025\/04\/WhatsApp-Image-2025-04-07-at-13.50.12-1-scaled.jpeg\" width=\"2560\" height=\"1706\" class=\"lazyload wp-image-1295\" srcset=\"data:image\/svg+xml,%3Csvg%20xmlns%3D%27http%3A%2F%2Fwww.w3.org%2F2000%2Fsvg%27%20width%3D%272560%27%20height%3D%271706%27%20viewBox%3D%270%200%202560%201706%27%3E%3Crect%20width%3D%272560%27%20height%3D%271706%27%20fill-opacity%3D%220%22%2F%3E%3C%2Fsvg%3E\" data-srcset=\"https:\/\/querendaro.gob.mx\/wp-content\/uploads\/2025\/04\/WhatsApp-Image-2025-04-07-at-13.50.12-1-200x133.jpeg 200w, https:\/\/querendaro.gob.mx\/wp-content\/uploads\/2025\/04\/WhatsApp-Image-2025-04-07-at-13.50.12-1-400x267.jpeg 400w, https:\/\/querendaro.gob.mx\/wp-content\/uploads\/2025\/04\/WhatsApp-Image-2025-04-07-at-13.50.12-1-600x400.jpeg 600w, https:\/\/querendaro.gob.mx\/wp-content\/uploads\/2025\/04\/WhatsApp-Image-2025-04-07-at-13.50.12-1-800x533.jpeg 800w, https:\/\/querendaro.gob.mx\/wp-content\/uploads\/2025\/04\/WhatsApp-Image-2025-04-07-at-13.50.12-1-1200x800.jpeg 1200w, https:\/\/querendaro.gob.mx\/wp-content\/uploads\/2025\/04\/WhatsApp-Image-2025-04-07-at-13.50.12-1-scaled.jpeg 2560w\" data-sizes=\"auto\" data-orig-sizes=\"(max-width: 900px) 100vw, 600px\" \/><\/span><\/li><li class=\"image\"><span class=\"lazyload fusion-image-hover-element hover-type-zoomout\"><img decoding=\"async\" src=\"http:\/\/querendaro.gob.mx\/wp-content\/uploads\/2025\/04\/WhatsApp-Image-2025-04-07-at-13.50.16-scaled.jpeg\" data-orig-src=\"http:\/\/querendaro.gob.mx\/wp-content\/uploads\/2025\/04\/WhatsApp-Image-2025-04-07-at-13.50.16-scaled.jpeg\" width=\"2560\" height=\"1706\" class=\"lazyload wp-image-1293\" srcset=\"data:image\/svg+xml,%3Csvg%20xmlns%3D%27http%3A%2F%2Fwww.w3.org%2F2000%2Fsvg%27%20width%3D%272560%27%20height%3D%271706%27%20viewBox%3D%270%200%202560%201706%27%3E%3Crect%20width%3D%272560%27%20height%3D%271706%27%20fill-opacity%3D%220%22%2F%3E%3C%2Fsvg%3E\" data-srcset=\"https:\/\/querendaro.gob.mx\/wp-content\/uploads\/2025\/04\/WhatsApp-Image-2025-04-07-at-13.50.16-200x133.jpeg 200w, https:\/\/querendaro.gob.mx\/wp-content\/uploads\/2025\/04\/WhatsApp-Image-2025-04-07-at-13.50.16-400x267.jpeg 400w, https:\/\/querendaro.gob.mx\/wp-content\/uploads\/2025\/04\/WhatsApp-Image-2025-04-07-at-13.50.16-600x400.jpeg 600w, https:\/\/querendaro.gob.mx\/wp-content\/uploads\/2025\/04\/WhatsApp-Image-2025-04-07-at-13.50.16-800x533.jpeg 800w, https:\/\/querendaro.gob.mx\/wp-content\/uploads\/2025\/04\/WhatsApp-Image-2025-04-07-at-13.50.16-1200x800.jpeg 1200w, https:\/\/querendaro.gob.mx\/wp-content\/uploads\/2025\/04\/WhatsApp-Image-2025-04-07-at-13.50.16-scaled.jpeg 2560w\" data-sizes=\"auto\" data-orig-sizes=\"(max-width: 900px) 100vw, 600px\" \/><\/span><\/li><li class=\"image\"><span class=\"lazyload fusion-image-hover-element hover-type-zoomout\"><img decoding=\"async\" src=\"http:\/\/querendaro.gob.mx\/wp-content\/uploads\/2025\/04\/WhatsApp-Image-2025-04-07-at-13.50.18-1-scaled.jpeg\" data-orig-src=\"http:\/\/querendaro.gob.mx\/wp-content\/uploads\/2025\/04\/WhatsApp-Image-2025-04-07-at-13.50.18-1-scaled.jpeg\" width=\"2560\" height=\"1706\" class=\"lazyload wp-image-1292\" srcset=\"data:image\/svg+xml,%3Csvg%20xmlns%3D%27http%3A%2F%2Fwww.w3.org%2F2000%2Fsvg%27%20width%3D%272560%27%20height%3D%271706%27%20viewBox%3D%270%200%202560%201706%27%3E%3Crect%20width%3D%272560%27%20height%3D%271706%27%20fill-opacity%3D%220%22%2F%3E%3C%2Fsvg%3E\" data-srcset=\"https:\/\/querendaro.gob.mx\/wp-content\/uploads\/2025\/04\/WhatsApp-Image-2025-04-07-at-13.50.18-1-200x133.jpeg 200w, https:\/\/querendaro.gob.mx\/wp-content\/uploads\/2025\/04\/WhatsApp-Image-2025-04-07-at-13.50.18-1-400x267.jpeg 400w, https:\/\/querendaro.gob.mx\/wp-content\/uploads\/2025\/04\/WhatsApp-Image-2025-04-07-at-13.50.18-1-600x400.jpeg 600w, https:\/\/querendaro.gob.mx\/wp-content\/uploads\/2025\/04\/WhatsApp-Image-2025-04-07-at-13.50.18-1-800x533.jpeg 800w, https:\/\/querendaro.gob.mx\/wp-content\/uploads\/2025\/04\/WhatsApp-Image-2025-04-07-at-13.50.18-1-1200x800.jpeg 1200w, https:\/\/querendaro.gob.mx\/wp-content\/uploads\/2025\/04\/WhatsApp-Image-2025-04-07-at-13.50.18-1-scaled.jpeg 2560w\" data-sizes=\"auto\" data-orig-sizes=\"(max-width: 900px) 100vw, 600px\" \/><\/span><\/li><\/ul><\/div><\/div><\/div><\/div><div class=\"fusion-layout-column fusion_builder_column fusion-builder-column-58 fusion_builder_column_1_1 1_1 fusion-flex-column\" style=\"--awb-bg-size:cover;--awb-width-large:100%;--awb-margin-top-large:0px;--awb-spacing-right-large:1.92%;--awb-margin-bottom-large:20px;--awb-spacing-left-large:1.92%;--awb-width-medium:100%;--awb-order-medium:0;--awb-spacing-right-medium:1.92%;--awb-spacing-left-medium:1.92%;--awb-width-small:100%;--awb-order-small:0;--awb-spacing-right-small:1.92%;--awb-spacing-left-small:1.92%;\"><div class=\"fusion-column-wrapper fusion-column-has-shadow fusion-flex-justify-content-flex-start fusion-content-layout-column\"><div class=\"fusion-separator fusion-full-width-sep\" style=\"align-self: center;margin-left: auto;margin-right: auto;width:100%;\"><div class=\"fusion-separator-border sep-double\" style=\"--awb-height:20px;--awb-amount:20px;--awb-sep-color:#7c3870;border-color:#7c3870;border-top-width:1px;border-bottom-width:1px;\"><\/div><\/div><\/div><\/div><\/div><\/div><div class=\"fusion-fullwidth fullwidth-box fusion-builder-row-18 fusion-flex-container has-pattern-background has-mask-background nonhundred-percent-fullwidth non-hundred-percent-height-scrolling\" style=\"--awb-border-radius-top-left:0px;--awb-border-radius-top-right:0px;--awb-border-radius-bottom-right:0px;--awb-border-radius-bottom-left:0px;--awb-flex-wrap:wrap;\" ><div class=\"fusion-builder-row fusion-row fusion-flex-align-items-flex-start fusion-flex-content-wrap\" style=\"max-width:1248px;margin-left: calc(-4% \/ 2 );margin-right: calc(-4% \/ 2 );\"><div class=\"fusion-layout-column fusion_builder_column fusion-builder-column-59 fusion_builder_column_3_5 3_5 fusion-flex-column\" style=\"--awb-bg-size:cover;--awb-width-large:60%;--awb-margin-top-large:0px;--awb-spacing-right-large:3.2%;--awb-margin-bottom-large:20px;--awb-spacing-left-large:3.2%;--awb-width-medium:60%;--awb-order-medium:0;--awb-spacing-right-medium:3.2%;--awb-spacing-left-medium:3.2%;--awb-width-small:100%;--awb-order-small:0;--awb-spacing-right-small:1.92%;--awb-spacing-left-small:1.92%;\"><div class=\"fusion-column-wrapper fusion-column-has-shadow fusion-flex-justify-content-flex-start fusion-content-layout-column\"><div class=\"fusion-text fusion-text-18\" style=\"--awb-content-alignment:justify;\"><p>Quer\u00e9ndaro, Michoac\u00e1n.- 24 marzo del 2025<\/p>\n<p>El gobierno municipal de Quer\u00e9ndaro, en colaboraci\u00f3n con la Comisi\u00f3n Forestal del Estado de Michoac\u00e1n (COFOM), ha dotado de uniformes a los brigadistas de la cuadrilla de Jauja (322), que luchan contra los incendios forestales como parte de un esfuerzo por mejorar las condiciones de seguridad y efectividad de los equipos de trabajo.<\/p>\n<p>El evento de entrega se realiz\u00f3 en presencia de Miguel Soria, delegado de la COFOM, quien acompa\u00f1\u00f3 a la alcaldesa Diana Caballero en esta importante actividad. \u201cEl trabajo de nuestros brigadistas es fundamental para proteger los recursos naturales de Quer\u00e9ndaro, y como gobierno municipal, es nuestro deber asegurar que cuenten con el equipo necesario para realizar su labor con la mayor seguridad posible&#8221;, se\u00f1al\u00f3 la alcaldesa.<\/p>\n<p>Durante la ceremonia, los brigadistas recibieron uniformes especiales que les permitir\u00e1n enfrentar los riesgos derivados de los incendios de manera m\u00e1s eficiente, asegurando que su esfuerzo no se vea mermado por la falta de equipo adecuado.<\/p>\n<p>El delegado Miguel Soria reconoci\u00f3 el esfuerzo y compromiso del gobierno de Quer\u00e9ndaro para fortalecer las acciones preventivas y de combate a incendios, destacando la importancia de esta colaboraci\u00f3n en la protecci\u00f3n de los bosques y recursos naturales del estado.<\/p>\n<p>Este acto refleja el compromiso del municipio con la conservaci\u00f3n ambiental y la seguridad de los brigadistas, quienes juegan un rol clave en la protecci\u00f3n del medio ambiente.<\/p>\n<\/div><\/div><\/div><div class=\"fusion-layout-column fusion_builder_column fusion-builder-column-60 fusion_builder_column_2_5 2_5 fusion-flex-column\" style=\"--awb-bg-size:cover;--awb-width-large:40%;--awb-margin-top-large:0px;--awb-spacing-right-large:4.8%;--awb-margin-bottom-large:20px;--awb-spacing-left-large:4.8%;--awb-width-medium:40%;--awb-order-medium:0;--awb-spacing-right-medium:4.8%;--awb-spacing-left-medium:4.8%;--awb-width-small:100%;--awb-order-small:0;--awb-spacing-right-small:1.92%;--awb-spacing-left-small:1.92%;\"><div class=\"fusion-column-wrapper fusion-column-has-shadow fusion-flex-justify-content-flex-start fusion-content-layout-column\"><div class=\"fusion-separator fusion-full-width-sep\" style=\"align-self: center;margin-left: auto;margin-right: auto;margin-top:75px;width:100%;\"><\/div><div class=\"fusion-slider-sc\"><div class=\"fusion-flexslider-loading flexslider fusion-aligncenter flexslider-hover-type-zoomout\" data-slideshow_autoplay=\"1\" data-slideshow_smooth_height=\"1\" data-slideshow_speed=\"7000\" style=\"max-width:100%;height:100%;\"><ul class=\"slides\"><li class=\"image\"><span class=\"lazyload fusion-image-hover-element hover-type-zoomout\"><img decoding=\"async\" src=\"http:\/\/querendaro.gob.mx\/wp-content\/uploads\/2025\/03\/WhatsApp-Image-2025-03-24-at-16.58.11-scaled.jpeg\" data-orig-src=\"http:\/\/querendaro.gob.mx\/wp-content\/uploads\/2025\/03\/WhatsApp-Image-2025-03-24-at-16.58.11-scaled.jpeg\" width=\"2560\" height=\"1706\" class=\"lazyload wp-image-1285\" srcset=\"data:image\/svg+xml,%3Csvg%20xmlns%3D%27http%3A%2F%2Fwww.w3.org%2F2000%2Fsvg%27%20width%3D%272560%27%20height%3D%271706%27%20viewBox%3D%270%200%202560%201706%27%3E%3Crect%20width%3D%272560%27%20height%3D%271706%27%20fill-opacity%3D%220%22%2F%3E%3C%2Fsvg%3E\" data-srcset=\"https:\/\/querendaro.gob.mx\/wp-content\/uploads\/2025\/03\/WhatsApp-Image-2025-03-24-at-16.58.11-200x133.jpeg 200w, https:\/\/querendaro.gob.mx\/wp-content\/uploads\/2025\/03\/WhatsApp-Image-2025-03-24-at-16.58.11-400x267.jpeg 400w, https:\/\/querendaro.gob.mx\/wp-content\/uploads\/2025\/03\/WhatsApp-Image-2025-03-24-at-16.58.11-600x400.jpeg 600w, https:\/\/querendaro.gob.mx\/wp-content\/uploads\/2025\/03\/WhatsApp-Image-2025-03-24-at-16.58.11-800x533.jpeg 800w, https:\/\/querendaro.gob.mx\/wp-content\/uploads\/2025\/03\/WhatsApp-Image-2025-03-24-at-16.58.11-1200x800.jpeg 1200w, https:\/\/querendaro.gob.mx\/wp-content\/uploads\/2025\/03\/WhatsApp-Image-2025-03-24-at-16.58.11-scaled.jpeg 2560w\" data-sizes=\"auto\" data-orig-sizes=\"(max-width: 900px) 100vw, 600px\" \/><\/span><\/li><li class=\"image\"><span class=\"lazyload fusion-image-hover-element hover-type-zoomout\"><img decoding=\"async\" src=\"http:\/\/querendaro.gob.mx\/wp-content\/uploads\/2025\/03\/WhatsApp-Image-2025-03-24-at-16.58.07-scaled.jpeg\" data-orig-src=\"http:\/\/querendaro.gob.mx\/wp-content\/uploads\/2025\/03\/WhatsApp-Image-2025-03-24-at-16.58.07-scaled.jpeg\" width=\"2560\" height=\"1920\" class=\"lazyload wp-image-1286\" srcset=\"data:image\/svg+xml,%3Csvg%20xmlns%3D%27http%3A%2F%2Fwww.w3.org%2F2000%2Fsvg%27%20width%3D%272560%27%20height%3D%271920%27%20viewBox%3D%270%200%202560%201920%27%3E%3Crect%20width%3D%272560%27%20height%3D%271920%27%20fill-opacity%3D%220%22%2F%3E%3C%2Fsvg%3E\" data-srcset=\"https:\/\/querendaro.gob.mx\/wp-content\/uploads\/2025\/03\/WhatsApp-Image-2025-03-24-at-16.58.07-200x150.jpeg 200w, https:\/\/querendaro.gob.mx\/wp-content\/uploads\/2025\/03\/WhatsApp-Image-2025-03-24-at-16.58.07-400x300.jpeg 400w, https:\/\/querendaro.gob.mx\/wp-content\/uploads\/2025\/03\/WhatsApp-Image-2025-03-24-at-16.58.07-600x450.jpeg 600w, https:\/\/querendaro.gob.mx\/wp-content\/uploads\/2025\/03\/WhatsApp-Image-2025-03-24-at-16.58.07-800x600.jpeg 800w, https:\/\/querendaro.gob.mx\/wp-content\/uploads\/2025\/03\/WhatsApp-Image-2025-03-24-at-16.58.07-1200x900.jpeg 1200w, https:\/\/querendaro.gob.mx\/wp-content\/uploads\/2025\/03\/WhatsApp-Image-2025-03-24-at-16.58.07-scaled.jpeg 2560w\" data-sizes=\"auto\" data-orig-sizes=\"(max-width: 900px) 100vw, 600px\" \/><\/span><\/li><\/ul><\/div><\/div><\/div><\/div><div class=\"fusion-layout-column fusion_builder_column fusion-builder-column-61 fusion_builder_column_1_1 1_1 fusion-flex-column\" style=\"--awb-bg-size:cover;--awb-width-large:100%;--awb-margin-top-large:0px;--awb-spacing-right-large:1.92%;--awb-margin-bottom-large:20px;--awb-spacing-left-large:1.92%;--awb-width-medium:100%;--awb-order-medium:0;--awb-spacing-right-medium:1.92%;--awb-spacing-left-medium:1.92%;--awb-width-small:100%;--awb-order-small:0;--awb-spacing-right-small:1.92%;--awb-spacing-left-small:1.92%;\"><div class=\"fusion-column-wrapper fusion-column-has-shadow fusion-flex-justify-content-flex-start fusion-content-layout-column\"><div class=\"fusion-separator fusion-full-width-sep\" style=\"align-self: center;margin-left: auto;margin-right: auto;width:100%;\"><div class=\"fusion-separator-border sep-double\" style=\"--awb-height:20px;--awb-amount:20px;--awb-sep-color:#7c3870;border-color:#7c3870;border-top-width:1px;border-bottom-width:1px;\"><\/div><\/div><\/div><\/div><\/div><\/div><div class=\"fusion-fullwidth fullwidth-box fusion-builder-row-19 fusion-flex-container has-pattern-background has-mask-background nonhundred-percent-fullwidth non-hundred-percent-height-scrolling\" style=\"--awb-border-radius-top-left:0px;--awb-border-radius-top-right:0px;--awb-border-radius-bottom-right:0px;--awb-border-radius-bottom-left:0px;--awb-flex-wrap:wrap;\" ><div class=\"fusion-builder-row fusion-row fusion-flex-align-items-flex-start fusion-flex-content-wrap\" style=\"max-width:1248px;margin-left: calc(-4% \/ 2 );margin-right: calc(-4% \/ 2 );\"><div class=\"fusion-layout-column fusion_builder_column fusion-builder-column-62 fusion_builder_column_3_5 3_5 fusion-flex-column\" style=\"--awb-bg-size:cover;--awb-width-large:60%;--awb-margin-top-large:0px;--awb-spacing-right-large:3.2%;--awb-margin-bottom-large:20px;--awb-spacing-left-large:3.2%;--awb-width-medium:60%;--awb-order-medium:0;--awb-spacing-right-medium:3.2%;--awb-spacing-left-medium:3.2%;--awb-width-small:100%;--awb-order-small:0;--awb-spacing-right-small:1.92%;--awb-spacing-left-small:1.92%;\"><div class=\"fusion-column-wrapper fusion-column-has-shadow fusion-flex-justify-content-flex-start fusion-content-layout-column\"><div class=\"fusion-text fusion-text-19\" style=\"--awb-content-alignment:justify;\"><p>&#8220;Quer\u00e9ndaro Anuncia la Expo Orienta para Promover Opciones Educativas para los J\u00f3venes de la Regi\u00f3n: Diana Caballero&#8221;<\/p>\n<p>24 Marzo 2025.- Quer\u00e9ndaro, Michoac\u00e1n<\/p>\n<p>El municipio de Quer\u00e9ndaro se prepara para llevar a cabo la Expo Orienta, un evento \u00fanico que tiene como objetivo ofrecer a los j\u00f3venes la oportunidad de conocer diferentes opciones educativas para su futuro acad\u00e9mico.<\/p>\n<p>Se celebrar\u00e1 el martes 25 de marzo, a partir de las 9:00 a.m., en la explanada de la Presidencia Municipal de Quer\u00e9ndaro. Este evento ser\u00e1 una excelente oportunidad para que los estudiantes de nivel medio superior interact\u00faen con representantes de universidades y obtengan informaci\u00f3n sobre programas acad\u00e9micos, becas, requisitos de inscripci\u00f3n, entre otras opciones.<\/p>\n<p>La alcaldesa Diana Caballero destac\u00f3 que este evento es una de las acciones para promover el acceso a la educaci\u00f3n superior, un paso crucial para el desarrollo de los j\u00f3venes en la comunidad. \u201cDesde el gobierno municipal, estamos comprometidos con el futuro de nuestra juventud. La Expo Orienta es una herramienta que les permitir\u00e1 conocer las diversas oportunidades educativas disponibles y tomar decisiones informadas para su futuro\u201d, afirm\u00f3 Caballero.<\/p>\n<p>Este evento est\u00e1 abierto para todos los j\u00f3venes que est\u00e9n interesados en continuar sus estudios superiores, as\u00ed como para sus familias, que tambi\u00e9n podr\u00e1n recibir orientaci\u00f3n sobre las opciones educativas m\u00e1s adecuadas para sus hijos.<\/p>\n<\/div><\/div><\/div><div class=\"fusion-layout-column fusion_builder_column fusion-builder-column-63 fusion_builder_column_2_5 2_5 fusion-flex-column\" style=\"--awb-bg-size:cover;--awb-width-large:40%;--awb-margin-top-large:0px;--awb-spacing-right-large:4.8%;--awb-margin-bottom-large:20px;--awb-spacing-left-large:4.8%;--awb-width-medium:40%;--awb-order-medium:0;--awb-spacing-right-medium:4.8%;--awb-spacing-left-medium:4.8%;--awb-width-small:100%;--awb-order-small:0;--awb-spacing-right-small:1.92%;--awb-spacing-left-small:1.92%;\"><div class=\"fusion-column-wrapper fusion-column-has-shadow fusion-flex-justify-content-flex-start fusion-content-layout-column\"><div class=\"fusion-separator fusion-full-width-sep\" style=\"align-self: center;margin-left: auto;margin-right: auto;margin-top:75px;width:100%;\"><\/div><div class=\"fusion-slider-sc\"><div class=\"fusion-flexslider-loading flexslider fusion-aligncenter flexslider-hover-type-zoomout\" data-slideshow_autoplay=\"1\" data-slideshow_smooth_height=\"1\" data-slideshow_speed=\"7000\" style=\"max-width:100%;height:100%;\"><ul class=\"slides\"><li class=\"image\"><span class=\"lazyload fusion-image-hover-element hover-type-zoomout\"><img decoding=\"async\" src=\"http:\/\/querendaro.gob.mx\/wp-content\/uploads\/2025\/03\/WhatsApp-Image-2025-03-24-at-16.57.41-1.jpeg\" data-orig-src=\"http:\/\/querendaro.gob.mx\/wp-content\/uploads\/2025\/03\/WhatsApp-Image-2025-03-24-at-16.57.41-1.jpeg\" width=\"1600\" height=\"1600\" class=\"lazyload wp-image-1278\" srcset=\"data:image\/svg+xml,%3Csvg%20xmlns%3D%27http%3A%2F%2Fwww.w3.org%2F2000%2Fsvg%27%20width%3D%271600%27%20height%3D%271600%27%20viewBox%3D%270%200%201600%201600%27%3E%3Crect%20width%3D%271600%27%20height%3D%271600%27%20fill-opacity%3D%220%22%2F%3E%3C%2Fsvg%3E\" data-srcset=\"https:\/\/querendaro.gob.mx\/wp-content\/uploads\/2025\/03\/WhatsApp-Image-2025-03-24-at-16.57.41-1-200x200.jpeg 200w, https:\/\/querendaro.gob.mx\/wp-content\/uploads\/2025\/03\/WhatsApp-Image-2025-03-24-at-16.57.41-1-400x400.jpeg 400w, https:\/\/querendaro.gob.mx\/wp-content\/uploads\/2025\/03\/WhatsApp-Image-2025-03-24-at-16.57.41-1-600x600.jpeg 600w, https:\/\/querendaro.gob.mx\/wp-content\/uploads\/2025\/03\/WhatsApp-Image-2025-03-24-at-16.57.41-1-800x800.jpeg 800w, https:\/\/querendaro.gob.mx\/wp-content\/uploads\/2025\/03\/WhatsApp-Image-2025-03-24-at-16.57.41-1-1200x1200.jpeg 1200w, https:\/\/querendaro.gob.mx\/wp-content\/uploads\/2025\/03\/WhatsApp-Image-2025-03-24-at-16.57.41-1.jpeg 1600w\" data-sizes=\"auto\" data-orig-sizes=\"(max-width: 900px) 100vw, 600px\" \/><\/span><\/li><\/ul><\/div><\/div><\/div><\/div><div class=\"fusion-layout-column fusion_builder_column fusion-builder-column-64 fusion_builder_column_1_1 1_1 fusion-flex-column\" style=\"--awb-bg-size:cover;--awb-width-large:100%;--awb-margin-top-large:0px;--awb-spacing-right-large:1.92%;--awb-margin-bottom-large:20px;--awb-spacing-left-large:1.92%;--awb-width-medium:100%;--awb-order-medium:0;--awb-spacing-right-medium:1.92%;--awb-spacing-left-medium:1.92%;--awb-width-small:100%;--awb-order-small:0;--awb-spacing-right-small:1.92%;--awb-spacing-left-small:1.92%;\"><div class=\"fusion-column-wrapper fusion-column-has-shadow fusion-flex-justify-content-flex-start fusion-content-layout-column\"><div class=\"fusion-separator fusion-full-width-sep\" style=\"align-self: center;margin-left: auto;margin-right: auto;width:100%;\"><div class=\"fusion-separator-border sep-double\" style=\"--awb-height:20px;--awb-amount:20px;--awb-sep-color:#7c3870;border-color:#7c3870;border-top-width:1px;border-bottom-width:1px;\"><\/div><\/div><\/div><\/div><\/div><\/div><div class=\"fusion-fullwidth fullwidth-box fusion-builder-row-20 fusion-flex-container has-pattern-background has-mask-background nonhundred-percent-fullwidth non-hundred-percent-height-scrolling\" style=\"--awb-border-radius-top-left:0px;--awb-border-radius-top-right:0px;--awb-border-radius-bottom-right:0px;--awb-border-radius-bottom-left:0px;--awb-flex-wrap:wrap;\" ><div class=\"fusion-builder-row fusion-row fusion-flex-align-items-flex-start fusion-flex-content-wrap\" style=\"max-width:1248px;margin-left: calc(-4% \/ 2 );margin-right: calc(-4% \/ 2 );\"><div class=\"fusion-layout-column fusion_builder_column fusion-builder-column-65 fusion_builder_column_3_5 3_5 fusion-flex-column\" style=\"--awb-bg-size:cover;--awb-width-large:60%;--awb-margin-top-large:0px;--awb-spacing-right-large:3.2%;--awb-margin-bottom-large:20px;--awb-spacing-left-large:3.2%;--awb-width-medium:60%;--awb-order-medium:0;--awb-spacing-right-medium:3.2%;--awb-spacing-left-medium:3.2%;--awb-width-small:100%;--awb-order-small:0;--awb-spacing-right-small:1.92%;--awb-spacing-left-small:1.92%;\"><div class=\"fusion-column-wrapper fusion-column-has-shadow fusion-flex-justify-content-flex-start fusion-content-layout-column\"><div class=\"fusion-text fusion-text-20\" style=\"--awb-content-alignment:justify;\"><p>&#8220;650 l\u00e1minas se entregaron en Quer\u00e9ndaro: Diana Caballero&#8221;<\/p>\n<p>Quer\u00e9ndaro, Michoac\u00e1n: 20 Marzo 2025<\/p>\n<p>Se entregaron 650 l\u00e1minas a bajo costo por parte del programa \u201cBienestar con Apoyo\u201d.<\/p>\n<p>Esta acci\u00f3n busca mejorar las condiciones de vida de los habitantes y facilitar el acceso a materiales de construcci\u00f3n para quienes m\u00e1s lo necesitan.<\/p>\n<p>Por parte de Diana Caballero, esta iniciativa ha permitido a numerosas familias contar con materiales de calidad a precios accesibles, lo que representa un gran alivio econ\u00f3mico para los Querendanses.<\/p>\n<p>Por su parte, la Direcci\u00f3n de Bienestar de Quer\u00e9ndaro asegur\u00f3 que esta entrega de l\u00e1minas es solo una de las muchas acciones que se implementar\u00e1n en los pr\u00f3ximos meses para seguir apoyando a las familias querendenses, con el programa permanente \u201cBienestar en Apoyo&#8221;<\/p>\n<p>Al respecto, la comunidad ha expresado su agradecimiento por el apoyo brindado, destacando que estas acciones demuestran el compromiso de la administraci\u00f3n municipal con el bienestar de todos los ciudadanos.<\/p>\n<\/div><\/div><\/div><div class=\"fusion-layout-column fusion_builder_column fusion-builder-column-66 fusion_builder_column_2_5 2_5 fusion-flex-column\" style=\"--awb-bg-size:cover;--awb-width-large:40%;--awb-margin-top-large:0px;--awb-spacing-right-large:4.8%;--awb-margin-bottom-large:20px;--awb-spacing-left-large:4.8%;--awb-width-medium:40%;--awb-order-medium:0;--awb-spacing-right-medium:4.8%;--awb-spacing-left-medium:4.8%;--awb-width-small:100%;--awb-order-small:0;--awb-spacing-right-small:1.92%;--awb-spacing-left-small:1.92%;\"><div class=\"fusion-column-wrapper fusion-column-has-shadow fusion-flex-justify-content-flex-start fusion-content-layout-column\"><div class=\"fusion-separator fusion-full-width-sep\" style=\"align-self: center;margin-left: auto;margin-right: auto;margin-top:75px;width:100%;\"><\/div><div class=\"fusion-slider-sc\"><div class=\"fusion-flexslider-loading flexslider fusion-aligncenter flexslider-hover-type-zoomout\" data-slideshow_autoplay=\"1\" data-slideshow_smooth_height=\"1\" data-slideshow_speed=\"7000\" style=\"max-width:100%;height:100%;\"><ul class=\"slides\"><li class=\"image\"><span class=\"lazyload fusion-image-hover-element hover-type-zoomout\"><img decoding=\"async\" src=\"http:\/\/querendaro.gob.mx\/wp-content\/uploads\/2025\/03\/WhatsApp-Image-2025-03-24-at-16.57.28-scaled.jpeg\" data-orig-src=\"http:\/\/querendaro.gob.mx\/wp-content\/uploads\/2025\/03\/WhatsApp-Image-2025-03-24-at-16.57.28-scaled.jpeg\" width=\"2560\" height=\"1706\" class=\"lazyload wp-image-1280\" srcset=\"data:image\/svg+xml,%3Csvg%20xmlns%3D%27http%3A%2F%2Fwww.w3.org%2F2000%2Fsvg%27%20width%3D%272560%27%20height%3D%271706%27%20viewBox%3D%270%200%202560%201706%27%3E%3Crect%20width%3D%272560%27%20height%3D%271706%27%20fill-opacity%3D%220%22%2F%3E%3C%2Fsvg%3E\" data-srcset=\"https:\/\/querendaro.gob.mx\/wp-content\/uploads\/2025\/03\/WhatsApp-Image-2025-03-24-at-16.57.28-200x133.jpeg 200w, https:\/\/querendaro.gob.mx\/wp-content\/uploads\/2025\/03\/WhatsApp-Image-2025-03-24-at-16.57.28-400x267.jpeg 400w, https:\/\/querendaro.gob.mx\/wp-content\/uploads\/2025\/03\/WhatsApp-Image-2025-03-24-at-16.57.28-600x400.jpeg 600w, https:\/\/querendaro.gob.mx\/wp-content\/uploads\/2025\/03\/WhatsApp-Image-2025-03-24-at-16.57.28-800x533.jpeg 800w, https:\/\/querendaro.gob.mx\/wp-content\/uploads\/2025\/03\/WhatsApp-Image-2025-03-24-at-16.57.28-1200x800.jpeg 1200w, https:\/\/querendaro.gob.mx\/wp-content\/uploads\/2025\/03\/WhatsApp-Image-2025-03-24-at-16.57.28-scaled.jpeg 2560w\" data-sizes=\"auto\" data-orig-sizes=\"(max-width: 900px) 100vw, 600px\" \/><\/span><\/li><li class=\"image\"><span class=\"lazyload fusion-image-hover-element hover-type-zoomout\"><img decoding=\"async\" src=\"http:\/\/querendaro.gob.mx\/wp-content\/uploads\/2025\/03\/WhatsApp-Image-2025-03-24-at-16.57.30-scaled.jpeg\" data-orig-src=\"http:\/\/querendaro.gob.mx\/wp-content\/uploads\/2025\/03\/WhatsApp-Image-2025-03-24-at-16.57.30-scaled.jpeg\" width=\"2560\" height=\"1706\" class=\"lazyload wp-image-1279\" srcset=\"data:image\/svg+xml,%3Csvg%20xmlns%3D%27http%3A%2F%2Fwww.w3.org%2F2000%2Fsvg%27%20width%3D%272560%27%20height%3D%271706%27%20viewBox%3D%270%200%202560%201706%27%3E%3Crect%20width%3D%272560%27%20height%3D%271706%27%20fill-opacity%3D%220%22%2F%3E%3C%2Fsvg%3E\" data-srcset=\"https:\/\/querendaro.gob.mx\/wp-content\/uploads\/2025\/03\/WhatsApp-Image-2025-03-24-at-16.57.30-200x133.jpeg 200w, https:\/\/querendaro.gob.mx\/wp-content\/uploads\/2025\/03\/WhatsApp-Image-2025-03-24-at-16.57.30-400x267.jpeg 400w, https:\/\/querendaro.gob.mx\/wp-content\/uploads\/2025\/03\/WhatsApp-Image-2025-03-24-at-16.57.30-600x400.jpeg 600w, https:\/\/querendaro.gob.mx\/wp-content\/uploads\/2025\/03\/WhatsApp-Image-2025-03-24-at-16.57.30-800x533.jpeg 800w, https:\/\/querendaro.gob.mx\/wp-content\/uploads\/2025\/03\/WhatsApp-Image-2025-03-24-at-16.57.30-1200x800.jpeg 1200w, https:\/\/querendaro.gob.mx\/wp-content\/uploads\/2025\/03\/WhatsApp-Image-2025-03-24-at-16.57.30-scaled.jpeg 2560w\" data-sizes=\"auto\" data-orig-sizes=\"(max-width: 900px) 100vw, 600px\" \/><\/span><\/li><\/ul><\/div><\/div><\/div><\/div><\/div><\/div><div class=\"fusion-fullwidth fullwidth-box fusion-builder-row-21 fusion-flex-container has-pattern-background has-mask-background nonhundred-percent-fullwidth non-hundred-percent-height-scrolling\" style=\"--awb-border-radius-top-left:0px;--awb-border-radius-top-right:0px;--awb-border-radius-bottom-right:0px;--awb-border-radius-bottom-left:0px;--awb-flex-wrap:wrap;\" ><div class=\"fusion-builder-row fusion-row fusion-flex-align-items-flex-start fusion-flex-content-wrap\" style=\"max-width:1248px;margin-left: calc(-4% \/ 2 );margin-right: calc(-4% \/ 2 );\"><div class=\"fusion-layout-column fusion_builder_column fusion-builder-column-67 fusion_builder_column_3_5 3_5 fusion-flex-column\" style=\"--awb-bg-size:cover;--awb-width-large:60%;--awb-margin-top-large:0px;--awb-spacing-right-large:3.2%;--awb-margin-bottom-large:20px;--awb-spacing-left-large:3.2%;--awb-width-medium:60%;--awb-order-medium:0;--awb-spacing-right-medium:3.2%;--awb-spacing-left-medium:3.2%;--awb-width-small:100%;--awb-order-small:0;--awb-spacing-right-small:1.92%;--awb-spacing-left-small:1.92%;\"><div class=\"fusion-column-wrapper fusion-column-has-shadow fusion-flex-justify-content-flex-start fusion-content-layout-column\"><div class=\"fusion-text fusion-text-21\" style=\"--awb-content-alignment:justify;\"><p>Avances en los Proyectos H\u00eddricos que Benefician a Quer\u00e9ndaro: Diana Caballero<\/p>\n<p>Quer\u00e9ndaro, Michoac\u00e1n.- 10 marzo 2025<\/p>\n<p>La presidenta municipal de Quer\u00e9ndaro, Diana Caballero, contin\u00faa impulsando proyectos h\u00eddricos fundamentales para el desarrollo agr\u00edcola y el bienestar de los habitantes del municipio. En colaboraci\u00f3n con la Comisi\u00f3n Nacional del Agua (CONAGUA) y representantes del M\u00f3dulo de Riego, se han revisado acciones para mejorar la distribuci\u00f3n y uso del agua en la regi\u00f3n.<\/p>\n<p>Durante la reuni\u00f3n, estuvieron presentes el director de la Comisi\u00f3n Municipal de Agua Potable y Alcantarillado (COMAPA) y el director de Desarrollo Rural, quienes reafirmaron su compromiso de trabajar conjuntamente para fortalecer la colaboraci\u00f3n en beneficio de las y los productores locales.<\/p>\n<p>La alcaldesa Diana Caballero expres\u00f3 su reconocimiento al esfuerzo conjunto de todas las partes involucradas, destacando la importancia de construir soluciones que promuevan el desarrollo del campo y el cuidado de los recursos h\u00eddricos. &#8220;Avanzamos hacia un futuro m\u00e1s sustentable, donde el bienestar de las y los habitantes de Quer\u00e9ndaro est\u00e9 siempre en el centro de nuestras decisiones&#8221;, afirm\u00f3 Caballero.<\/p>\n<p>Estos proyectos reflejan el compromiso de la administraci\u00f3n municipal con el desarrollo integral de Quer\u00e9ndaro, buscando siempre el bienestar y progreso de sus habitantes.<\/p>\n<\/div><\/div><\/div><div class=\"fusion-layout-column fusion_builder_column fusion-builder-column-68 fusion_builder_column_2_5 2_5 fusion-flex-column\" style=\"--awb-bg-size:cover;--awb-width-large:40%;--awb-margin-top-large:0px;--awb-spacing-right-large:4.8%;--awb-margin-bottom-large:20px;--awb-spacing-left-large:4.8%;--awb-width-medium:40%;--awb-order-medium:0;--awb-spacing-right-medium:4.8%;--awb-spacing-left-medium:4.8%;--awb-width-small:100%;--awb-order-small:0;--awb-spacing-right-small:1.92%;--awb-spacing-left-small:1.92%;\"><div class=\"fusion-column-wrapper fusion-column-has-shadow fusion-flex-justify-content-flex-start fusion-content-layout-column\"><div class=\"fusion-separator fusion-full-width-sep\" style=\"align-self: center;margin-left: auto;margin-right: auto;margin-top:75px;width:100%;\"><\/div><div class=\"fusion-slider-sc\"><div class=\"fusion-flexslider-loading flexslider fusion-aligncenter flexslider-hover-type-zoomout\" data-slideshow_autoplay=\"1\" data-slideshow_smooth_height=\"1\" data-slideshow_speed=\"7000\" style=\"max-width:100%;height:100%;\"><ul class=\"slides\"><li class=\"image\"><span class=\"lazyload fusion-image-hover-element hover-type-zoomout\"><img decoding=\"async\" src=\"http:\/\/querendaro.gob.mx\/wp-content\/uploads\/2025\/03\/WhatsApp-Image-2025-03-11-at-11.30.03.jpeg\" data-orig-src=\"http:\/\/querendaro.gob.mx\/wp-content\/uploads\/2025\/03\/WhatsApp-Image-2025-03-11-at-11.30.03.jpeg\" width=\"1440\" height=\"960\" class=\"lazyload wp-image-1271\" srcset=\"data:image\/svg+xml,%3Csvg%20xmlns%3D%27http%3A%2F%2Fwww.w3.org%2F2000%2Fsvg%27%20width%3D%271440%27%20height%3D%27960%27%20viewBox%3D%270%200%201440%20960%27%3E%3Crect%20width%3D%271440%27%20height%3D%27960%27%20fill-opacity%3D%220%22%2F%3E%3C%2Fsvg%3E\" data-srcset=\"https:\/\/querendaro.gob.mx\/wp-content\/uploads\/2025\/03\/WhatsApp-Image-2025-03-11-at-11.30.03-200x133.jpeg 200w, https:\/\/querendaro.gob.mx\/wp-content\/uploads\/2025\/03\/WhatsApp-Image-2025-03-11-at-11.30.03-400x267.jpeg 400w, https:\/\/querendaro.gob.mx\/wp-content\/uploads\/2025\/03\/WhatsApp-Image-2025-03-11-at-11.30.03-600x400.jpeg 600w, https:\/\/querendaro.gob.mx\/wp-content\/uploads\/2025\/03\/WhatsApp-Image-2025-03-11-at-11.30.03-800x533.jpeg 800w, https:\/\/querendaro.gob.mx\/wp-content\/uploads\/2025\/03\/WhatsApp-Image-2025-03-11-at-11.30.03-1200x800.jpeg 1200w, https:\/\/querendaro.gob.mx\/wp-content\/uploads\/2025\/03\/WhatsApp-Image-2025-03-11-at-11.30.03.jpeg 1440w\" data-sizes=\"auto\" data-orig-sizes=\"(max-width: 900px) 100vw, 600px\" \/><\/span><\/li><li class=\"image\"><span class=\"lazyload fusion-image-hover-element hover-type-zoomout\"><img decoding=\"async\" src=\"http:\/\/querendaro.gob.mx\/wp-content\/uploads\/2025\/03\/WhatsApp-Image-2025-03-11-at-11.30.00.jpeg\" data-orig-src=\"http:\/\/querendaro.gob.mx\/wp-content\/uploads\/2025\/03\/WhatsApp-Image-2025-03-11-at-11.30.00.jpeg\" width=\"1440\" height=\"960\" class=\"lazyload wp-image-1273\" srcset=\"data:image\/svg+xml,%3Csvg%20xmlns%3D%27http%3A%2F%2Fwww.w3.org%2F2000%2Fsvg%27%20width%3D%271440%27%20height%3D%27960%27%20viewBox%3D%270%200%201440%20960%27%3E%3Crect%20width%3D%271440%27%20height%3D%27960%27%20fill-opacity%3D%220%22%2F%3E%3C%2Fsvg%3E\" data-srcset=\"https:\/\/querendaro.gob.mx\/wp-content\/uploads\/2025\/03\/WhatsApp-Image-2025-03-11-at-11.30.00-200x133.jpeg 200w, https:\/\/querendaro.gob.mx\/wp-content\/uploads\/2025\/03\/WhatsApp-Image-2025-03-11-at-11.30.00-400x267.jpeg 400w, https:\/\/querendaro.gob.mx\/wp-content\/uploads\/2025\/03\/WhatsApp-Image-2025-03-11-at-11.30.00-600x400.jpeg 600w, https:\/\/querendaro.gob.mx\/wp-content\/uploads\/2025\/03\/WhatsApp-Image-2025-03-11-at-11.30.00-800x533.jpeg 800w, https:\/\/querendaro.gob.mx\/wp-content\/uploads\/2025\/03\/WhatsApp-Image-2025-03-11-at-11.30.00-1200x800.jpeg 1200w, https:\/\/querendaro.gob.mx\/wp-content\/uploads\/2025\/03\/WhatsApp-Image-2025-03-11-at-11.30.00.jpeg 1440w\" data-sizes=\"auto\" data-orig-sizes=\"(max-width: 900px) 100vw, 600px\" \/><\/span><\/li><\/ul><\/div><\/div><\/div><\/div><\/div><\/div><\/p>\n","protected":false},"excerpt":{"rendered":"","protected":false},"author":1,"featured_media":0,"parent":0,"menu_order":0,"comment_status":"closed","ping_status":"closed","template":"100-width.php","meta":{"footnotes":""},"class_list":["post-1270","page","type-page","status-publish","hentry"],"_links":{"self":[{"href":"https:\/\/querendaro.gob.mx\/index.php\/wp-json\/wp\/v2\/pages\/1270","targetHints":{"allow":["GET"]}}],"collection":[{"href":"https:\/\/querendaro.gob.mx\/index.php\/wp-json\/wp\/v2\/pages"}],"about":[{"href":"https:\/\/querendaro.gob.mx\/index.php\/wp-json\/wp\/v2\/types\/page"}],"author":[{"embeddable":true,"href":"https:\/\/querendaro.gob.mx\/index.php\/wp-json\/wp\/v2\/users\/1"}],"replies":[{"embeddable":true,"href":"https:\/\/querendaro.gob.mx\/index.php\/wp-json\/wp\/v2\/comments?post=1270"}],"version-history":[{"count":29,"href":"https:\/\/querendaro.gob.mx\/index.php\/wp-json\/wp\/v2\/pages\/1270\/revisions"}],"predecessor-version":[{"id":1415,"href":"https:\/\/querendaro.gob.mx\/index.php\/wp-json\/wp\/v2\/pages\/1270\/revisions\/1415"}],"wp:attachment":[{"href":"https:\/\/querendaro.gob.mx\/index.php\/wp-json\/wp\/v2\/media?parent=1270"}],"curies":[{"name":"wp","href":"https:\/\/api.w.org\/{rel}","templated":true}]}}